
{"id":11926,"date":"2016-03-30T19:23:39","date_gmt":"2016-03-30T19:23:39","guid":{"rendered":"http:\/\/colegioarquitectos.com\/?page_id=11926"},"modified":"2025-04-03T10:36:51","modified_gmt":"2025-04-03T14:36:51","slug":"comite-de-habitat-y-vivienda","status":"publish","type":"page","link":"https:\/\/colegioarquitectos.com\/noticias\/?page_id=11926","title":{"rendered":"COMIT\u00c9 DE H\u00c1BITAT Y VIVIENDA"},"content":{"rendered":"<h4>DESCRIPCI\u00d3N \u00d3RGANO ASESOR<\/h4>\n<hr \/>\n<p>El Comit\u00e9 H\u00e1bitat y Vivienda es de los m\u00e1s antiguos del Colegio de Arquitectos. A trav\u00e9s de los a\u00f1os, es un referente institucional cr\u00edtico a los l\u00edmites de las pol\u00edticas habitacionales del Estado de Chile, especialmente por haber dejado durante los \u00faltimos 40 a\u00f1os de considerar a las personas, familias y comunidades como principales protagonistas de la producci\u00f3n y gesti\u00f3n del h\u00e1bitat; tambi\u00e9n por no haber definido la producci\u00f3n de la vivienda en funci\u00f3n de las exigencias de la ciudad y del territorio. Adem\u00e1s, es un referente de asesor\u00eda y apoyo entre numerosas organizaciones sociales que luchan por la vivienda digna, el barrio integrado y la ciudad justa. En el transcurso de los \u00faltimos 5 a\u00f1os, el Comit\u00e9 se ha especializado en colocar el enfoque de los derechos sociales y ambientales para abordar el debate constituyente, para la revisi\u00f3n de la funci\u00f3n social del suelo, para defender los derechos de las y los pobladores y promover respuestas a las demandas sociales respetando sus capacidades.<\/p>\n<p>&nbsp;<\/p>\n<h4>OBJETIVOS<\/h4>\n<hr \/>\n<h5>OBJETIVO GENERAL<\/h5>\n<p>Contribuir a dignificar la vivienda y el h\u00e1bitat en nuestros barrios, ciudades y territorios a partir de la reflexi\u00f3n, promoci\u00f3n y difusi\u00f3n tanto del pensamiento cr\u00edtico como de las propuestas para ciudades justas, solidarias y diversas.<\/p>\n<p>&nbsp;<\/p>\n<h5>OBJETIVOS ESPEC\u00cdFICOS<\/h5>\n<ul>\n<li>Constituir un espacio de trabajo, reflexi\u00f3n y debate en torno al h\u00e1bitat y la vivienda que se traduzca tanto en an\u00e1lisis coyuntural como en propuestas de acci\u00f3n.<\/li>\n<li>Compartir experiencias y conocimiento con los movimientos y organizaciones sociales vinculadas al tema, fortaleciendo mutuamente las demandas y propuestas en pro del mejoramiento integral del h\u00e1bitat humano, en un enfoque de derechos humanos.<\/li>\n<li>Constituir un referente para los arquitectos y su organizaci\u00f3n gremial, particularmente en lo relativo a la vivienda y su entorno espacial, ambiental, social, cultural y productivo.<\/li>\n<li>Identificar y promover experiencias que puedan constituirse en referentes de como los arquitectos podemos contribuir en dignificar la vivienda y el h\u00e1bitat en nuestros barrios, ciudades y territorios.<\/li>\n<\/ul>\n<p>&nbsp;<\/p>\n<h4>MESA DIRECTIVA VIGENTE<\/h4>\n<hr \/>\n<p>Presidenta:\u00a0<strong>Ana Sugranyes Bickel<\/strong><\/p>\n<p>Vicepresidente: <strong>Adolfo L\u00f3pez Sepulveda<\/strong><\/p>\n<p>Secretario:<strong> Francisco Astete<\/strong><\/p>\n<p>Asistente a la presidencia: <strong>Jos\u00e9 Ignacio D\u00edaz<\/strong><\/p>\n<p>&nbsp;<\/p>\n<p>&nbsp;<\/p>\n<h4>REDES SOCIALES OFICIALES ACTIVAS<\/h4>\n<hr \/>\n<p>Twitter: @comite_habitat<\/p>\n<p>Facebook: @comitehabitat<\/p>\n<p><a href=\"mailto:chv@colegioarquitectos.com\">chv@colegioarquitectos.com<\/a><\/p>\n<p>&nbsp;<\/p>\n<h4><\/h4>\n<h4>NOTICIAS<\/h4>\n<hr \/>\n<p>&nbsp;<\/p>\n<h3>Taller \u2015 \u00abColectivizando el dise\u00f1o habitacional. Revisando el proyecto habitacional-\u00a0 comunitario de la Cooperativa Ayllu\u00bb<\/h3>\n<p>Con la Cooperativa de Vivienda Ayllu y la Cooperativa de Trabajo Kincha, este martes 1 de abril, los Comit\u00e9 H\u00e1bitat y Vivienda y de Patrimonio Arquitect\u00f3nico y Ambiental de este Colegio realizamos un taller de 100 minutos en la Sala del Directorio del Colegio. Entre arquitectas, arquitectos, constructores civiles, cooperativistas y estudiantes, treinta personas debatimos sobre el proyecto habitacional y comunitario en un predio del Barrio Yungay al lado de un edificio de Luciano Kulczewski.<\/p>\n<p>La actividad inici\u00f3 con una presentaci\u00f3n de la Cooperativa Ayllu, a cargo de sus dirigentes Fernanda Gonz\u00e1lez y Mart\u00edn Mu\u00f1oz. Y el proyecto fue presentado por el arquitecto David Silva y el estudiante de arquitectura Diego Rey, ambos de la Cooperativa de Trabajo Kincha. La propuesta inserta en la Zona T\u00edpica del Barrio Yungay recibi\u00f3 comentarios de varios especialistas, entre ellos: la arquitecta Paz Undurraga, presidenta del Comit\u00e9 de Patrimonio Arquitect\u00f3nico y Ambiental; el consejero Nacional de Monumentos, Felipe Gallardo; la profesora y arquitecta Darinka Czischke de la Universidad T\u00e9cnica de Delft, TU-Delft en los Pa\u00edses Bajos; el arquitecto Jos\u00e9 Piga, exconsejero Nacional de Monumentos y del Comit\u00e9 H\u00e1bitat; y otros miembros de ambos Comit\u00e9s. La actividad fue moderada por Ana Sugranyes, presidenta del Comit\u00e9 H\u00e1bitat.<\/p>\n<p>En 2015, el Comit\u00e9 H\u00e1bitat y Vivienda ya realiz\u00f3 un taller similar de an\u00e1lisis de dise\u00f1o del proyecto habitacional comunitario con la primera Cooperativa Cerrada de Vivienda \u00d1uke Mapu. A\u00f1os tambi\u00e9n que apoyamos a esta otra Cooperativa Ayllu. En este sentido, seguiremos abriendo di\u00e1logo sobre estas alternativas habitacionales que, por su peque\u00f1o tama\u00f1o (en este caso, 12 unidades) y por la fuerza emprendedora de sus cooperativistas, representan un interesante modelo vers\u00e1til de gesti\u00f3n habitacional de calidad, en pleno centro urbano, combinando innovaciones de dise\u00f1o y constructivos, con elementos industrializados.<\/p>\n<p>&nbsp;<\/p>\n<p><img loading=\"lazy\" decoding=\"async\" class=\"aligncenter size-large wp-image-33439\" src=\"https:\/\/colegioarquitectos.com\/noticias\/wp-content\/uploads\/2025\/04\/20250401_184832-768x1024.jpg\" alt=\"\" width=\"690\" height=\"920\" srcset=\"https:\/\/colegioarquitectos.com\/noticias\/wp-content\/uploads\/2025\/04\/20250401_184832-768x1024.jpg 768w, https:\/\/colegioarquitectos.com\/noticias\/wp-content\/uploads\/2025\/04\/20250401_184832-225x300.jpg 225w, https:\/\/colegioarquitectos.com\/noticias\/wp-content\/uploads\/2025\/04\/20250401_184832-1152x1536.jpg 1152w, https:\/\/colegioarquitectos.com\/noticias\/wp-content\/uploads\/2025\/04\/20250401_184832-1536x2048.jpg 1536w, https:\/\/colegioarquitectos.com\/noticias\/wp-content\/uploads\/2025\/04\/20250401_184832-scaled.jpg 1920w\" sizes=\"auto, (max-width: 690px) 100vw, 690px\" \/><\/p>\n<p><img loading=\"lazy\" decoding=\"async\" class=\"aligncenter size-large wp-image-33440\" src=\"https:\/\/colegioarquitectos.com\/noticias\/wp-content\/uploads\/2025\/04\/20250401_184815-1024x768.jpg\" alt=\"\" width=\"690\" height=\"518\" srcset=\"https:\/\/colegioarquitectos.com\/noticias\/wp-content\/uploads\/2025\/04\/20250401_184815-1024x768.jpg 1024w, https:\/\/colegioarquitectos.com\/noticias\/wp-content\/uploads\/2025\/04\/20250401_184815-300x225.jpg 300w, https:\/\/colegioarquitectos.com\/noticias\/wp-content\/uploads\/2025\/04\/20250401_184815-768x576.jpg 768w, https:\/\/colegioarquitectos.com\/noticias\/wp-content\/uploads\/2025\/04\/20250401_184815-1536x1152.jpg 1536w, https:\/\/colegioarquitectos.com\/noticias\/wp-content\/uploads\/2025\/04\/20250401_184815-2048x1536.jpg 2048w\" sizes=\"auto, (max-width: 690px) 100vw, 690px\" \/><\/p>\n<p><img loading=\"lazy\" decoding=\"async\" class=\"aligncenter size-large wp-image-33441\" src=\"https:\/\/colegioarquitectos.com\/noticias\/wp-content\/uploads\/2025\/04\/20250401_184741-1024x768.jpg\" alt=\"\" width=\"690\" height=\"518\" srcset=\"https:\/\/colegioarquitectos.com\/noticias\/wp-content\/uploads\/2025\/04\/20250401_184741-1024x768.jpg 1024w, https:\/\/colegioarquitectos.com\/noticias\/wp-content\/uploads\/2025\/04\/20250401_184741-300x225.jpg 300w, https:\/\/colegioarquitectos.com\/noticias\/wp-content\/uploads\/2025\/04\/20250401_184741-768x576.jpg 768w, https:\/\/colegioarquitectos.com\/noticias\/wp-content\/uploads\/2025\/04\/20250401_184741-1536x1152.jpg 1536w, https:\/\/colegioarquitectos.com\/noticias\/wp-content\/uploads\/2025\/04\/20250401_184741-2048x1536.jpg 2048w\" sizes=\"auto, (max-width: 690px) 100vw, 690px\" \/><\/p>\n<p><img loading=\"lazy\" decoding=\"async\" class=\"aligncenter size-large wp-image-33442\" src=\"https:\/\/colegioarquitectos.com\/noticias\/wp-content\/uploads\/2025\/04\/20250401_183804-1024x768.jpg\" alt=\"\" width=\"690\" height=\"518\" srcset=\"https:\/\/colegioarquitectos.com\/noticias\/wp-content\/uploads\/2025\/04\/20250401_183804-1024x768.jpg 1024w, https:\/\/colegioarquitectos.com\/noticias\/wp-content\/uploads\/2025\/04\/20250401_183804-300x225.jpg 300w, https:\/\/colegioarquitectos.com\/noticias\/wp-content\/uploads\/2025\/04\/20250401_183804-768x576.jpg 768w, https:\/\/colegioarquitectos.com\/noticias\/wp-content\/uploads\/2025\/04\/20250401_183804-1536x1152.jpg 1536w, https:\/\/colegioarquitectos.com\/noticias\/wp-content\/uploads\/2025\/04\/20250401_183804-2048x1536.jpg 2048w\" sizes=\"auto, (max-width: 690px) 100vw, 690px\" \/><\/p>\n<p>&nbsp;<\/p>\n<h3>Encuentro \u2013 \u00abHacia una visi\u00f3n compartida de las tomas, campamentos y la Ley de usurpaciones: Entre necesidad, negocios y derechos\u00bb<\/h3>\n<p>El pasado<strong> jueves 28 de septiembre<\/strong> en nuestra <strong>Sede Nacional<\/strong> se realiz\u00f3 el encuentro <strong>\u00abHacia una visi\u00f3n compartida de las tomas, campamentos y la Ley de usurpaciones: Entre necesidad, negocios y derechos\u00bb<\/strong>, organizado por el <strong>Comit\u00e9 de H\u00e1bitat y Vivienda<\/strong> del <strong>Colegio de Arquitectos de Chile<\/strong>.<\/p>\n<p>La instancia reuni\u00f3 a una serie de <strong>representantes de movimientos de pobladoras, el gobierno central, municipios, universidades y organizaciones<\/strong>, quienes expusieron sus visiones en la<strong> v\u00edspera del ingreso del veto parcial del gobierno a la Ley de usurpaciones<\/strong>.<\/p>\n<p>A continuaci\u00f3n, puedes revisar una minuta resumen con\u00a0 las visiones expuestas en el encuentro:<\/p>\n<p>&nbsp;<\/p>\n<p><a href=\"https:\/\/colegioarquitectos.com\/noticias\/wp-content\/uploads\/2023\/10\/Minuta-de-resumen_Encuentro-campamentos_10oct2023_compressed-1.pdf\"><img loading=\"lazy\" decoding=\"async\" class=\"alignnone\" src=\"http:\/\/www.colegioarquitectos.com\/imgs\/descargas_linea_punto\/pdfcolor.jpg\" alt=\"\" width=\"21\" height=\"21\" border=\"0\" \/><\/a>\u00a0 <strong><a href=\"https:\/\/colegioarquitectos.com\/noticias\/wp-content\/uploads\/2023\/10\/Minuta-de-resumen_Encuentro-campamentos_10oct2023_compressed-1.pdf\">[Minuta de resumen] Encuentro \u2013 \u00abHacia una visi\u00f3n compartida de las tomas, campamentos y la Ley de usurpaciones: Entre necesidad, negocios y derechos\u00bb<\/a><\/strong><\/p>\n<p>&nbsp;<\/p>\n<p><img loading=\"lazy\" decoding=\"async\" class=\"aligncenter size-full wp-image-30987\" src=\"https:\/\/colegioarquitectos.com\/noticias\/wp-content\/uploads\/2016\/03\/WhatsApp-Image-2023-09-28-at-19.01.24.jpeg\" alt=\"\" width=\"1600\" height=\"1200\" srcset=\"https:\/\/colegioarquitectos.com\/noticias\/wp-content\/uploads\/2016\/03\/WhatsApp-Image-2023-09-28-at-19.01.24.jpeg 1600w, https:\/\/colegioarquitectos.com\/noticias\/wp-content\/uploads\/2016\/03\/WhatsApp-Image-2023-09-28-at-19.01.24-300x225.jpeg 300w, https:\/\/colegioarquitectos.com\/noticias\/wp-content\/uploads\/2016\/03\/WhatsApp-Image-2023-09-28-at-19.01.24-768x576.jpeg 768w, https:\/\/colegioarquitectos.com\/noticias\/wp-content\/uploads\/2016\/03\/WhatsApp-Image-2023-09-28-at-19.01.24-1024x768.jpeg 1024w\" sizes=\"auto, (max-width: 1600px) 100vw, 1600px\" \/><\/p>\n<p><img loading=\"lazy\" decoding=\"async\" class=\"aligncenter size-full wp-image-30988\" src=\"https:\/\/colegioarquitectos.com\/noticias\/wp-content\/uploads\/2016\/03\/WhatsApp-Image-2023-09-28-at-19.00.44.jpeg\" alt=\"\" width=\"1200\" height=\"1600\" srcset=\"https:\/\/colegioarquitectos.com\/noticias\/wp-content\/uploads\/2016\/03\/WhatsApp-Image-2023-09-28-at-19.00.44.jpeg 1200w, https:\/\/colegioarquitectos.com\/noticias\/wp-content\/uploads\/2016\/03\/WhatsApp-Image-2023-09-28-at-19.00.44-225x300.jpeg 225w, https:\/\/colegioarquitectos.com\/noticias\/wp-content\/uploads\/2016\/03\/WhatsApp-Image-2023-09-28-at-19.00.44-768x1024.jpeg 768w\" sizes=\"auto, (max-width: 1200px) 100vw, 1200px\" \/><\/p>\n<p><img loading=\"lazy\" decoding=\"async\" class=\"aligncenter size-full wp-image-30989\" src=\"https:\/\/colegioarquitectos.com\/noticias\/wp-content\/uploads\/2016\/03\/WhatsApp-Image-2023-09-28-at-18.54.48.jpeg\" alt=\"\" width=\"1200\" height=\"1600\" srcset=\"https:\/\/colegioarquitectos.com\/noticias\/wp-content\/uploads\/2016\/03\/WhatsApp-Image-2023-09-28-at-18.54.48.jpeg 1200w, https:\/\/colegioarquitectos.com\/noticias\/wp-content\/uploads\/2016\/03\/WhatsApp-Image-2023-09-28-at-18.54.48-225x300.jpeg 225w, https:\/\/colegioarquitectos.com\/noticias\/wp-content\/uploads\/2016\/03\/WhatsApp-Image-2023-09-28-at-18.54.48-768x1024.jpeg 768w\" sizes=\"auto, (max-width: 1200px) 100vw, 1200px\" \/><\/p>\n<p><img loading=\"lazy\" decoding=\"async\" class=\"aligncenter size-full wp-image-30990\" src=\"https:\/\/colegioarquitectos.com\/noticias\/wp-content\/uploads\/2016\/03\/WhatsApp-Image-2023-09-28-at-18.55.26.jpeg\" alt=\"\" width=\"1200\" height=\"1600\" srcset=\"https:\/\/colegioarquitectos.com\/noticias\/wp-content\/uploads\/2016\/03\/WhatsApp-Image-2023-09-28-at-18.55.26.jpeg 1200w, https:\/\/colegioarquitectos.com\/noticias\/wp-content\/uploads\/2016\/03\/WhatsApp-Image-2023-09-28-at-18.55.26-225x300.jpeg 225w, https:\/\/colegioarquitectos.com\/noticias\/wp-content\/uploads\/2016\/03\/WhatsApp-Image-2023-09-28-at-18.55.26-768x1024.jpeg 768w\" sizes=\"auto, (max-width: 1200px) 100vw, 1200px\" \/><\/p>\n<p><img loading=\"lazy\" decoding=\"async\" class=\"aligncenter size-full wp-image-30991\" src=\"https:\/\/colegioarquitectos.com\/noticias\/wp-content\/uploads\/2016\/03\/WhatsApp-Image-2023-09-28-at-18.54.50.jpeg\" alt=\"\" width=\"1200\" height=\"1600\" srcset=\"https:\/\/colegioarquitectos.com\/noticias\/wp-content\/uploads\/2016\/03\/WhatsApp-Image-2023-09-28-at-18.54.50.jpeg 1200w, https:\/\/colegioarquitectos.com\/noticias\/wp-content\/uploads\/2016\/03\/WhatsApp-Image-2023-09-28-at-18.54.50-225x300.jpeg 225w, https:\/\/colegioarquitectos.com\/noticias\/wp-content\/uploads\/2016\/03\/WhatsApp-Image-2023-09-28-at-18.54.50-768x1024.jpeg 768w\" sizes=\"auto, (max-width: 1200px) 100vw, 1200px\" \/><\/p>\n<p><img loading=\"lazy\" decoding=\"async\" class=\"aligncenter size-full wp-image-30992\" src=\"https:\/\/colegioarquitectos.com\/noticias\/wp-content\/uploads\/2016\/03\/WhatsApp-Image-2023-09-28-at-18.54.49.jpeg\" alt=\"\" width=\"1200\" height=\"1600\" srcset=\"https:\/\/colegioarquitectos.com\/noticias\/wp-content\/uploads\/2016\/03\/WhatsApp-Image-2023-09-28-at-18.54.49.jpeg 1200w, https:\/\/colegioarquitectos.com\/noticias\/wp-content\/uploads\/2016\/03\/WhatsApp-Image-2023-09-28-at-18.54.49-225x300.jpeg 225w, https:\/\/colegioarquitectos.com\/noticias\/wp-content\/uploads\/2016\/03\/WhatsApp-Image-2023-09-28-at-18.54.49-768x1024.jpeg 768w\" sizes=\"auto, (max-width: 1200px) 100vw, 1200px\" \/><\/p>\n<p>&nbsp;<\/p>\n<p>&nbsp;<\/p>\n<h3>Segundo encuentro \u2013 \u00abHacia una visi\u00f3n compartida de las tomas, campamentos y la Ley de usurpaciones: Entre necesidad, negocios y derechos\u00bb<\/h3>\n<p>El pasado<strong> jueves 14 de noviembre<\/strong> en nuestra <strong>Sede Nacional<\/strong> se realiz\u00f3 el segundo encuentro <strong>\u00abHacia una visi\u00f3n compartida de las tomas, campamentos y la Ley de usurpaciones: Entre necesidad, negocios y derechos\u00bb<\/strong>, organizado por el <strong>Comit\u00e9 de H\u00e1bitat y Vivienda<\/strong> del <strong>Colegio de Arquitectos de Chile<\/strong>.<\/p>\n<p>A continuaci\u00f3n, puedes revisar una minuta resumen con\u00a0 las visiones expuestas en el encuentro:<\/p>\n<p>&nbsp;<\/p>\n<p><a href=\"https:\/\/colegioarquitectos.com\/noticias\/wp-content\/uploads\/2023\/12\/Minuta_segundo-encuentro_14nov2023.pdf\"><img loading=\"lazy\" decoding=\"async\" class=\"alignnone\" src=\"http:\/\/www.colegioarquitectos.com\/imgs\/descargas_linea_punto\/pdfcolor.jpg\" alt=\"\" width=\"21\" height=\"21\" border=\"0\" \/><\/a>\u00a0<a href=\"https:\/\/colegioarquitectos.com\/noticias\/wp-content\/uploads\/2023\/12\/Minuta_segundo-encuentro_14nov2023.pdf\"> <strong>[Minuta de resumen] Segundo encuentro \u2013 \u00abHacia una visi\u00f3n compartida de las tomas, campamentos y la Ley de usurpaciones: Entre necesidad, negocios y derechos\u00bb<br \/>\n<\/strong><\/a><\/p>\n<p>&nbsp;<\/p>\n<p><img loading=\"lazy\" decoding=\"async\" class=\"aligncenter size-full wp-image-31248\" src=\"https:\/\/colegioarquitectos.com\/noticias\/wp-content\/uploads\/2016\/03\/final-wb.jpg\" alt=\"\" width=\"4032\" height=\"3024\" srcset=\"https:\/\/colegioarquitectos.com\/noticias\/wp-content\/uploads\/2016\/03\/final-wb.jpg 4032w, https:\/\/colegioarquitectos.com\/noticias\/wp-content\/uploads\/2016\/03\/final-wb-300x225.jpg 300w, https:\/\/colegioarquitectos.com\/noticias\/wp-content\/uploads\/2016\/03\/final-wb-768x576.jpg 768w, https:\/\/colegioarquitectos.com\/noticias\/wp-content\/uploads\/2016\/03\/final-wb-1024x768.jpg 1024w\" sizes=\"auto, (max-width: 4032px) 100vw, 4032px\" \/><\/p>\n<p>&nbsp;<\/p>\n<p>&nbsp;<\/p>\n<h3>Tercer encuentro \u2013 \u00abHacia una visi\u00f3n compartida de las tomas, campamentos y la Ley de usurpaciones: Entre necesidad, negocios y derechos\u00bb<\/h3>\n<p>El pasado<strong> jueves 4 de enero<\/strong> en nuestra <strong>Sede Nacional<\/strong> se realiz\u00f3 el tercer encuentro <strong>\u00abHacia una visi\u00f3n compartida de las tomas, campamentos y la Ley de usurpaciones: Entre necesidad, negocios y derechos\u00bb<\/strong>, organizado por el <strong>Comit\u00e9 de H\u00e1bitat y Vivienda<\/strong> del <strong>Colegio de Arquitectos de Chile<\/strong>.<\/p>\n<p>A continuaci\u00f3n, puedes revisar una minuta resumen con\u00a0 las visiones expuestas en el encuentro:<\/p>\n<p>&nbsp;<\/p>\n<p><a href=\"https:\/\/colegioarquitectos.com\/noticias\/wp-content\/uploads\/2024\/01\/Minuta_tercer-encuentro_04ene2024.pdf\"><img loading=\"lazy\" decoding=\"async\" class=\"alignnone\" src=\"http:\/\/www.colegioarquitectos.com\/imgs\/descargas_linea_punto\/pdfcolor.jpg\" alt=\"\" width=\"21\" height=\"21\" border=\"0\" \/><\/a>\u00a0<a href=\"https:\/\/colegioarquitectos.com\/noticias\/wp-content\/uploads\/2024\/01\/Minuta_tercer-encuentro_04ene2024.pdf\"> <strong>[Minuta de resumen] Tercer encuentro \u2013 \u00abHacia una visi\u00f3n compartida de las tomas, campamentos y la Ley de usurpaciones: Entre necesidad, negocios y derechos\u00bb<\/strong><\/a><\/p>\n<p>&nbsp;<\/p>\n<p><img loading=\"lazy\" decoding=\"async\" class=\"aligncenter wp-image-31416 size-full\" src=\"https:\/\/colegioarquitectos.com\/noticias\/wp-content\/uploads\/2016\/03\/IMG_3370-1.jpg\" alt=\"\" width=\"4032\" height=\"3024\" srcset=\"https:\/\/colegioarquitectos.com\/noticias\/wp-content\/uploads\/2016\/03\/IMG_3370-1.jpg 4032w, https:\/\/colegioarquitectos.com\/noticias\/wp-content\/uploads\/2016\/03\/IMG_3370-1-300x225.jpg 300w, https:\/\/colegioarquitectos.com\/noticias\/wp-content\/uploads\/2016\/03\/IMG_3370-1-768x576.jpg 768w, https:\/\/colegioarquitectos.com\/noticias\/wp-content\/uploads\/2016\/03\/IMG_3370-1-1024x768.jpg 1024w\" sizes=\"auto, (max-width: 4032px) 100vw, 4032px\" \/><\/p>\n<p>&nbsp;<\/p>\n<p><\/p>","protected":false},"excerpt":{"rendered":"<p>DESCRIPCI\u00d3N \u00d3RGANO ASESOR El Comit\u00e9 H\u00e1bitat y Vivienda es de los m\u00e1s antiguos del Colegio de Arquitectos. A trav\u00e9s de los a\u00f1os, es un referente institucional cr\u00edtico a los l\u00edmites de las pol\u00edticas habitacionales del Estado de Chile, especialmente por &hellip; <a class=\"more-link\" href=\"https:\/\/colegioarquitectos.com\/noticias\/?page_id=11926\">ver m\u00e1s<\/a><\/p>","protected":false},"author":4,"featured_media":0,"parent":4841,"menu_order":0,"comment_status":"closed","ping_status":"closed","template":"pages\/fullwidth.php","meta":{"footnotes":""},"class_list":["post-11926","page","type-page","status-publish","hentry"],"yoast_head":"<!-- This site is optimized with the Yoast SEO plugin v24.2 - https:\/\/yoast.com\/wordpress\/plugins\/seo\/ -->\n<title>COMIT\u00c9 DE H\u00c1BITAT Y VIVIENDA - COLEGIO DE ARQUITECTOS DE CHILE<\/title>\n<meta name=\"robots\" content=\"index, follow, max-snippet:-1, max-image-preview:large, max-video-preview:-1\" \/>\n<link rel=\"canonical\" href=\"https:\/\/colegioarquitectos.com\/noticias\/?page_id=11926\" \/>\n<meta property=\"og:locale\" content=\"es_ES\" \/>\n<meta property=\"og:type\" content=\"article\" \/>\n<meta property=\"og:title\" content=\"COMIT\u00c9 DE H\u00c1BITAT Y VIVIENDA - COLEGIO DE ARQUITECTOS DE CHILE\" \/>\n<meta property=\"og:description\" content=\"DESCRIPCI\u00d3N \u00d3RGANO ASESOR El Comit\u00e9 H\u00e1bitat y Vivienda es de los m\u00e1s antiguos del Colegio de Arquitectos. A trav\u00e9s de los a\u00f1os, es un referente institucional cr\u00edtico a los l\u00edmites de las pol\u00edticas habitacionales del Estado de Chile, especialmente por &hellip; ver m\u00e1s\" \/>\n<meta property=\"og:url\" content=\"https:\/\/colegioarquitectos.com\/noticias\/?page_id=11926\" \/>\n<meta property=\"og:site_name\" content=\"COLEGIO DE ARQUITECTOS DE CHILE\" \/>\n<meta property=\"article:publisher\" content=\"https:\/\/facebook.com\/Colegioarq\/\" \/>\n<meta property=\"article:modified_time\" content=\"2025-04-03T14:36:51+00:00\" \/>\n<meta property=\"og:image\" content=\"https:\/\/colegioarquitectos.com\/noticias\/wp-content\/uploads\/2025\/04\/20250401_184832-scaled.jpg\" \/>\n\t<meta property=\"og:image:width\" content=\"1920\" \/>\n\t<meta property=\"og:image:height\" content=\"2560\" \/>\n\t<meta property=\"og:image:type\" content=\"image\/jpeg\" \/>\n<meta name=\"twitter:card\" content=\"summary_large_image\" \/>\n<meta name=\"twitter:site\" content=\"@colegioarq\" \/>\n<meta name=\"twitter:label1\" content=\"Tiempo de lectura\" \/>\n\t<meta name=\"twitter:data1\" content=\"8 minutos\" \/>\n<script type=\"application\/ld+json\" class=\"yoast-schema-graph\">{\"@context\":\"https:\/\/schema.org\",\"@graph\":[{\"@type\":\"WebPage\",\"@id\":\"https:\/\/colegioarquitectos.com\/noticias\/?page_id=11926\",\"url\":\"https:\/\/colegioarquitectos.com\/noticias\/?page_id=11926\",\"name\":\"COMIT\u00c9 DE H\u00c1BITAT Y VIVIENDA - COLEGIO DE ARQUITECTOS DE CHILE\",\"isPartOf\":{\"@id\":\"https:\/\/colegioarquitectos.com\/noticias\/#website\"},\"primaryImageOfPage\":{\"@id\":\"https:\/\/colegioarquitectos.com\/noticias\/?page_id=11926#primaryimage\"},\"image\":{\"@id\":\"https:\/\/colegioarquitectos.com\/noticias\/?page_id=11926#primaryimage\"},\"thumbnailUrl\":\"https:\/\/colegioarquitectos.com\/noticias\/wp-content\/uploads\/2025\/04\/20250401_184832-768x1024.jpg\",\"datePublished\":\"2016-03-30T19:23:39+00:00\",\"dateModified\":\"2025-04-03T14:36:51+00:00\",\"breadcrumb\":{\"@id\":\"https:\/\/colegioarquitectos.com\/noticias\/?page_id=11926#breadcrumb\"},\"inLanguage\":\"es\",\"potentialAction\":[{\"@type\":\"ReadAction\",\"target\":[\"https:\/\/colegioarquitectos.com\/noticias\/?page_id=11926\"]}]},{\"@type\":\"ImageObject\",\"inLanguage\":\"es\",\"@id\":\"https:\/\/colegioarquitectos.com\/noticias\/?page_id=11926#primaryimage\",\"url\":\"https:\/\/colegioarquitectos.com\/noticias\/wp-content\/uploads\/2025\/04\/20250401_184832-scaled.jpg\",\"contentUrl\":\"https:\/\/colegioarquitectos.com\/noticias\/wp-content\/uploads\/2025\/04\/20250401_184832-scaled.jpg\",\"width\":1920,\"height\":2560},{\"@type\":\"BreadcrumbList\",\"@id\":\"https:\/\/colegioarquitectos.com\/noticias\/?page_id=11926#breadcrumb\",\"itemListElement\":[{\"@type\":\"ListItem\",\"position\":1,\"name\":\"Portada\",\"item\":\"https:\/\/colegioarquitectos.com\/noticias\"},{\"@type\":\"ListItem\",\"position\":2,\"name\":\"RNA: Plataforma de consulta de colegiados y colegiadas\",\"item\":\"https:\/\/colegioarquitectos.com\/noticias\/?page_id=4841\"},{\"@type\":\"ListItem\",\"position\":3,\"name\":\"COMIT\u00c9 DE H\u00c1BITAT Y VIVIENDA\"}]},{\"@type\":\"WebSite\",\"@id\":\"https:\/\/colegioarquitectos.com\/noticias\/#website\",\"url\":\"https:\/\/colegioarquitectos.com\/noticias\/\",\"name\":\"COLEGIO DE ARQUITECTOS DE CHILE\",\"description\":\"\",\"publisher\":{\"@id\":\"https:\/\/colegioarquitectos.com\/noticias\/#organization\"},\"potentialAction\":[{\"@type\":\"SearchAction\",\"target\":{\"@type\":\"EntryPoint\",\"urlTemplate\":\"https:\/\/colegioarquitectos.com\/noticias\/?s={search_term_string}\"},\"query-input\":{\"@type\":\"PropertyValueSpecification\",\"valueRequired\":true,\"valueName\":\"search_term_string\"}}],\"inLanguage\":\"es\"},{\"@type\":\"Organization\",\"@id\":\"https:\/\/colegioarquitectos.com\/noticias\/#organization\",\"name\":\"COLEGIO DE ARQUITECTOS DE CHILE\",\"url\":\"https:\/\/colegioarquitectos.com\/noticias\/\",\"logo\":{\"@type\":\"ImageObject\",\"inLanguage\":\"es\",\"@id\":\"https:\/\/colegioarquitectos.com\/noticias\/#\/schema\/logo\/image\/\",\"url\":\"https:\/\/colegioarquitectos.com\/noticias\/wp-content\/uploads\/2021\/05\/ENCABEZADO-LOGO-CA.jpg\",\"contentUrl\":\"https:\/\/colegioarquitectos.com\/noticias\/wp-content\/uploads\/2021\/05\/ENCABEZADO-LOGO-CA.jpg\",\"width\":690,\"height\":350,\"caption\":\"COLEGIO DE ARQUITECTOS DE CHILE\"},\"image\":{\"@id\":\"https:\/\/colegioarquitectos.com\/noticias\/#\/schema\/logo\/image\/\"},\"sameAs\":[\"https:\/\/facebook.com\/Colegioarq\/\",\"https:\/\/x.com\/colegioarq\",\"https:\/\/instagram.com\/colegioarq\",\"https:\/\/youtube.com\/@ColegiodeArquitectosdeChile\"]}]}<\/script>\n<!-- \/ Yoast SEO plugin. -->","yoast_head_json":{"title":"COMIT\u00c9 DE H\u00c1BITAT Y VIVIENDA - COLEGIO DE ARQUITECTOS DE CHILE","robots":{"index":"index","follow":"follow","max-snippet":"max-snippet:-1","max-image-preview":"max-image-preview:large","max-video-preview":"max-video-preview:-1"},"canonical":"https:\/\/colegioarquitectos.com\/noticias\/?page_id=11926","og_locale":"es_ES","og_type":"article","og_title":"COMIT\u00c9 DE H\u00c1BITAT Y VIVIENDA - COLEGIO DE ARQUITECTOS DE CHILE","og_description":"DESCRIPCI\u00d3N \u00d3RGANO ASESOR El Comit\u00e9 H\u00e1bitat y Vivienda es de los m\u00e1s antiguos del Colegio de Arquitectos. A trav\u00e9s de los a\u00f1os, es un referente institucional cr\u00edtico a los l\u00edmites de las pol\u00edticas habitacionales del Estado de Chile, especialmente por &hellip; ver m\u00e1s","og_url":"https:\/\/colegioarquitectos.com\/noticias\/?page_id=11926","og_site_name":"COLEGIO DE ARQUITECTOS DE CHILE","article_publisher":"https:\/\/facebook.com\/Colegioarq\/","article_modified_time":"2025-04-03T14:36:51+00:00","og_image":[{"width":1920,"height":2560,"url":"https:\/\/colegioarquitectos.com\/noticias\/wp-content\/uploads\/2025\/04\/20250401_184832-scaled.jpg","type":"image\/jpeg"}],"twitter_card":"summary_large_image","twitter_site":"@colegioarq","twitter_misc":{"Tiempo de lectura":"8 minutos"},"schema":{"@context":"https:\/\/schema.org","@graph":[{"@type":"WebPage","@id":"https:\/\/colegioarquitectos.com\/noticias\/?page_id=11926","url":"https:\/\/colegioarquitectos.com\/noticias\/?page_id=11926","name":"COMIT\u00c9 DE H\u00c1BITAT Y VIVIENDA - COLEGIO DE ARQUITECTOS DE CHILE","isPartOf":{"@id":"https:\/\/colegioarquitectos.com\/noticias\/#website"},"primaryImageOfPage":{"@id":"https:\/\/colegioarquitectos.com\/noticias\/?page_id=11926#primaryimage"},"image":{"@id":"https:\/\/colegioarquitectos.com\/noticias\/?page_id=11926#primaryimage"},"thumbnailUrl":"https:\/\/colegioarquitectos.com\/noticias\/wp-content\/uploads\/2025\/04\/20250401_184832-768x1024.jpg","datePublished":"2016-03-30T19:23:39+00:00","dateModified":"2025-04-03T14:36:51+00:00","breadcrumb":{"@id":"https:\/\/colegioarquitectos.com\/noticias\/?page_id=11926#breadcrumb"},"inLanguage":"es","potentialAction":[{"@type":"ReadAction","target":["https:\/\/colegioarquitectos.com\/noticias\/?page_id=11926"]}]},{"@type":"ImageObject","inLanguage":"es","@id":"https:\/\/colegioarquitectos.com\/noticias\/?page_id=11926#primaryimage","url":"https:\/\/colegioarquitectos.com\/noticias\/wp-content\/uploads\/2025\/04\/20250401_184832-scaled.jpg","contentUrl":"https:\/\/colegioarquitectos.com\/noticias\/wp-content\/uploads\/2025\/04\/20250401_184832-scaled.jpg","width":1920,"height":2560},{"@type":"BreadcrumbList","@id":"https:\/\/colegioarquitectos.com\/noticias\/?page_id=11926#breadcrumb","itemListElement":[{"@type":"ListItem","position":1,"name":"Portada","item":"https:\/\/colegioarquitectos.com\/noticias"},{"@type":"ListItem","position":2,"name":"RNA: Plataforma de consulta de colegiados y colegiadas","item":"https:\/\/colegioarquitectos.com\/noticias\/?page_id=4841"},{"@type":"ListItem","position":3,"name":"COMIT\u00c9 DE H\u00c1BITAT Y VIVIENDA"}]},{"@type":"WebSite","@id":"https:\/\/colegioarquitectos.com\/noticias\/#website","url":"https:\/\/colegioarquitectos.com\/noticias\/","name":"COLEGIO DE ARQUITECTOS DE CHILE","description":"","publisher":{"@id":"https:\/\/colegioarquitectos.com\/noticias\/#organization"},"potentialAction":[{"@type":"SearchAction","target":{"@type":"EntryPoint","urlTemplate":"https:\/\/colegioarquitectos.com\/noticias\/?s={search_term_string}"},"query-input":{"@type":"PropertyValueSpecification","valueRequired":true,"valueName":"search_term_string"}}],"inLanguage":"es"},{"@type":"Organization","@id":"https:\/\/colegioarquitectos.com\/noticias\/#organization","name":"COLEGIO DE ARQUITECTOS DE CHILE","url":"https:\/\/colegioarquitectos.com\/noticias\/","logo":{"@type":"ImageObject","inLanguage":"es","@id":"https:\/\/colegioarquitectos.com\/noticias\/#\/schema\/logo\/image\/","url":"https:\/\/colegioarquitectos.com\/noticias\/wp-content\/uploads\/2021\/05\/ENCABEZADO-LOGO-CA.jpg","contentUrl":"https:\/\/colegioarquitectos.com\/noticias\/wp-content\/uploads\/2021\/05\/ENCABEZADO-LOGO-CA.jpg","width":690,"height":350,"caption":"COLEGIO DE ARQUITECTOS DE CHILE"},"image":{"@id":"https:\/\/colegioarquitectos.com\/noticias\/#\/schema\/logo\/image\/"},"sameAs":["https:\/\/facebook.com\/Colegioarq\/","https:\/\/x.com\/colegioarq","https:\/\/instagram.com\/colegioarq","https:\/\/youtube.com\/@ColegiodeArquitectosdeChile"]}]}},"_links":{"self":[{"href":"https:\/\/colegioarquitectos.com\/noticias\/index.php?rest_route=\/wp\/v2\/pages\/11926","targetHints":{"allow":["GET"]}}],"collection":[{"href":"https:\/\/colegioarquitectos.com\/noticias\/index.php?rest_route=\/wp\/v2\/pages"}],"about":[{"href":"https:\/\/colegioarquitectos.com\/noticias\/index.php?rest_route=\/wp\/v2\/types\/page"}],"author":[{"embeddable":true,"href":"https:\/\/colegioarquitectos.com\/noticias\/index.php?rest_route=\/wp\/v2\/users\/4"}],"replies":[{"embeddable":true,"href":"https:\/\/colegioarquitectos.com\/noticias\/index.php?rest_route=%2Fwp%2Fv2%2Fcomments&post=11926"}],"version-history":[{"count":3,"href":"https:\/\/colegioarquitectos.com\/noticias\/index.php?rest_route=\/wp\/v2\/pages\/11926\/revisions"}],"predecessor-version":[{"id":33443,"href":"https:\/\/colegioarquitectos.com\/noticias\/index.php?rest_route=\/wp\/v2\/pages\/11926\/revisions\/33443"}],"up":[{"embeddable":true,"href":"https:\/\/colegioarquitectos.com\/noticias\/index.php?rest_route=\/wp\/v2\/pages\/4841"}],"wp:attachment":[{"href":"https:\/\/colegioarquitectos.com\/noticias\/index.php?rest_route=%2Fwp%2Fv2%2Fmedia&parent=11926"}],"curies":[{"name":"wp","href":"https:\/\/api.w.org\/{rel}","templated":true}]}}