
{"id":11941,"date":"2016-03-30T19:34:58","date_gmt":"2016-03-30T19:34:58","guid":{"rendered":"http:\/\/colegioarquitectos.com\/?page_id=11941"},"modified":"2025-03-27T12:13:19","modified_gmt":"2025-03-27T16:13:19","slug":"comite-de-arquitectura-deportiva","status":"publish","type":"page","link":"https:\/\/colegioarquitectos.com\/noticias\/?page_id=11941","title":{"rendered":"COMIT\u00c9 DE ARQUITECTURA DEPORTIVA"},"content":{"rendered":"<h4>DESCRIPCI\u00d3N \u00d3RGANO ASESOR<\/h4>\n<hr \/>\n<p>Agrupaci\u00f3n de arquitectos y arquitectas colegiados de todo el pa\u00eds, as\u00ed como tambi\u00e9n, de personas invitadas interesadas en el desarrollo, dise\u00f1o, construcci\u00f3n y gesti\u00f3n de instalaciones para la actividad f\u00edsica, el deporte y la recreaci\u00f3n, del \u00e1mbito p\u00fablico y privado nacional, as\u00ed como su expresi\u00f3n en el resto del mundo.<\/p>\n<p>&nbsp;<\/p>\n<h4>OBJETIVOS<\/h4>\n<hr \/>\n<h5>OBJETIVO GENERAL<\/h5>\n<ul>\n<li>Promoci\u00f3n del buen dise\u00f1o y construcci\u00f3n de las instalaciones deportivas y recreativas, con \u00e9nfasis en la injerencia de la gesti\u00f3n de estos recintos desde su programa, proyecto y construcci\u00f3n.<\/li>\n<li>Contribuir al desarrollo de Instalaciones Deportivas con accesibilidad universal, para todas las personas usuarias, tanto en su calidad de deportistas como de espectadores libres de barreras arquitect\u00f3nicas.<\/li>\n<li>Integrar la visi\u00f3n del mundo privado y el mundo p\u00fablico para el desarrollo de la infraestructura Deportiva en todo Chile.<\/li>\n<li>Asesorar al Directorio Nacional del Colegio de Arquitectos en las materias atingentes a este comit\u00e9.<\/li>\n<\/ul>\n<p>&nbsp;<\/p>\n<h5>OBJETIVOS ESPEC\u00cdFICOS<\/h5>\n<ul>\n<li>Conectar a los profesionales de la Arquitectura Deportiva a lo largo del pa\u00eds, en especial, de cada Delegaci\u00f3n zonal, para integrar conocimiento y encontrar soluciones apropiadas a los territorios.<\/li>\n<li>Aportar t\u00e9cnicamente a las instituciones p\u00fablicas y privadas vinculadas con el Dise\u00f1o, financiamiento y construcci\u00f3n de infraestructura Deportiva en Chile.<\/li>\n<li>Difusi\u00f3n de contenidos relacionados con Arquitectura Deportiva, nuevos programas, materiales y tecnolog\u00edas apropiadas para los espacios que acogen la actividad f\u00edsica, el deporte y la recreaci\u00f3n, ya sea en espacios interiores, superficies exteriores, plazas y parques p\u00fablicos.<\/li>\n<li>Desarrollar y\/o difundir capacitaciones para profesionales y agentes asociados a las instalaciones para la actividad f\u00edsica, el deporte la recreaci\u00f3n y el ocio.<\/li>\n<li>Difundir proyectos y obras relevantes de Arquitectura Deportiva as\u00ed como buenas pr\u00e1cticas de administraci\u00f3n, mantenci\u00f3n y operaci\u00f3n de instalaciones Deportivas, en especial, en el \u00e1mbito p\u00fablico.<\/li>\n<\/ul>\n<p>&nbsp;<\/p>\n<h4>MESA DIRECTIVA VIGENTE<\/h4>\n<hr \/>\n<p>&nbsp;<\/p>\n<p><strong>Presidenta<\/strong><\/p>\n<p>Isabel Mart\u00ednez Rodr\u00edguez<\/p>\n<p>&nbsp;<\/p>\n<p><strong>Vicepresidenta<\/strong><\/p>\n<p>Paulina Andr\u00e9s Alarc\u00f3n<\/p>\n<p>&nbsp;<\/p>\n<p><strong>Secretari0<\/strong><\/p>\n<p>Felipe Mieres<\/p>\n<p>&nbsp;<\/p>\n<p>&nbsp;<\/p>\n<p>&nbsp;<\/p>\n<p>&nbsp;<\/p>\n<h4>REDES SOCIALES OFICIALES ACTIVAS<\/h4>\n<hr \/>\n<p>Twitter: @ca_arqdeportiva<\/p>\n<p><\/p>","protected":false},"excerpt":{"rendered":"<p>DESCRIPCI\u00d3N \u00d3RGANO ASESOR Agrupaci\u00f3n de arquitectos y arquitectas colegiados de todo el pa\u00eds, as\u00ed como tambi\u00e9n, de personas invitadas interesadas en el desarrollo, dise\u00f1o, construcci\u00f3n y gesti\u00f3n de instalaciones para la actividad f\u00edsica, el deporte y la recreaci\u00f3n, del \u00e1mbito &hellip; <a class=\"more-link\" href=\"https:\/\/colegioarquitectos.com\/noticias\/?page_id=11941\">ver m\u00e1s<\/a><\/p>","protected":false},"author":4,"featured_media":0,"parent":4841,"menu_order":0,"comment_status":"closed","ping_status":"closed","template":"pages\/fullwidth.php","meta":{"footnotes":""},"class_list":["post-11941","page","type-page","status-publish","hentry"],"yoast_head":"<!-- This site is optimized with the Yoast SEO plugin v24.2 - https:\/\/yoast.com\/wordpress\/plugins\/seo\/ -->\n<title>COMIT\u00c9 DE ARQUITECTURA DEPORTIVA - COLEGIO DE ARQUITECTOS DE CHILE<\/title>\n<meta name=\"robots\" content=\"index, follow, max-snippet:-1, max-image-preview:large, max-video-preview:-1\" \/>\n<link rel=\"canonical\" href=\"https:\/\/colegioarquitectos.com\/noticias\/?page_id=11941\" \/>\n<meta property=\"og:locale\" content=\"es_ES\" \/>\n<meta property=\"og:type\" content=\"article\" \/>\n<meta property=\"og:title\" content=\"COMIT\u00c9 DE ARQUITECTURA DEPORTIVA - COLEGIO DE ARQUITECTOS DE CHILE\" \/>\n<meta property=\"og:description\" content=\"DESCRIPCI\u00d3N \u00d3RGANO ASESOR Agrupaci\u00f3n de arquitectos y arquitectas colegiados de todo el pa\u00eds, as\u00ed como tambi\u00e9n, de personas invitadas interesadas en el desarrollo, dise\u00f1o, construcci\u00f3n y gesti\u00f3n de instalaciones para la actividad f\u00edsica, el deporte y la recreaci\u00f3n, del \u00e1mbito &hellip; ver m\u00e1s\" \/>\n<meta property=\"og:url\" content=\"https:\/\/colegioarquitectos.com\/noticias\/?page_id=11941\" \/>\n<meta property=\"og:site_name\" content=\"COLEGIO DE ARQUITECTOS DE CHILE\" \/>\n<meta property=\"article:publisher\" content=\"https:\/\/facebook.com\/Colegioarq\/\" \/>\n<meta property=\"article:modified_time\" content=\"2025-03-27T16:13:19+00:00\" \/>\n<meta name=\"twitter:card\" content=\"summary_large_image\" \/>\n<meta name=\"twitter:site\" content=\"@colegioarq\" \/>\n<meta name=\"twitter:label1\" content=\"Tiempo de lectura\" \/>\n\t<meta name=\"twitter:data1\" content=\"2 minutos\" \/>\n<script type=\"application\/ld+json\" class=\"yoast-schema-graph\">{\"@context\":\"https:\/\/schema.org\",\"@graph\":[{\"@type\":\"WebPage\",\"@id\":\"https:\/\/colegioarquitectos.com\/noticias\/?page_id=11941\",\"url\":\"https:\/\/colegioarquitectos.com\/noticias\/?page_id=11941\",\"name\":\"COMIT\u00c9 DE ARQUITECTURA DEPORTIVA - COLEGIO DE ARQUITECTOS DE CHILE\",\"isPartOf\":{\"@id\":\"https:\/\/colegioarquitectos.com\/noticias\/#website\"},\"datePublished\":\"2016-03-30T19:34:58+00:00\",\"dateModified\":\"2025-03-27T16:13:19+00:00\",\"breadcrumb\":{\"@id\":\"https:\/\/colegioarquitectos.com\/noticias\/?page_id=11941#breadcrumb\"},\"inLanguage\":\"es\",\"potentialAction\":[{\"@type\":\"ReadAction\",\"target\":[\"https:\/\/colegioarquitectos.com\/noticias\/?page_id=11941\"]}]},{\"@type\":\"BreadcrumbList\",\"@id\":\"https:\/\/colegioarquitectos.com\/noticias\/?page_id=11941#breadcrumb\",\"itemListElement\":[{\"@type\":\"ListItem\",\"position\":1,\"name\":\"Portada\",\"item\":\"https:\/\/colegioarquitectos.com\/noticias\"},{\"@type\":\"ListItem\",\"position\":2,\"name\":\"RNA: Plataforma de consulta de colegiados y colegiadas\",\"item\":\"https:\/\/colegioarquitectos.com\/noticias\/?page_id=4841\"},{\"@type\":\"ListItem\",\"position\":3,\"name\":\"COMIT\u00c9 DE ARQUITECTURA DEPORTIVA\"}]},{\"@type\":\"WebSite\",\"@id\":\"https:\/\/colegioarquitectos.com\/noticias\/#website\",\"url\":\"https:\/\/colegioarquitectos.com\/noticias\/\",\"name\":\"COLEGIO DE ARQUITECTOS DE CHILE\",\"description\":\"\",\"publisher\":{\"@id\":\"https:\/\/colegioarquitectos.com\/noticias\/#organization\"},\"potentialAction\":[{\"@type\":\"SearchAction\",\"target\":{\"@type\":\"EntryPoint\",\"urlTemplate\":\"https:\/\/colegioarquitectos.com\/noticias\/?s={search_term_string}\"},\"query-input\":{\"@type\":\"PropertyValueSpecification\",\"valueRequired\":true,\"valueName\":\"search_term_string\"}}],\"inLanguage\":\"es\"},{\"@type\":\"Organization\",\"@id\":\"https:\/\/colegioarquitectos.com\/noticias\/#organization\",\"name\":\"COLEGIO DE ARQUITECTOS DE CHILE\",\"url\":\"https:\/\/colegioarquitectos.com\/noticias\/\",\"logo\":{\"@type\":\"ImageObject\",\"inLanguage\":\"es\",\"@id\":\"https:\/\/colegioarquitectos.com\/noticias\/#\/schema\/logo\/image\/\",\"url\":\"https:\/\/colegioarquitectos.com\/noticias\/wp-content\/uploads\/2021\/05\/ENCABEZADO-LOGO-CA.jpg\",\"contentUrl\":\"https:\/\/colegioarquitectos.com\/noticias\/wp-content\/uploads\/2021\/05\/ENCABEZADO-LOGO-CA.jpg\",\"width\":690,\"height\":350,\"caption\":\"COLEGIO DE ARQUITECTOS DE CHILE\"},\"image\":{\"@id\":\"https:\/\/colegioarquitectos.com\/noticias\/#\/schema\/logo\/image\/\"},\"sameAs\":[\"https:\/\/facebook.com\/Colegioarq\/\",\"https:\/\/x.com\/colegioarq\",\"https:\/\/instagram.com\/colegioarq\",\"https:\/\/youtube.com\/@ColegiodeArquitectosdeChile\"]}]}<\/script>\n<!-- \/ Yoast SEO plugin. -->","yoast_head_json":{"title":"COMIT\u00c9 DE ARQUITECTURA DEPORTIVA - COLEGIO DE ARQUITECTOS DE CHILE","robots":{"index":"index","follow":"follow","max-snippet":"max-snippet:-1","max-image-preview":"max-image-preview:large","max-video-preview":"max-video-preview:-1"},"canonical":"https:\/\/colegioarquitectos.com\/noticias\/?page_id=11941","og_locale":"es_ES","og_type":"article","og_title":"COMIT\u00c9 DE ARQUITECTURA DEPORTIVA - COLEGIO DE ARQUITECTOS DE CHILE","og_description":"DESCRIPCI\u00d3N \u00d3RGANO ASESOR Agrupaci\u00f3n de arquitectos y arquitectas colegiados de todo el pa\u00eds, as\u00ed como tambi\u00e9n, de personas invitadas interesadas en el desarrollo, dise\u00f1o, construcci\u00f3n y gesti\u00f3n de instalaciones para la actividad f\u00edsica, el deporte y la recreaci\u00f3n, del \u00e1mbito &hellip; ver m\u00e1s","og_url":"https:\/\/colegioarquitectos.com\/noticias\/?page_id=11941","og_site_name":"COLEGIO DE ARQUITECTOS DE CHILE","article_publisher":"https:\/\/facebook.com\/Colegioarq\/","article_modified_time":"2025-03-27T16:13:19+00:00","twitter_card":"summary_large_image","twitter_site":"@colegioarq","twitter_misc":{"Tiempo de lectura":"2 minutos"},"schema":{"@context":"https:\/\/schema.org","@graph":[{"@type":"WebPage","@id":"https:\/\/colegioarquitectos.com\/noticias\/?page_id=11941","url":"https:\/\/colegioarquitectos.com\/noticias\/?page_id=11941","name":"COMIT\u00c9 DE ARQUITECTURA DEPORTIVA - COLEGIO DE ARQUITECTOS DE CHILE","isPartOf":{"@id":"https:\/\/colegioarquitectos.com\/noticias\/#website"},"datePublished":"2016-03-30T19:34:58+00:00","dateModified":"2025-03-27T16:13:19+00:00","breadcrumb":{"@id":"https:\/\/colegioarquitectos.com\/noticias\/?page_id=11941#breadcrumb"},"inLanguage":"es","potentialAction":[{"@type":"ReadAction","target":["https:\/\/colegioarquitectos.com\/noticias\/?page_id=11941"]}]},{"@type":"BreadcrumbList","@id":"https:\/\/colegioarquitectos.com\/noticias\/?page_id=11941#breadcrumb","itemListElement":[{"@type":"ListItem","position":1,"name":"Portada","item":"https:\/\/colegioarquitectos.com\/noticias"},{"@type":"ListItem","position":2,"name":"RNA: Plataforma de consulta de colegiados y colegiadas","item":"https:\/\/colegioarquitectos.com\/noticias\/?page_id=4841"},{"@type":"ListItem","position":3,"name":"COMIT\u00c9 DE ARQUITECTURA DEPORTIVA"}]},{"@type":"WebSite","@id":"https:\/\/colegioarquitectos.com\/noticias\/#website","url":"https:\/\/colegioarquitectos.com\/noticias\/","name":"COLEGIO DE ARQUITECTOS DE CHILE","description":"","publisher":{"@id":"https:\/\/colegioarquitectos.com\/noticias\/#organization"},"potentialAction":[{"@type":"SearchAction","target":{"@type":"EntryPoint","urlTemplate":"https:\/\/colegioarquitectos.com\/noticias\/?s={search_term_string}"},"query-input":{"@type":"PropertyValueSpecification","valueRequired":true,"valueName":"search_term_string"}}],"inLanguage":"es"},{"@type":"Organization","@id":"https:\/\/colegioarquitectos.com\/noticias\/#organization","name":"COLEGIO DE ARQUITECTOS DE CHILE","url":"https:\/\/colegioarquitectos.com\/noticias\/","logo":{"@type":"ImageObject","inLanguage":"es","@id":"https:\/\/colegioarquitectos.com\/noticias\/#\/schema\/logo\/image\/","url":"https:\/\/colegioarquitectos.com\/noticias\/wp-content\/uploads\/2021\/05\/ENCABEZADO-LOGO-CA.jpg","contentUrl":"https:\/\/colegioarquitectos.com\/noticias\/wp-content\/uploads\/2021\/05\/ENCABEZADO-LOGO-CA.jpg","width":690,"height":350,"caption":"COLEGIO DE ARQUITECTOS DE CHILE"},"image":{"@id":"https:\/\/colegioarquitectos.com\/noticias\/#\/schema\/logo\/image\/"},"sameAs":["https:\/\/facebook.com\/Colegioarq\/","https:\/\/x.com\/colegioarq","https:\/\/instagram.com\/colegioarq","https:\/\/youtube.com\/@ColegiodeArquitectosdeChile"]}]}},"_links":{"self":[{"href":"https:\/\/colegioarquitectos.com\/noticias\/index.php?rest_route=\/wp\/v2\/pages\/11941","targetHints":{"allow":["GET"]}}],"collection":[{"href":"https:\/\/colegioarquitectos.com\/noticias\/index.php?rest_route=\/wp\/v2\/pages"}],"about":[{"href":"https:\/\/colegioarquitectos.com\/noticias\/index.php?rest_route=\/wp\/v2\/types\/page"}],"author":[{"embeddable":true,"href":"https:\/\/colegioarquitectos.com\/noticias\/index.php?rest_route=\/wp\/v2\/users\/4"}],"replies":[{"embeddable":true,"href":"https:\/\/colegioarquitectos.com\/noticias\/index.php?rest_route=%2Fwp%2Fv2%2Fcomments&post=11941"}],"version-history":[{"count":2,"href":"https:\/\/colegioarquitectos.com\/noticias\/index.php?rest_route=\/wp\/v2\/pages\/11941\/revisions"}],"predecessor-version":[{"id":33398,"href":"https:\/\/colegioarquitectos.com\/noticias\/index.php?rest_route=\/wp\/v2\/pages\/11941\/revisions\/33398"}],"up":[{"embeddable":true,"href":"https:\/\/colegioarquitectos.com\/noticias\/index.php?rest_route=\/wp\/v2\/pages\/4841"}],"wp:attachment":[{"href":"https:\/\/colegioarquitectos.com\/noticias\/index.php?rest_route=%2Fwp%2Fv2%2Fmedia&parent=11941"}],"curies":[{"name":"wp","href":"https:\/\/api.w.org\/{rel}","templated":true}]}}