
{"id":12895,"date":"2016-05-18T21:10:01","date_gmt":"2016-05-18T21:10:01","guid":{"rendered":"http:\/\/colegioarquitectos.com\/?page_id=12895"},"modified":"2016-05-18T21:12:47","modified_gmt":"2016-05-18T21:12:47","slug":"documentos-legales-tecnicos","status":"publish","type":"page","link":"https:\/\/colegioarquitectos.com\/noticias\/?page_id=12895","title":{"rendered":"Documentos Legales &#038; T\u00e9cnicos"},"content":{"rendered":"<p class=\"texto-biblio-verde\"><span class=\"texto-negro-bold\"><strong>I. Informe Presidencia Colegio de Arquitectos &#8211; Mall Castro<\/strong><br \/>\n<\/span><\/p>\n<p class=\"texto-gris-bold\" align=\"justify\">INFORME T\u00c9CNICO REFERIDO AL RECURSO DE PROTECCI\u00d3N INTERPUESTO POR LA EMPRESA PASMAR S.A. EN CONTRA DE LA D.O.M. DE CASTRO (ROL 108-2013 CORTE APELACIONES PUERTO MONTT), EN LO QUE CONCIERNE A LA DETERMINACI\u00d3N DE LA ALTURA DE EDIFICACI\u00d3N PARA UN PROYECTO (MALL DE CASTRO) QUE CONTEMPLA UNA EDIFICACI\u00d3N AISLADA POR SOBRE LA ALTURA M\u00c1XIMA DE LA EDIFICACI\u00d3N CONTINUA EN UN TERRENO INCLINADO, A LA LUZ DE LA LEY Y ORDENANZA GENERAL DE URBANISMO Y CONSTRUCCIONES Y LA ORDENANZA LOCAL DEL PLAN REGULADOR DE LA CIUDAD DE CASTRO.<\/p>\n<p class=\"texto-negro-bold\" align=\"left\"><span class=\"texto-gris-bold\"><a href=\"http:\/\/www.colegioarquitectos.com\/castro\/InformeMalldeCastrov3-1.pdf\"><img loading=\"lazy\" decoding=\"async\" src=\"http:\/\/www.colegioarquitectos.com\/imgs\/descargas_linea_punto\/pdfcolor.jpg\" alt=\"\" width=\"21\" height=\"21\" border=\"0\" \/><\/a> Informe Mall de Castro v3.1 (altura de continuidad y adosamiento) &#8211; 03062013 (1).pdf<\/span><\/p>\n<p><a href=\"http:\/\/www.colegioarquitectos.com\/castro\/contraloria.pdf\"><img loading=\"lazy\" decoding=\"async\" src=\"http:\/\/www.colegioarquitectos.com\/imgs\/descargas_linea_punto\/pdfcolor.jpg\" alt=\"\" width=\"21\" height=\"21\" border=\"0\" \/><\/a> Dictamen Contralor\u00eda General de la Rep\u00fablica<\/p>\n<p><a href=\"http:\/\/www.colegioarquitectos.com\/castro\/DictamenCGR.pdf\"><img loading=\"lazy\" decoding=\"async\" src=\"http:\/\/www.colegioarquitectos.com\/imgs\/descargas_linea_punto\/pdfcolor.jpg\" alt=\"\" width=\"21\" height=\"21\" border=\"0\" \/><\/a> Dictamen Contralor\u00eda General de la Rep\u00fablica Ratifica el anterior<\/p>\n<p><a href=\"http:\/\/www.colegioarquitectos.com\/castro\/informerecursoproteccion.pdf\"><img loading=\"lazy\" decoding=\"async\" src=\"http:\/\/www.colegioarquitectos.com\/imgs\/descargas_linea_punto\/pdfcolor.jpg\" alt=\"\" width=\"21\" height=\"21\" border=\"0\" \/><\/a> Informe Recurso de Protecci\u00f3n<\/p>\n<p class=\"texto-negro-bold\">06 Junio 2013<br \/>\nPresidencia Colegio de Arquitectos de Chile<\/p>\n<hr \/>\n<p class=\"texto-negro-bold\">\n<p class=\"texto-gris-bold\"><strong><span class=\"texto-negro-bold\">II. Documentos Comisi\u00f3n Asesora Presidencial<\/span><\/strong><\/p>\n<p><span class=\"texto-biblio-verde\"><strong><a href=\"http:\/\/www.colegioarquitectos.com\/cndu\/PNDU06052013.pdf\" target=\"_blank\"><img loading=\"lazy\" decoding=\"async\" src=\"http:\/\/www.colegioarquitectos.com\/imgs\/descargas_linea_punto\/pdfcolor.jpg\" alt=\"\" width=\"21\" height=\"21\" border=\"0\" \/><\/a> <\/strong><\/span><strong><span class=\"texto-negro-bold\">POL\u00cdTICA NACIONAL DE DESARROLLO URBANO\u00a0<\/span>Ciudades Sustentables y Calidad de Vida\u00a0Santiago de Chile, 6 de mayo de 2013<\/strong><\/p>\n<p class=\"texto-biblio-verde\"><strong><a href=\"http:\/\/www.colegioarquitectos.com\/cndu\/Detalle%20de%20los%20aportes%20recibidos%2008.03.2013.pdf\" target=\"_blank\"><img loading=\"lazy\" decoding=\"async\" src=\"http:\/\/www.colegioarquitectos.com\/imgs\/descargas_linea_punto\/pdfcolor.jpg\" alt=\"\" width=\"21\" height=\"21\" border=\"0\" \/><\/a> <span class=\"texto-gris-bold\">Detalle de los aportes recibidos 08.03.2013.pdf<\/span><\/strong><\/p>\n<p class=\"texto-gris\"><strong><a href=\"http:\/\/www.colegioarquitectos.com\/cndu\/Observaciones%20UCH-PUC-UDP%20Borrador%20PNDU%2027-11-FINAL.pdf\" target=\"_blank\"><img loading=\"lazy\" decoding=\"async\" src=\"http:\/\/www.colegioarquitectos.com\/imgs\/descargas_linea_punto\/pdfcolor.jpg\" alt=\"\" width=\"21\" height=\"21\" border=\"0\" \/><\/a> Observaciones UCH-PUC-UDP Borrador PNDU 27-11-FINAL.pdf<\/strong><\/p>\n<p class=\"texto-gris\"><strong><a href=\"http:\/\/www.colegioarquitectos.com\/cndu\/politica%20Nacional%20de%20Desarrollo%20Urbano%2008.03.2013.pdf\" target=\"_blank\"><img loading=\"lazy\" decoding=\"async\" src=\"http:\/\/www.colegioarquitectos.com\/imgs\/descargas_linea_punto\/pdfcolor.jpg\" alt=\"\" width=\"21\" height=\"21\" border=\"0\" \/><\/a> politica Nacional de Desarrollo Urbano 08.03.2013.pdf<\/strong><\/p>\n<p class=\"texto-gris\"><strong><a href=\"http:\/\/www.colegioarquitectos.com\/cndu\/Principales%20observaciones%20CChC%20a%20PNDU.pdf\" target=\"_blank\"><img loading=\"lazy\" decoding=\"async\" src=\"http:\/\/www.colegioarquitectos.com\/imgs\/descargas_linea_punto\/pdfcolor.jpg\" alt=\"\" width=\"21\" height=\"21\" border=\"0\" \/><\/a> Principales observaciones CChC a PNDU.pdf<\/strong><\/p>\n<p class=\"texto-gris\"><strong><a href=\"http:\/\/www.colegioarquitectos.com\/cndu\/Propuesta%20Grupo%20Hales%20_a%20Comision%20Presidencial%20P%20NacDesUrbano_Ciudades%20Justas%20y%20Sustentables.pdf\" target=\"_blank\"><img loading=\"lazy\" decoding=\"async\" src=\"http:\/\/www.colegioarquitectos.com\/imgs\/descargas_linea_punto\/pdfcolor.jpg\" alt=\"\" width=\"21\" height=\"21\" border=\"0\" \/><\/a> Propuesta Grupo Hales _a Comision Presidencial P NacDesUrbano_Ciudades Justas y Sustentables.pdf<\/strong><\/p>\n<p class=\"texto-gris\"><strong><a href=\"http:\/\/www.colegioarquitectos.com\/cndu\/Propuesta%20PNDU%20UC.pdf\" target=\"_blank\"><img loading=\"lazy\" decoding=\"async\" src=\"http:\/\/www.colegioarquitectos.com\/imgs\/descargas_linea_punto\/pdfcolor.jpg\" alt=\"\" width=\"21\" height=\"21\" border=\"0\" \/><\/a> Propuesta Grupo Hales _a Comision Presidencial P NacDesUrbano_Ciudades Justas y Sustentables.pdf<\/strong><\/p>\n<hr \/>\n<p class=\"texto-gris\">\n<p><a href=\"http:\/\/www.iconstruccion.cl\/?p=191\" target=\"_blank\"><img loading=\"lazy\" decoding=\"async\" src=\"http:\/\/www.colegioarquitectos.com\/DOCUMENTOS\/normativas.jpg\" alt=\"\" width=\"303\" height=\"94\" border=\"0\" \/><\/a><br \/>\n<img loading=\"lazy\" decoding=\"async\" src=\"http:\/\/www.colegioarquitectos.com\/DOCUMENTOS\/ic.jpg\" alt=\"\" width=\"310\" height=\"75\" \/><\/p>\n<hr \/>\n<p>&nbsp;<\/p>\n<p class=\"texto-biblio-verde\"><strong><a href=\"http:\/\/www.colegioarquitectos.com\/descargas\/ValoresConstr.pdf\" target=\"_blank\"><img loading=\"lazy\" decoding=\"async\" src=\"http:\/\/www.colegioarquitectos.com\/imgs\/descargas_linea_punto\/pdfcolor.jpg\" alt=\"\" width=\"21\" height=\"21\" border=\"0\" \/><\/a><span class=\"texto-gris-bold\"> Resoluci\u00f3n N\u00ba 9577, VALORES UNITARIOS DE CONSTRUCCI\u00d3N PARA APLICAR EN C\u00c1LCULO DE DERECHOS DE PERMISOS MUNICIPALES<\/span><\/strong><\/p>\n<p><\/p>","protected":false},"excerpt":{"rendered":"<p>I. Informe Presidencia Colegio de Arquitectos &#8211; Mall Castro INFORME T\u00c9CNICO REFERIDO AL RECURSO DE PROTECCI\u00d3N INTERPUESTO POR LA EMPRESA PASMAR S.A. EN CONTRA DE LA D.O.M. DE CASTRO (ROL 108-2013 CORTE APELACIONES PUERTO MONTT), EN LO QUE CONCIERNE A &hellip; <a class=\"more-link\" href=\"https:\/\/colegioarquitectos.com\/noticias\/?page_id=12895\">ver m\u00e1s<\/a><\/p>","protected":false},"author":1,"featured_media":0,"parent":0,"menu_order":0,"comment_status":"closed","ping_status":"closed","template":"pages\/fullwidth.php","meta":{"footnotes":""},"class_list":["post-12895","page","type-page","status-publish","hentry"],"yoast_head":"<!-- This site is optimized with the Yoast SEO plugin v24.2 - https:\/\/yoast.com\/wordpress\/plugins\/seo\/ -->\n<title>Documentos Legales &amp; T\u00e9cnicos - COLEGIO DE ARQUITECTOS DE CHILE<\/title>\n<meta name=\"robots\" content=\"index, follow, max-snippet:-1, max-image-preview:large, max-video-preview:-1\" \/>\n<link rel=\"canonical\" href=\"https:\/\/colegioarquitectos.com\/noticias\/?page_id=12895\" \/>\n<meta property=\"og:locale\" content=\"es_ES\" \/>\n<meta property=\"og:type\" content=\"article\" \/>\n<meta property=\"og:title\" content=\"Documentos Legales &amp; T\u00e9cnicos - COLEGIO DE ARQUITECTOS DE CHILE\" \/>\n<meta property=\"og:description\" content=\"I. Informe Presidencia Colegio de Arquitectos &#8211; Mall Castro INFORME T\u00c9CNICO REFERIDO AL RECURSO DE PROTECCI\u00d3N INTERPUESTO POR LA EMPRESA PASMAR S.A. EN CONTRA DE LA D.O.M. DE CASTRO (ROL 108-2013 CORTE APELACIONES PUERTO MONTT), EN LO QUE CONCIERNE A &hellip; ver m\u00e1s\" \/>\n<meta property=\"og:url\" content=\"https:\/\/colegioarquitectos.com\/noticias\/?page_id=12895\" \/>\n<meta property=\"og:site_name\" content=\"COLEGIO DE ARQUITECTOS DE CHILE\" \/>\n<meta property=\"article:publisher\" content=\"https:\/\/facebook.com\/Colegioarq\/\" \/>\n<meta property=\"article:modified_time\" content=\"2016-05-18T21:12:47+00:00\" \/>\n<meta property=\"og:image\" content=\"http:\/\/www.colegioarquitectos.com\/imgs\/descargas_linea_punto\/pdfcolor.jpg\" \/>\n<meta name=\"twitter:card\" content=\"summary_large_image\" \/>\n<meta name=\"twitter:site\" content=\"@colegioarq\" \/>\n<meta name=\"twitter:label1\" content=\"Tiempo de lectura\" \/>\n\t<meta name=\"twitter:data1\" content=\"1 minuto\" \/>\n<script type=\"application\/ld+json\" class=\"yoast-schema-graph\">{\"@context\":\"https:\/\/schema.org\",\"@graph\":[{\"@type\":\"WebPage\",\"@id\":\"https:\/\/colegioarquitectos.com\/noticias\/?page_id=12895\",\"url\":\"https:\/\/colegioarquitectos.com\/noticias\/?page_id=12895\",\"name\":\"Documentos Legales & T\u00e9cnicos - COLEGIO DE ARQUITECTOS DE CHILE\",\"isPartOf\":{\"@id\":\"https:\/\/colegioarquitectos.com\/noticias\/#website\"},\"primaryImageOfPage\":{\"@id\":\"https:\/\/colegioarquitectos.com\/noticias\/?page_id=12895#primaryimage\"},\"image\":{\"@id\":\"https:\/\/colegioarquitectos.com\/noticias\/?page_id=12895#primaryimage\"},\"thumbnailUrl\":\"http:\/\/www.colegioarquitectos.com\/imgs\/descargas_linea_punto\/pdfcolor.jpg\",\"datePublished\":\"2016-05-18T21:10:01+00:00\",\"dateModified\":\"2016-05-18T21:12:47+00:00\",\"breadcrumb\":{\"@id\":\"https:\/\/colegioarquitectos.com\/noticias\/?page_id=12895#breadcrumb\"},\"inLanguage\":\"es\",\"potentialAction\":[{\"@type\":\"ReadAction\",\"target\":[\"https:\/\/colegioarquitectos.com\/noticias\/?page_id=12895\"]}]},{\"@type\":\"ImageObject\",\"inLanguage\":\"es\",\"@id\":\"https:\/\/colegioarquitectos.com\/noticias\/?page_id=12895#primaryimage\",\"url\":\"http:\/\/www.colegioarquitectos.com\/imgs\/descargas_linea_punto\/pdfcolor.jpg\",\"contentUrl\":\"http:\/\/www.colegioarquitectos.com\/imgs\/descargas_linea_punto\/pdfcolor.jpg\"},{\"@type\":\"BreadcrumbList\",\"@id\":\"https:\/\/colegioarquitectos.com\/noticias\/?page_id=12895#breadcrumb\",\"itemListElement\":[{\"@type\":\"ListItem\",\"position\":1,\"name\":\"Portada\",\"item\":\"https:\/\/colegioarquitectos.com\/noticias\"},{\"@type\":\"ListItem\",\"position\":2,\"name\":\"Documentos Legales &#038; T\u00e9cnicos\"}]},{\"@type\":\"WebSite\",\"@id\":\"https:\/\/colegioarquitectos.com\/noticias\/#website\",\"url\":\"https:\/\/colegioarquitectos.com\/noticias\/\",\"name\":\"COLEGIO DE ARQUITECTOS DE CHILE\",\"description\":\"\",\"publisher\":{\"@id\":\"https:\/\/colegioarquitectos.com\/noticias\/#organization\"},\"potentialAction\":[{\"@type\":\"SearchAction\",\"target\":{\"@type\":\"EntryPoint\",\"urlTemplate\":\"https:\/\/colegioarquitectos.com\/noticias\/?s={search_term_string}\"},\"query-input\":{\"@type\":\"PropertyValueSpecification\",\"valueRequired\":true,\"valueName\":\"search_term_string\"}}],\"inLanguage\":\"es\"},{\"@type\":\"Organization\",\"@id\":\"https:\/\/colegioarquitectos.com\/noticias\/#organization\",\"name\":\"COLEGIO DE ARQUITECTOS DE CHILE\",\"url\":\"https:\/\/colegioarquitectos.com\/noticias\/\",\"logo\":{\"@type\":\"ImageObject\",\"inLanguage\":\"es\",\"@id\":\"https:\/\/colegioarquitectos.com\/noticias\/#\/schema\/logo\/image\/\",\"url\":\"https:\/\/colegioarquitectos.com\/noticias\/wp-content\/uploads\/2021\/05\/ENCABEZADO-LOGO-CA.jpg\",\"contentUrl\":\"https:\/\/colegioarquitectos.com\/noticias\/wp-content\/uploads\/2021\/05\/ENCABEZADO-LOGO-CA.jpg\",\"width\":690,\"height\":350,\"caption\":\"COLEGIO DE ARQUITECTOS DE CHILE\"},\"image\":{\"@id\":\"https:\/\/colegioarquitectos.com\/noticias\/#\/schema\/logo\/image\/\"},\"sameAs\":[\"https:\/\/facebook.com\/Colegioarq\/\",\"https:\/\/x.com\/colegioarq\",\"https:\/\/instagram.com\/colegioarq\",\"https:\/\/youtube.com\/@ColegiodeArquitectosdeChile\"]}]}<\/script>\n<!-- \/ Yoast SEO plugin. -->","yoast_head_json":{"title":"Documentos Legales & T\u00e9cnicos - COLEGIO DE ARQUITECTOS DE CHILE","robots":{"index":"index","follow":"follow","max-snippet":"max-snippet:-1","max-image-preview":"max-image-preview:large","max-video-preview":"max-video-preview:-1"},"canonical":"https:\/\/colegioarquitectos.com\/noticias\/?page_id=12895","og_locale":"es_ES","og_type":"article","og_title":"Documentos Legales & T\u00e9cnicos - COLEGIO DE ARQUITECTOS DE CHILE","og_description":"I. Informe Presidencia Colegio de Arquitectos &#8211; Mall Castro INFORME T\u00c9CNICO REFERIDO AL RECURSO DE PROTECCI\u00d3N INTERPUESTO POR LA EMPRESA PASMAR S.A. EN CONTRA DE LA D.O.M. DE CASTRO (ROL 108-2013 CORTE APELACIONES PUERTO MONTT), EN LO QUE CONCIERNE A &hellip; ver m\u00e1s","og_url":"https:\/\/colegioarquitectos.com\/noticias\/?page_id=12895","og_site_name":"COLEGIO DE ARQUITECTOS DE CHILE","article_publisher":"https:\/\/facebook.com\/Colegioarq\/","article_modified_time":"2016-05-18T21:12:47+00:00","og_image":[{"url":"http:\/\/www.colegioarquitectos.com\/imgs\/descargas_linea_punto\/pdfcolor.jpg","type":"","width":"","height":""}],"twitter_card":"summary_large_image","twitter_site":"@colegioarq","twitter_misc":{"Tiempo de lectura":"1 minuto"},"schema":{"@context":"https:\/\/schema.org","@graph":[{"@type":"WebPage","@id":"https:\/\/colegioarquitectos.com\/noticias\/?page_id=12895","url":"https:\/\/colegioarquitectos.com\/noticias\/?page_id=12895","name":"Documentos Legales & T\u00e9cnicos - COLEGIO DE ARQUITECTOS DE CHILE","isPartOf":{"@id":"https:\/\/colegioarquitectos.com\/noticias\/#website"},"primaryImageOfPage":{"@id":"https:\/\/colegioarquitectos.com\/noticias\/?page_id=12895#primaryimage"},"image":{"@id":"https:\/\/colegioarquitectos.com\/noticias\/?page_id=12895#primaryimage"},"thumbnailUrl":"http:\/\/www.colegioarquitectos.com\/imgs\/descargas_linea_punto\/pdfcolor.jpg","datePublished":"2016-05-18T21:10:01+00:00","dateModified":"2016-05-18T21:12:47+00:00","breadcrumb":{"@id":"https:\/\/colegioarquitectos.com\/noticias\/?page_id=12895#breadcrumb"},"inLanguage":"es","potentialAction":[{"@type":"ReadAction","target":["https:\/\/colegioarquitectos.com\/noticias\/?page_id=12895"]}]},{"@type":"ImageObject","inLanguage":"es","@id":"https:\/\/colegioarquitectos.com\/noticias\/?page_id=12895#primaryimage","url":"http:\/\/www.colegioarquitectos.com\/imgs\/descargas_linea_punto\/pdfcolor.jpg","contentUrl":"http:\/\/www.colegioarquitectos.com\/imgs\/descargas_linea_punto\/pdfcolor.jpg"},{"@type":"BreadcrumbList","@id":"https:\/\/colegioarquitectos.com\/noticias\/?page_id=12895#breadcrumb","itemListElement":[{"@type":"ListItem","position":1,"name":"Portada","item":"https:\/\/colegioarquitectos.com\/noticias"},{"@type":"ListItem","position":2,"name":"Documentos Legales &#038; T\u00e9cnicos"}]},{"@type":"WebSite","@id":"https:\/\/colegioarquitectos.com\/noticias\/#website","url":"https:\/\/colegioarquitectos.com\/noticias\/","name":"COLEGIO DE ARQUITECTOS DE CHILE","description":"","publisher":{"@id":"https:\/\/colegioarquitectos.com\/noticias\/#organization"},"potentialAction":[{"@type":"SearchAction","target":{"@type":"EntryPoint","urlTemplate":"https:\/\/colegioarquitectos.com\/noticias\/?s={search_term_string}"},"query-input":{"@type":"PropertyValueSpecification","valueRequired":true,"valueName":"search_term_string"}}],"inLanguage":"es"},{"@type":"Organization","@id":"https:\/\/colegioarquitectos.com\/noticias\/#organization","name":"COLEGIO DE ARQUITECTOS DE CHILE","url":"https:\/\/colegioarquitectos.com\/noticias\/","logo":{"@type":"ImageObject","inLanguage":"es","@id":"https:\/\/colegioarquitectos.com\/noticias\/#\/schema\/logo\/image\/","url":"https:\/\/colegioarquitectos.com\/noticias\/wp-content\/uploads\/2021\/05\/ENCABEZADO-LOGO-CA.jpg","contentUrl":"https:\/\/colegioarquitectos.com\/noticias\/wp-content\/uploads\/2021\/05\/ENCABEZADO-LOGO-CA.jpg","width":690,"height":350,"caption":"COLEGIO DE ARQUITECTOS DE CHILE"},"image":{"@id":"https:\/\/colegioarquitectos.com\/noticias\/#\/schema\/logo\/image\/"},"sameAs":["https:\/\/facebook.com\/Colegioarq\/","https:\/\/x.com\/colegioarq","https:\/\/instagram.com\/colegioarq","https:\/\/youtube.com\/@ColegiodeArquitectosdeChile"]}]}},"_links":{"self":[{"href":"https:\/\/colegioarquitectos.com\/noticias\/index.php?rest_route=\/wp\/v2\/pages\/12895","targetHints":{"allow":["GET"]}}],"collection":[{"href":"https:\/\/colegioarquitectos.com\/noticias\/index.php?rest_route=\/wp\/v2\/pages"}],"about":[{"href":"https:\/\/colegioarquitectos.com\/noticias\/index.php?rest_route=\/wp\/v2\/types\/page"}],"author":[{"embeddable":true,"href":"https:\/\/colegioarquitectos.com\/noticias\/index.php?rest_route=\/wp\/v2\/users\/1"}],"replies":[{"embeddable":true,"href":"https:\/\/colegioarquitectos.com\/noticias\/index.php?rest_route=%2Fwp%2Fv2%2Fcomments&post=12895"}],"version-history":[{"count":0,"href":"https:\/\/colegioarquitectos.com\/noticias\/index.php?rest_route=\/wp\/v2\/pages\/12895\/revisions"}],"wp:attachment":[{"href":"https:\/\/colegioarquitectos.com\/noticias\/index.php?rest_route=%2Fwp%2Fv2%2Fmedia&parent=12895"}],"curies":[{"name":"wp","href":"https:\/\/api.w.org\/{rel}","templated":true}]}}