
{"id":20929,"date":"2018-06-15T17:17:42","date_gmt":"2018-06-15T17:17:42","guid":{"rendered":"http:\/\/colegioarquitectos.com\/?page_id=20929"},"modified":"2025-03-18T10:35:35","modified_gmt":"2025-03-18T14:35:35","slug":"comite-de-accesibilidad-universal","status":"publish","type":"page","link":"https:\/\/colegioarquitectos.com\/noticias\/?page_id=20929","title":{"rendered":"COMIT\u00c9 DE COORDINACI\u00d3N DE ACCESIBILIDAD UNIVERSAL"},"content":{"rendered":"<header class=\"entry-header clearfix\">\n<h4 class=\"entry-title\">DESCRIPCI\u00d3N \u00d3RGANO ASESOR<\/h4>\n<hr \/>\n<p>La propuesta de nuestro comit\u00e9 es la sensibilizaci\u00f3n de los arquitectos frete a la integraci\u00f3n y al di\u00e1logo con quienes viven de forma distinta el espacio, para dar respuesta en los dise\u00f1os a sus requerimientos de forma inclusiva, arm\u00f3nica y adecuada, con los dem\u00e1s componentes del espacio urbano y las edificaciones.<\/p>\n<p>&nbsp;<\/p>\n<h4>OBJETIVOS<\/h4>\n<hr \/>\n<h5>OBJETIVO GENERAL<\/h5>\n<p>Uno de los objetivos principales del Comit\u00e9 de Coordinaci\u00f3n de Accesibilidad, es difundir esta necesidad de conectividad universal con una arquitectura para todos, dentro de una ciudad amigable y una naturaleza accesible. Apoyando la Inclusi\u00f3n desde la accesibilidad, universal para todas las personas, especialmente para grupos vulnerables, en las edificaciones y el espacio p\u00fablico de nuestras ciudades y centros poblados.<\/p>\n<p>&nbsp;<\/p>\n<h5>OBJETIVOS ESPEC\u00cdFICOS<\/h5>\n<p>En el marco del trabajo de los objetivos de desarrollo sostenible de UN, se propone para los grupos vulnerables:<\/p>\n<ul>\n<li>Salud y Bienestar, proporcionando mejor calidad de vida en las ciudades, a todas las personas, especialmente a grupos vulnerables.<\/li>\n<li>Educaci\u00f3n de calidad, accesibilidad para todas las personas, para grupos vulnerables y especialmente las personas con discapacidad, a todos los centros de estudio.<\/li>\n<li>Trabajo decente y crecimiento econ\u00f3mico, mediante la inclusi\u00f3n laboral de las personas con discapacidad y personas mayores.<\/li>\n<li>Reducci\u00f3n de las desigualdades, eliminando brechas arquitect\u00f3nicas.<\/li>\n<li>Ciudades y comunidades sostenibles, derecho a usar los todos los espacios habitables, libremente, en forma autovalente y segura.<\/li>\n<li>Alianzas para lograr los objetivos, con sectores p\u00fablico y privados, considerando la participaci\u00f3n vinculante de los usuarios en dise\u00f1os accesibles y comprensibles para todos.<\/li>\n<li>Programa de trabajo 2020 del Comit\u00e9: se estructur\u00f3 en torno a un ciclo de 5 Webinar con charlas internacionales de accesibilidad universal en ciudades post pandemia, procediendo a establecer los lineamientos de estos encuentros desde diferentes pa\u00edses Iberoamericanos, como Espa\u00f1a, Ecuador y Chile con el patrocinio de la UIA, IAKS y Cities for All.<\/li>\n<li>Continuando con el enfoque de \u201cArquitectura para Todos\u201d, del grupo de trabajo de la UIA para la III Regi\u00f3n y en conjunto con el Comit\u00e9 de Arquitectura Deportiva, se abordaron temas con el lema de Arquitectura para todos, incorporando espacios para la recreaci\u00f3n y el deporte, como continuaci\u00f3n del enfoque del Seminario efectuado en el marco de la XXI Bienal de Arquitectura y Urbanismo 2019.<\/li>\n<\/ul>\n<p>&nbsp;<\/p>\n<h4>MESA DIRECTIVA VIGENTE<\/h4>\n<hr \/>\n<\/header>\n<header class=\"entry-header clearfix\">Presidenta: Cecilia Leiva Mu\u00f1oz<\/p>\n<p>Vicepresidente: Pedro Alfaro Orellana<\/p>\n<p>Secretaria: Javiera Mesa L\u00f3pez<\/p>\n<p><a href=\"mailto:cau@colegioarquitectos.com\">cau@colegioarquitectos.com<\/a><\/p>\n<h4><\/h4>\n<h4>REDES SOCIALES OFICIALES ACTIVAS<\/h4>\n<hr \/>\n<\/header>\n<p>Instagram: @comite_accesibilidad_ca<\/p>\n<p>Facebook: Comit\u00e9 Accesibilidad CA Chile<\/p>\n<p>&nbsp;<\/p>\n<h4>DOCUMENTOS O REGISTROS AUDIOVISUALES DE INTER\u00c9S<\/h4>\n<hr \/>\n<p>&nbsp;<\/p>\n<h4>Comit\u00e9 de Coordinaci\u00f3n de Accesibilidad Universal participa en el lanzamiento del libro Ciudad Accesible: Gu\u00edas de dise\u00f1o y Accesibilidad Universal<\/h4>\n<p><img loading=\"lazy\" decoding=\"async\" class=\"aligncenter size-full wp-image-31152\" src=\"https:\/\/colegioarquitectos.com\/noticias\/wp-content\/uploads\/2018\/06\/WhatsApp-Image-2023-11-08-at-12.41.03.jpeg\" alt=\"\" width=\"1079\" height=\"1047\" srcset=\"https:\/\/colegioarquitectos.com\/noticias\/wp-content\/uploads\/2018\/06\/WhatsApp-Image-2023-11-08-at-12.41.03.jpeg 1079w, https:\/\/colegioarquitectos.com\/noticias\/wp-content\/uploads\/2018\/06\/WhatsApp-Image-2023-11-08-at-12.41.03-300x291.jpeg 300w, https:\/\/colegioarquitectos.com\/noticias\/wp-content\/uploads\/2018\/06\/WhatsApp-Image-2023-11-08-at-12.41.03-768x745.jpeg 768w, https:\/\/colegioarquitectos.com\/noticias\/wp-content\/uploads\/2018\/06\/WhatsApp-Image-2023-11-08-at-12.41.03-1024x994.jpeg 1024w\" sizes=\"auto, (max-width: 1079px) 100vw, 1079px\" \/><\/p>\n<p>&nbsp;<\/p>\n<p><img loading=\"lazy\" decoding=\"async\" class=\"aligncenter size-full wp-image-31153\" src=\"https:\/\/colegioarquitectos.com\/noticias\/wp-content\/uploads\/2018\/06\/WhatsApp-Image-2023-11-08-at-12.41.02.jpeg\" alt=\"\" width=\"1280\" height=\"720\" srcset=\"https:\/\/colegioarquitectos.com\/noticias\/wp-content\/uploads\/2018\/06\/WhatsApp-Image-2023-11-08-at-12.41.02.jpeg 1280w, https:\/\/colegioarquitectos.com\/noticias\/wp-content\/uploads\/2018\/06\/WhatsApp-Image-2023-11-08-at-12.41.02-300x169.jpeg 300w, https:\/\/colegioarquitectos.com\/noticias\/wp-content\/uploads\/2018\/06\/WhatsApp-Image-2023-11-08-at-12.41.02-768x432.jpeg 768w, https:\/\/colegioarquitectos.com\/noticias\/wp-content\/uploads\/2018\/06\/WhatsApp-Image-2023-11-08-at-12.41.02-1024x576.jpeg 1024w\" sizes=\"auto, (max-width: 1280px) 100vw, 1280px\" \/><\/p>\n<p><img loading=\"lazy\" decoding=\"async\" class=\"aligncenter size-full wp-image-31154\" src=\"https:\/\/colegioarquitectos.com\/noticias\/wp-content\/uploads\/2018\/06\/WhatsApp-Image-2023-11-08-at-12.40.59.jpeg\" alt=\"\" width=\"1280\" height=\"720\" srcset=\"https:\/\/colegioarquitectos.com\/noticias\/wp-content\/uploads\/2018\/06\/WhatsApp-Image-2023-11-08-at-12.40.59.jpeg 1280w, https:\/\/colegioarquitectos.com\/noticias\/wp-content\/uploads\/2018\/06\/WhatsApp-Image-2023-11-08-at-12.40.59-300x169.jpeg 300w, https:\/\/colegioarquitectos.com\/noticias\/wp-content\/uploads\/2018\/06\/WhatsApp-Image-2023-11-08-at-12.40.59-768x432.jpeg 768w, https:\/\/colegioarquitectos.com\/noticias\/wp-content\/uploads\/2018\/06\/WhatsApp-Image-2023-11-08-at-12.40.59-1024x576.jpeg 1024w\" sizes=\"auto, (max-width: 1280px) 100vw, 1280px\" \/><\/p>\n<p>&nbsp;<\/p>\n<h4>Desastres naturales y emergencias en Chile: acciones en urbanismo y arquitectura para personas con discapacidad<\/h4>\n<p><iframe loading=\"lazy\" title=\"YouTube video player\" src=\"https:\/\/www.youtube.com\/embed\/38aIrvbow10\" width=\"560\" height=\"315\" frameborder=\"0\" allowfullscreen=\"allowfullscreen\"><\/iframe><\/p>\n<p><iframe loading=\"lazy\" title=\"YouTube video player\" src=\"https:\/\/www.youtube.com\/embed\/Q_vsdXQfjG4\" width=\"560\" height=\"315\" frameborder=\"0\" allowfullscreen=\"allowfullscreen\"><\/iframe><\/p>\n<p><iframe loading=\"lazy\" title=\"YouTube video player\" src=\"https:\/\/www.youtube.com\/embed\/1B2WRwcfqjo\" width=\"560\" height=\"315\" frameborder=\"0\" allowfullscreen=\"allowfullscreen\"><\/iframe><\/p>\n<p>&nbsp;<\/p>\n<h3>[Documento] Respondiendo a desastres naturales y emergencias: Propuesta para la Arquitectura y la planificaci\u00f3n urbana<\/h3>\n<p><a href=\"https:\/\/drive.google.com\/file\/d\/1XVRqtV1gmWJysrU3SLaLUDo6R2lDnmBp\/view?usp=drive_link\"><img loading=\"lazy\" decoding=\"async\" class=\"alignnone\" src=\"http:\/\/www.colegioarquitectos.com\/imgs\/descargas_linea_punto\/pdfcolor.jpg\" alt=\"\" width=\"21\" height=\"21\" border=\"0\" \/><\/a>\u00a0<strong><a href=\"https:\/\/drive.google.com\/file\/d\/1XVRqtV1gmWJysrU3SLaLUDo6R2lDnmBp\/view?usp=drive_link\">\u00abRespondiendo a desastres naturales y emergencias: Propuesta para la Arquitectura y la planificaci\u00f3n urbana\u00bb<\/a><\/strong><\/p>\n<p><\/p>","protected":false},"excerpt":{"rendered":"<p>DESCRIPCI\u00d3N \u00d3RGANO ASESOR La propuesta de nuestro comit\u00e9 es la sensibilizaci\u00f3n de los arquitectos frete a la integraci\u00f3n y al di\u00e1logo con quienes viven de forma distinta el espacio, para dar respuesta en los dise\u00f1os a sus requerimientos de forma &hellip; <a class=\"more-link\" href=\"https:\/\/colegioarquitectos.com\/noticias\/?page_id=20929\">ver m\u00e1s<\/a><\/p>","protected":false},"author":4,"featured_media":0,"parent":0,"menu_order":0,"comment_status":"closed","ping_status":"closed","template":"pages\/fullwidth.php","meta":{"footnotes":""},"class_list":["post-20929","page","type-page","status-publish","hentry"],"yoast_head":"<!-- This site is optimized with the Yoast SEO plugin v24.2 - https:\/\/yoast.com\/wordpress\/plugins\/seo\/ -->\n<title>COMIT\u00c9 DE COORDINACI\u00d3N DE ACCESIBILIDAD UNIVERSAL - COLEGIO DE ARQUITECTOS DE CHILE<\/title>\n<meta name=\"robots\" content=\"index, follow, max-snippet:-1, max-image-preview:large, max-video-preview:-1\" \/>\n<link rel=\"canonical\" href=\"https:\/\/colegioarquitectos.com\/noticias\/?page_id=20929\" \/>\n<meta property=\"og:locale\" content=\"es_ES\" \/>\n<meta property=\"og:type\" content=\"article\" \/>\n<meta property=\"og:title\" content=\"COMIT\u00c9 DE COORDINACI\u00d3N DE ACCESIBILIDAD UNIVERSAL - COLEGIO DE ARQUITECTOS DE CHILE\" \/>\n<meta property=\"og:description\" content=\"DESCRIPCI\u00d3N \u00d3RGANO ASESOR La propuesta de nuestro comit\u00e9 es la sensibilizaci\u00f3n de los arquitectos frete a la integraci\u00f3n y al di\u00e1logo con quienes viven de forma distinta el espacio, para dar respuesta en los dise\u00f1os a sus requerimientos de forma &hellip; ver m\u00e1s\" \/>\n<meta property=\"og:url\" content=\"https:\/\/colegioarquitectos.com\/noticias\/?page_id=20929\" \/>\n<meta property=\"og:site_name\" content=\"COLEGIO DE ARQUITECTOS DE CHILE\" \/>\n<meta property=\"article:publisher\" content=\"https:\/\/facebook.com\/Colegioarq\/\" \/>\n<meta property=\"article:modified_time\" content=\"2025-03-18T14:35:35+00:00\" \/>\n<meta property=\"og:image\" content=\"https:\/\/colegioarquitectos.com\/noticias\/wp-content\/uploads\/2018\/06\/WhatsApp-Image-2023-11-08-at-12.41.03.jpeg\" \/>\n\t<meta property=\"og:image:width\" content=\"1079\" \/>\n\t<meta property=\"og:image:height\" content=\"1047\" \/>\n\t<meta property=\"og:image:type\" content=\"image\/jpeg\" \/>\n<meta name=\"twitter:card\" content=\"summary_large_image\" \/>\n<meta name=\"twitter:site\" content=\"@colegioarq\" \/>\n<meta name=\"twitter:label1\" content=\"Tiempo de lectura\" \/>\n\t<meta name=\"twitter:data1\" content=\"3 minutos\" \/>\n<script type=\"application\/ld+json\" class=\"yoast-schema-graph\">{\"@context\":\"https:\/\/schema.org\",\"@graph\":[{\"@type\":\"WebPage\",\"@id\":\"https:\/\/colegioarquitectos.com\/noticias\/?page_id=20929\",\"url\":\"https:\/\/colegioarquitectos.com\/noticias\/?page_id=20929\",\"name\":\"COMIT\u00c9 DE COORDINACI\u00d3N DE ACCESIBILIDAD UNIVERSAL - COLEGIO DE ARQUITECTOS DE CHILE\",\"isPartOf\":{\"@id\":\"https:\/\/colegioarquitectos.com\/noticias\/#website\"},\"primaryImageOfPage\":{\"@id\":\"https:\/\/colegioarquitectos.com\/noticias\/?page_id=20929#primaryimage\"},\"image\":{\"@id\":\"https:\/\/colegioarquitectos.com\/noticias\/?page_id=20929#primaryimage\"},\"thumbnailUrl\":\"https:\/\/colegioarquitectos.com\/noticias\/wp-content\/uploads\/2018\/06\/WhatsApp-Image-2023-11-08-at-12.41.03.jpeg\",\"datePublished\":\"2018-06-15T17:17:42+00:00\",\"dateModified\":\"2025-03-18T14:35:35+00:00\",\"breadcrumb\":{\"@id\":\"https:\/\/colegioarquitectos.com\/noticias\/?page_id=20929#breadcrumb\"},\"inLanguage\":\"es\",\"potentialAction\":[{\"@type\":\"ReadAction\",\"target\":[\"https:\/\/colegioarquitectos.com\/noticias\/?page_id=20929\"]}]},{\"@type\":\"ImageObject\",\"inLanguage\":\"es\",\"@id\":\"https:\/\/colegioarquitectos.com\/noticias\/?page_id=20929#primaryimage\",\"url\":\"https:\/\/colegioarquitectos.com\/noticias\/wp-content\/uploads\/2018\/06\/WhatsApp-Image-2023-11-08-at-12.41.03.jpeg\",\"contentUrl\":\"https:\/\/colegioarquitectos.com\/noticias\/wp-content\/uploads\/2018\/06\/WhatsApp-Image-2023-11-08-at-12.41.03.jpeg\",\"width\":1079,\"height\":1047},{\"@type\":\"BreadcrumbList\",\"@id\":\"https:\/\/colegioarquitectos.com\/noticias\/?page_id=20929#breadcrumb\",\"itemListElement\":[{\"@type\":\"ListItem\",\"position\":1,\"name\":\"Portada\",\"item\":\"https:\/\/colegioarquitectos.com\/noticias\"},{\"@type\":\"ListItem\",\"position\":2,\"name\":\"COMIT\u00c9 DE COORDINACI\u00d3N DE ACCESIBILIDAD UNIVERSAL\"}]},{\"@type\":\"WebSite\",\"@id\":\"https:\/\/colegioarquitectos.com\/noticias\/#website\",\"url\":\"https:\/\/colegioarquitectos.com\/noticias\/\",\"name\":\"COLEGIO DE ARQUITECTOS DE CHILE\",\"description\":\"\",\"publisher\":{\"@id\":\"https:\/\/colegioarquitectos.com\/noticias\/#organization\"},\"potentialAction\":[{\"@type\":\"SearchAction\",\"target\":{\"@type\":\"EntryPoint\",\"urlTemplate\":\"https:\/\/colegioarquitectos.com\/noticias\/?s={search_term_string}\"},\"query-input\":{\"@type\":\"PropertyValueSpecification\",\"valueRequired\":true,\"valueName\":\"search_term_string\"}}],\"inLanguage\":\"es\"},{\"@type\":\"Organization\",\"@id\":\"https:\/\/colegioarquitectos.com\/noticias\/#organization\",\"name\":\"COLEGIO DE ARQUITECTOS DE CHILE\",\"url\":\"https:\/\/colegioarquitectos.com\/noticias\/\",\"logo\":{\"@type\":\"ImageObject\",\"inLanguage\":\"es\",\"@id\":\"https:\/\/colegioarquitectos.com\/noticias\/#\/schema\/logo\/image\/\",\"url\":\"https:\/\/colegioarquitectos.com\/noticias\/wp-content\/uploads\/2021\/05\/ENCABEZADO-LOGO-CA.jpg\",\"contentUrl\":\"https:\/\/colegioarquitectos.com\/noticias\/wp-content\/uploads\/2021\/05\/ENCABEZADO-LOGO-CA.jpg\",\"width\":690,\"height\":350,\"caption\":\"COLEGIO DE ARQUITECTOS DE CHILE\"},\"image\":{\"@id\":\"https:\/\/colegioarquitectos.com\/noticias\/#\/schema\/logo\/image\/\"},\"sameAs\":[\"https:\/\/facebook.com\/Colegioarq\/\",\"https:\/\/x.com\/colegioarq\",\"https:\/\/instagram.com\/colegioarq\",\"https:\/\/youtube.com\/@ColegiodeArquitectosdeChile\"]}]}<\/script>\n<!-- \/ Yoast SEO plugin. -->","yoast_head_json":{"title":"COMIT\u00c9 DE COORDINACI\u00d3N DE ACCESIBILIDAD UNIVERSAL - COLEGIO DE ARQUITECTOS DE CHILE","robots":{"index":"index","follow":"follow","max-snippet":"max-snippet:-1","max-image-preview":"max-image-preview:large","max-video-preview":"max-video-preview:-1"},"canonical":"https:\/\/colegioarquitectos.com\/noticias\/?page_id=20929","og_locale":"es_ES","og_type":"article","og_title":"COMIT\u00c9 DE COORDINACI\u00d3N DE ACCESIBILIDAD UNIVERSAL - COLEGIO DE ARQUITECTOS DE CHILE","og_description":"DESCRIPCI\u00d3N \u00d3RGANO ASESOR La propuesta de nuestro comit\u00e9 es la sensibilizaci\u00f3n de los arquitectos frete a la integraci\u00f3n y al di\u00e1logo con quienes viven de forma distinta el espacio, para dar respuesta en los dise\u00f1os a sus requerimientos de forma &hellip; ver m\u00e1s","og_url":"https:\/\/colegioarquitectos.com\/noticias\/?page_id=20929","og_site_name":"COLEGIO DE ARQUITECTOS DE CHILE","article_publisher":"https:\/\/facebook.com\/Colegioarq\/","article_modified_time":"2025-03-18T14:35:35+00:00","og_image":[{"width":1079,"height":1047,"url":"https:\/\/colegioarquitectos.com\/noticias\/wp-content\/uploads\/2018\/06\/WhatsApp-Image-2023-11-08-at-12.41.03.jpeg","type":"image\/jpeg"}],"twitter_card":"summary_large_image","twitter_site":"@colegioarq","twitter_misc":{"Tiempo de lectura":"3 minutos"},"schema":{"@context":"https:\/\/schema.org","@graph":[{"@type":"WebPage","@id":"https:\/\/colegioarquitectos.com\/noticias\/?page_id=20929","url":"https:\/\/colegioarquitectos.com\/noticias\/?page_id=20929","name":"COMIT\u00c9 DE COORDINACI\u00d3N DE ACCESIBILIDAD UNIVERSAL - COLEGIO DE ARQUITECTOS DE CHILE","isPartOf":{"@id":"https:\/\/colegioarquitectos.com\/noticias\/#website"},"primaryImageOfPage":{"@id":"https:\/\/colegioarquitectos.com\/noticias\/?page_id=20929#primaryimage"},"image":{"@id":"https:\/\/colegioarquitectos.com\/noticias\/?page_id=20929#primaryimage"},"thumbnailUrl":"https:\/\/colegioarquitectos.com\/noticias\/wp-content\/uploads\/2018\/06\/WhatsApp-Image-2023-11-08-at-12.41.03.jpeg","datePublished":"2018-06-15T17:17:42+00:00","dateModified":"2025-03-18T14:35:35+00:00","breadcrumb":{"@id":"https:\/\/colegioarquitectos.com\/noticias\/?page_id=20929#breadcrumb"},"inLanguage":"es","potentialAction":[{"@type":"ReadAction","target":["https:\/\/colegioarquitectos.com\/noticias\/?page_id=20929"]}]},{"@type":"ImageObject","inLanguage":"es","@id":"https:\/\/colegioarquitectos.com\/noticias\/?page_id=20929#primaryimage","url":"https:\/\/colegioarquitectos.com\/noticias\/wp-content\/uploads\/2018\/06\/WhatsApp-Image-2023-11-08-at-12.41.03.jpeg","contentUrl":"https:\/\/colegioarquitectos.com\/noticias\/wp-content\/uploads\/2018\/06\/WhatsApp-Image-2023-11-08-at-12.41.03.jpeg","width":1079,"height":1047},{"@type":"BreadcrumbList","@id":"https:\/\/colegioarquitectos.com\/noticias\/?page_id=20929#breadcrumb","itemListElement":[{"@type":"ListItem","position":1,"name":"Portada","item":"https:\/\/colegioarquitectos.com\/noticias"},{"@type":"ListItem","position":2,"name":"COMIT\u00c9 DE COORDINACI\u00d3N DE ACCESIBILIDAD UNIVERSAL"}]},{"@type":"WebSite","@id":"https:\/\/colegioarquitectos.com\/noticias\/#website","url":"https:\/\/colegioarquitectos.com\/noticias\/","name":"COLEGIO DE ARQUITECTOS DE CHILE","description":"","publisher":{"@id":"https:\/\/colegioarquitectos.com\/noticias\/#organization"},"potentialAction":[{"@type":"SearchAction","target":{"@type":"EntryPoint","urlTemplate":"https:\/\/colegioarquitectos.com\/noticias\/?s={search_term_string}"},"query-input":{"@type":"PropertyValueSpecification","valueRequired":true,"valueName":"search_term_string"}}],"inLanguage":"es"},{"@type":"Organization","@id":"https:\/\/colegioarquitectos.com\/noticias\/#organization","name":"COLEGIO DE ARQUITECTOS DE CHILE","url":"https:\/\/colegioarquitectos.com\/noticias\/","logo":{"@type":"ImageObject","inLanguage":"es","@id":"https:\/\/colegioarquitectos.com\/noticias\/#\/schema\/logo\/image\/","url":"https:\/\/colegioarquitectos.com\/noticias\/wp-content\/uploads\/2021\/05\/ENCABEZADO-LOGO-CA.jpg","contentUrl":"https:\/\/colegioarquitectos.com\/noticias\/wp-content\/uploads\/2021\/05\/ENCABEZADO-LOGO-CA.jpg","width":690,"height":350,"caption":"COLEGIO DE ARQUITECTOS DE CHILE"},"image":{"@id":"https:\/\/colegioarquitectos.com\/noticias\/#\/schema\/logo\/image\/"},"sameAs":["https:\/\/facebook.com\/Colegioarq\/","https:\/\/x.com\/colegioarq","https:\/\/instagram.com\/colegioarq","https:\/\/youtube.com\/@ColegiodeArquitectosdeChile"]}]}},"_links":{"self":[{"href":"https:\/\/colegioarquitectos.com\/noticias\/index.php?rest_route=\/wp\/v2\/pages\/20929","targetHints":{"allow":["GET"]}}],"collection":[{"href":"https:\/\/colegioarquitectos.com\/noticias\/index.php?rest_route=\/wp\/v2\/pages"}],"about":[{"href":"https:\/\/colegioarquitectos.com\/noticias\/index.php?rest_route=\/wp\/v2\/types\/page"}],"author":[{"embeddable":true,"href":"https:\/\/colegioarquitectos.com\/noticias\/index.php?rest_route=\/wp\/v2\/users\/4"}],"replies":[{"embeddable":true,"href":"https:\/\/colegioarquitectos.com\/noticias\/index.php?rest_route=%2Fwp%2Fv2%2Fcomments&post=20929"}],"version-history":[{"count":2,"href":"https:\/\/colegioarquitectos.com\/noticias\/index.php?rest_route=\/wp\/v2\/pages\/20929\/revisions"}],"predecessor-version":[{"id":33345,"href":"https:\/\/colegioarquitectos.com\/noticias\/index.php?rest_route=\/wp\/v2\/pages\/20929\/revisions\/33345"}],"wp:attachment":[{"href":"https:\/\/colegioarquitectos.com\/noticias\/index.php?rest_route=%2Fwp%2Fv2%2Fmedia&parent=20929"}],"curies":[{"name":"wp","href":"https:\/\/api.w.org\/{rel}","templated":true}]}}