
{"id":4680,"date":"2013-10-15T13:26:51","date_gmt":"2013-10-15T13:26:51","guid":{"rendered":"http:\/\/colegioarquitectos.com\/noticias\/?page_id=4680"},"modified":"2024-07-09T11:46:02","modified_gmt":"2024-07-09T15:46:02","slug":"sede-nacional","status":"publish","type":"page","link":"https:\/\/colegioarquitectos.com\/noticias\/?page_id=4680","title":{"rendered":"Historia de la Sede Nacional \u00abGonzalo Mardones Restat\u00bb"},"content":{"rendered":"<p><a href=\"http:\/\/colegioarquitectos.com\/noticias\/wp-content\/uploads\/2013\/10\/ca002.png\"><img loading=\"lazy\" decoding=\"async\" class=\"aligncenter wp-image-12980 size-full\" src=\"https:\/\/colegioarquitectos.com\/noticias\/wp-content\/uploads\/2013\/10\/ca002.png\" alt=\"ca002\" width=\"1209\" height=\"800\" srcset=\"https:\/\/colegioarquitectos.com\/noticias\/wp-content\/uploads\/2013\/10\/ca002.png 1209w, https:\/\/colegioarquitectos.com\/noticias\/wp-content\/uploads\/2013\/10\/ca002-300x199.png 300w, https:\/\/colegioarquitectos.com\/noticias\/wp-content\/uploads\/2013\/10\/ca002-1024x678.png 1024w\" sizes=\"auto, (max-width: 1209px) 100vw, 1209px\" \/><\/a><\/p>\n<p>&nbsp;<\/p>\n<p style=\"text-align: justify;\">La obra, ubicada en Avenida Libertador Bernardo O&#8217;Higgins 115, Santiago, fue construida por encargo de Mart\u00edn Figueroa al arquitecto\u00a0Luciano Kulczewski en 1920. Su estructura de hormig\u00f3n armado (que permiti\u00f3 realizar y dar formas a sus tallos de lirios y ritmos de la fachada), pilares, vigas, cadenas y losas, es considerada uno de los mejores exponentes del Art Nouveau en Chile.<\/p>\n<p>El Art Nouveau (arte nuevo) surge del movimiento Arts and Crafts, originario de Inglaterra, y tuvo como principal objetivo acercar el arte a la gente, ya que las obras de arte se fabrican masivamente con t\u00e9cnicas industriales.<\/p>\n<p>El movimiento y sus construcciones propon\u00edan el uso de met\u00e1fora, intenta comunicar un significado; la asimetr\u00eda, desnudando la arquitectura de su disfraz, en que se intenta mostrar los materiales tal como son y para qu\u00e9 sirven; y la ornamentaci\u00f3n debe ser de origen vegetal y m\u00edtico, privilegiando los colores de la naturaleza.<\/p>\n<p>En 1941 la sucesi\u00f3n de don Mart\u00edn Figueroa vende la propiedad completa a don Jos\u00e9 Ram\u00f3n Guti\u00e9rrez Alliende, qui\u00e9n la deja para la renta, hasta que le es expropiada.<\/p>\n<p>En la d\u00e9cada de los 40 y hasta el final de los 60, se instala la Cl\u00ednica de Maternidad \u00abFlorence Nightingale\u00bb, de la matrona Lidia Dellepiane, segunda cl\u00ednica de esta naturaleza, despu\u00e9s de la Cl\u00ednica Sara Moncada, en la casa situada al poniente (N\u00b0 117), casi enfrentada al Hospital San Borja, y que funcion\u00f3 all\u00ed hasta la expropiaci\u00f3n del inmueble.<\/p>\n<p>En la casa que originalmente habitaba la Familia Figueroa Echa\u00edz, hacia el Oriente (N\u00b0113) se instala una residencia\u2013hospedaje, que recib\u00eda a pasajeros, familias y estudiantes universitarios, que ven\u00edan especialmente desde Punta Arenas y Antofagasta, acogiendo principalmente a la comunidad croata de esos a\u00f1os.<\/p>\n<p>En 1970, la obra es expropiada por la CORMU, como parte del Plan de Desarrollo Urbano en el marco de la Remodelaci\u00f3n San Borja. En tanto, en 1974 y por iniciativa de Gonzalo Mardones Restat, el edificio es adquirido para ser la nueva Sede Nacional del Colegio de Arquitectos de Chile<\/p>\n<p>&nbsp;<\/p>\n<p><img loading=\"lazy\" decoding=\"async\" class=\"wp-image-12984 aligncenter\" src=\"http:\/\/colegioarquitectos.com\/noticias\/wp-content\/uploads\/2013\/10\/ca003.png\" alt=\"ca003\" width=\"431\" height=\"215\" srcset=\"https:\/\/colegioarquitectos.com\/noticias\/wp-content\/uploads\/2013\/10\/ca003.png 601w, https:\/\/colegioarquitectos.com\/noticias\/wp-content\/uploads\/2013\/10\/ca003-300x150.png 300w\" sizes=\"auto, (max-width: 431px) 100vw, 431px\" \/><\/p>\n<p><a href=\"http:\/\/colegioarquitectos.com\/noticias\/wp-content\/uploads\/2013\/10\/ac3.jpg\"><img loading=\"lazy\" decoding=\"async\" class=\"wp-image-12983 aligncenter\" src=\"http:\/\/colegioarquitectos.com\/noticias\/wp-content\/uploads\/2013\/10\/ac3-475x1024.jpg\" alt=\"ac3\" width=\"327\" height=\"705\" srcset=\"https:\/\/colegioarquitectos.com\/noticias\/wp-content\/uploads\/2013\/10\/ac3-475x1024.jpg 475w, https:\/\/colegioarquitectos.com\/noticias\/wp-content\/uploads\/2013\/10\/ac3-139x300.jpg 139w, https:\/\/colegioarquitectos.com\/noticias\/wp-content\/uploads\/2013\/10\/ac3.jpg 529w\" sizes=\"auto, (max-width: 327px) 100vw, 327px\" \/><\/a> <a href=\"http:\/\/colegioarquitectos.com\/noticias\/wp-content\/uploads\/2013\/10\/ca003.png\"><br \/>\n<\/a><a href=\"http:\/\/colegioarquitectos.com\/noticias\/wp-content\/uploads\/2013\/10\/exterior_002.jpg\"><img loading=\"lazy\" decoding=\"async\" class=\"wp-image-12985 aligncenter\" src=\"http:\/\/colegioarquitectos.com\/noticias\/wp-content\/uploads\/2013\/10\/exterior_002.jpg\" alt=\"exterior_002\" width=\"423\" height=\"390\" srcset=\"https:\/\/colegioarquitectos.com\/noticias\/wp-content\/uploads\/2013\/10\/exterior_002.jpg 721w, https:\/\/colegioarquitectos.com\/noticias\/wp-content\/uploads\/2013\/10\/exterior_002-300x276.jpg 300w\" sizes=\"auto, (max-width: 423px) 100vw, 423px\" \/><\/a> <a href=\"http:\/\/colegioarquitectos.com\/noticias\/wp-content\/uploads\/2013\/10\/interior_001.jpg\"><img loading=\"lazy\" decoding=\"async\" class=\"wp-image-12986 aligncenter\" src=\"http:\/\/colegioarquitectos.com\/noticias\/wp-content\/uploads\/2013\/10\/interior_001-1024x713.jpg\" alt=\"interior_001\" width=\"437\" height=\"304\" srcset=\"https:\/\/colegioarquitectos.com\/noticias\/wp-content\/uploads\/2013\/10\/interior_001-1024x713.jpg 1024w, https:\/\/colegioarquitectos.com\/noticias\/wp-content\/uploads\/2013\/10\/interior_001-300x209.jpg 300w, https:\/\/colegioarquitectos.com\/noticias\/wp-content\/uploads\/2013\/10\/interior_001.jpg 1154w\" sizes=\"auto, (max-width: 437px) 100vw, 437px\" \/><\/a><\/p>\n<p>&nbsp;<\/p>\n<p>&nbsp;<\/p>\n<h4><strong>Intervenciones del edificio a cargo de Gonzalo Mardones Restat<\/strong><\/h4>\n<hr \/>\n<p>La modificaci\u00f3n m\u00e1s importante fue la transformaci\u00f3n de la construcci\u00f3n, que originalmente consideraba dos viviendas en el segundo y tercer piso, m\u00e1s cinco locales comerciales en el primer piso, en el edificio corporativo del Colegio de Arquitectos de Chile. La intervenci\u00f3n proyectual y constructiva que unific\u00f3 el uso del edificio estuvo a cargo del arquitecto Gonzalo Mardones Restat.<\/p>\n<p>Las modificaciones fueron:<\/p>\n<p>&nbsp;<\/p>\n<ul>\n<li>Creaci\u00f3n de un nuevo acceso \u00fanico, ocupando para esto la entrada y la zona destinada antiguamente para el local comercial central del edificio.<\/li>\n<\/ul>\n<p>&nbsp;<\/p>\n<ul>\n<li>Creaci\u00f3n de hall de acceso y nueva caja de escalas para acceder a un edifico ahora unitario.<\/li>\n<\/ul>\n<p>&nbsp;<\/p>\n<ul>\n<li>Eliminaci\u00f3n de dependencias interiores, al parecer zonas de servicio de la propuesta original, creando una terraza interior en el 2\u00ba piso y liberando el 3\u00ba piso.<\/li>\n<\/ul>\n<p>&nbsp;<\/p>\n<ul>\n<li>De los cinco locales comerciales, actualmente hay uno destinado para este efecto y que actual- mente el Colegio lo arrienda a particulares. Los otros fueron transformados en una sala de exposiciones y eventos y en la biblioteca del Colegio.<\/li>\n<\/ul>\n<p>&nbsp;<\/p>\n<ul>\n<li>Eliminaci\u00f3n y creaci\u00f3n de tabiques o muros divisorios para albergar a la entidad gremial.<\/li>\n<\/ul>\n<p>&nbsp;<\/p>\n<p>&nbsp;<\/p>\n<p><img loading=\"lazy\" decoding=\"async\" class=\"size-full wp-image-4681 aligncenter\" src=\"http:\/\/colegioarquitectos.com\/noticias\/wp-content\/uploads\/2013\/10\/IMG_3297-Edit.jpg\" alt=\"IMG_3297-Edit\" width=\"800\" height=\"533\" srcset=\"https:\/\/colegioarquitectos.com\/noticias\/wp-content\/uploads\/2013\/10\/IMG_3297-Edit.jpg 800w, https:\/\/colegioarquitectos.com\/noticias\/wp-content\/uploads\/2013\/10\/IMG_3297-Edit-300x199.jpg 300w\" sizes=\"auto, (max-width: 800px) 100vw, 800px\" \/><\/p>\n<p>&nbsp;<\/p>\n<h4>\u00a0Monumento Hist\u00f3rico<\/h4>\n<hr \/>\n<p>Por la unanimidad de sus integrantes el Consejo de Monumentos Nacionales (CMN) decidi\u00f3 declarar monumento hist\u00f3rico a la sede del Colegio de Arquitectos, ubicada en Alameda 115 (<a href=\"https:\/\/www.monumentos.gob.cl\/sites\/default\/files\/decretos\/MH_01244_2010_D00410.PDF\">Decreto N\u00b0410<\/a>). La obra, dise\u00f1ada por Luciano Kulczewski, es considerada uno de los mejores exponentes del Art Nouveau en Chile.<\/p>\n<p>\u00abCon esta decisi\u00f3n, se ratifica el valor patrimonial de un inmueble reconocido y apreciado por la comunidad\u00bb, indic\u00f3 el Secretario Ejecutivo del Consejo de Monumentos Nacionales, \u00d3scar Acu\u00f1a, quien destac\u00f3 la alta cantidad de visitas que ha recibido la sede del Colegio de Arquitectos desde que en 2007 se sum\u00f3 a los edificios que abren sus puertas en el D\u00eda del Patrimonio Cultural.<\/p>\n<p>La declaratoria resuelta incluye un pol\u00edgono de protecci\u00f3n que abarca desde los ejes medianeros del inmueble a la solera, por sobre la vereda. Ello implica que cualquier intervenci\u00f3n en ese espacio, como la instalaci\u00f3n de paraderos, kioskos u otros elementos, deber\u00e1 ser consultada al Consejo de Monumentos Nacionales. La finalidad es evitar los continuos rayados que afectan a la fachada, debido a su cercan\u00eda con la Plaza Italia.<\/p>\n<p>Fueron las arquitectas Mar\u00eda Cristina Gillmore Escoda e Itxiar Larra\u00f1aga Larra\u00f1aga, del Comit\u00e9 de Patrimonio del Colegio de Arquitectos, quienes prepararon el expediente para la declaraci\u00f3n de Monumento Nacional. Lamentablemente, Mar\u00eda Cristina Gillmore no alcanz\u00f3 a conocer sus resultados, pues falleci\u00f3 antes de su presentaci\u00f3n y aprobaci\u00f3n.<\/p>\n<p><img loading=\"lazy\" decoding=\"async\" class=\"alignnone size-full wp-image-30137\" src=\"https:\/\/colegioarquitectos.com\/noticias\/wp-content\/uploads\/2023\/04\/ENCABEZADO-2.jpg\" alt=\"\" width=\"1280\" height=\"720\" srcset=\"https:\/\/colegioarquitectos.com\/noticias\/wp-content\/uploads\/2023\/04\/ENCABEZADO-2.jpg 1280w, https:\/\/colegioarquitectos.com\/noticias\/wp-content\/uploads\/2023\/04\/ENCABEZADO-2-300x169.jpg 300w, https:\/\/colegioarquitectos.com\/noticias\/wp-content\/uploads\/2023\/04\/ENCABEZADO-2-768x432.jpg 768w, https:\/\/colegioarquitectos.com\/noticias\/wp-content\/uploads\/2023\/04\/ENCABEZADO-2-1024x576.jpg 1024w\" sizes=\"auto, (max-width: 1280px) 100vw, 1280px\" \/><\/p>\n<p>Foto: Gabriel Salgado Sep\u00falveda &#8211; Abril 2023<\/p>\n<hr \/>\n<h4><strong>\u00abLa nueva sede del Colegio de Arquitectos de Chile\u00bb<\/strong><\/h4>\n<hr \/>\n<p style=\"text-align: right;\">Por <strong>Gonzalo Mardones Restat**<\/strong><\/p>\n<p><em>\u00a0<\/em><\/p>\n<p>Desde hace varios a\u00f1os uno de los m\u00e1s sentidos anhelos del Colegio de Arquitectos de Chile ha sido el trasladar su sede a un local que sirva mejor a sus variadas actividades. El d\u00e9cimo piso de Teatinos 248 cumpli\u00f3 sobradamente su misi\u00f3n durante los primeros tiempos de la Instituci\u00f3n, pero hoy resulta, adem\u00e1s de inadecuado, un verdadero obst\u00e1culo para el desarrollo del trabajo de comisiones, para las actividades habituales de atenci\u00f3n a los colegiados y al p\u00fablico, para el fomento de eventos culturales, un freno para la convivencia social del gremio, y por \u00faltimo, impide absolutamente las reuniones de grandes grupos en asambleas o conferencias indispensables en un Colegio de m\u00e1s de dos mil profesionales.<\/p>\n<p>El actual Consejo General se fij\u00f3 la meta de lograr la nueva sede. Dif\u00edcil tarea, tanto por las limitaciones financieras como por los requisitos que el propio Consejo se impuso. Desde los primeros estudios se determin\u00f3 superficies m\u00ednimas para cumplir con cierta comodidad e independencia las funciones programadas, que no bajaban de los 1.000 metros cuadrados edificados. A cualquier costo de construcci\u00f3n el actual patrimonio del Colegio no financiaba ni el 20% y las condiciones econ\u00f3micas de sus miembros, que para estos efectos se reduc\u00edan a los de Santiago, representaba cuotas de aporte tan elevadas imposibles de exigir.<\/p>\n<p>Naci\u00f3 entonces la idea de aspirar a una antigua residencia, de costo irrelevante, pero a la vez de caracter\u00edsticas arquitect\u00f3nicas que hicieran conveniente y atractiva su conservaci\u00f3n, tanto desde puntos de vista hist\u00f3ricos o est\u00e9ticos, como estructurales para justificar una inversi\u00f3n en refacciones o restauraciones.<\/p>\n<p>Durante el a\u00f1o 1973, se estudi\u00f3 y visit\u00f3 gran cantidad de casas y edificios y todas resultaban inadecuadas desde uno u otro aspecto. Las condiciones imperantes en el pa\u00eds no favorec\u00edan tampoco el \u00e9xito de los planes.<\/p>\n<p>A principios del presente a\u00f1o, algunos arquitectos de la CORMU, encabezados por su jefe, el Consejero Ernesto Labb\u00e9, \u00abdescubrieron\u00bb una casa condenada a la demolici\u00f3n inmediata y que cubierta por una vejez prematura, un deplorable estado de conservaci\u00f3n, y un estilo o \u00e9poca arquitect\u00f3nica hasta hoy bastante denigrada en Chile, permanec\u00eda oculta a las miradas en una expectante ubicaci\u00f3n. Alameda Bernardo O&#8217;Higgins 115, la principal arteria de la capital, una cuadra de Plaza Baquedano, principal nudo o hito de la ciudad, una cuadra del edificio Diego Portales, borde del centro tradicional y puerta del barrio oriente, equidistante 100 metros de dos futuras estaciones de la l\u00ednea 1 del ferrocarril metropolitano.<\/p>\n<p>Era tan dif\u00edcil \u00abverla\u00bb y \u00abapreciarla\u00bb que las primeras visitas de varios consejeros concluyeron en informes bastantes deceptivos. A medida que imaginativamente algunos visionarios iban despoj\u00e1ndola de polvo y telara\u00f1as se iba apareciendo como una leve posibilidad.<\/p>\n<p>\u00bfCu\u00e1l es su estilo? \u00bfQui\u00e9n su creador? Eclecticismo Neocl\u00e1sico y Art Nouveau del arquitecto fallecido hace dos a\u00f1os don Luciano Kulczewski. Cinco puertas de locales comerciales en la acera sur de la Alameda, dos accesos directos a dos residencias de \u00abaltos\u00bb en segundo y tercer piso, construida por encargo de don Martin Figueroa all\u00e1 por el a\u00f1o 20, estructura de hormig\u00f3n armado, pilares, vigas, cadenas y losas incluso sobre el tercer piso; b\u00e1sicamente sana en su estructura, s\u00f3lo algunos errores de concepci\u00f3n antis\u00edsmica posibles de corregir, pero probada en no menos de 20 sismos de consideraci\u00f3n.<\/p>\n<p>Tres grupos generacionales de arquitectos pueden opinar hoy d\u00eda. Los contempor\u00e1neos de don Luciano, todos ellos miembros vitalicios u honorarios del Colegio, que vieron como una nueva concepci\u00f3n contempor\u00e1nea de la arquitectura fue dejando en el total olvido su formaci\u00f3n inpirada en la vieja Ecolo de Beaux Arts y que, comprendiendo el avance depusieron las armas o se renovaron. La generaci\u00f3n intermedia, hoy en la plenitud y que en su periodo formativo dieron la lucha en contra de la \u00abacademia\u00bb por los nuevos principios; devotos de los postulados de la Carta de Atenas e instauradores en todos los \u00e1mbitos de una arquitectura contempor\u00e1nea y quienes hoy, en una posici\u00f3n culta ya lejana de batallas duras en la que salieron triunfadores, pueden ya mirar con objetividad los per\u00edodos cr\u00edticos, las encrucijadas, las transiciones indispensables en toda evoluci\u00f3n, y valorarla en su verdadera dimensi\u00f3n. Y por \u00faltimo la generaci\u00f3n joven formada sin prejuicios formales acad\u00e9micos y que conocen el pasado arquitect\u00f3nico s\u00f3lo como una disciplina anal\u00edtica de la historia de la arquitectura y de los estilos y al haber sido ajena a batallas, sin prejuicios negativos.<\/p>\n<p>Este enfoque no se hace por primera vez. Es tan antiguo como la evoluci\u00f3n de toda manifestaci\u00f3n art\u00edstica del hombre. En el momento de romper moldes y progresar, el presente debe necesariamente ser denigrado. Con el tiempo ese presente est\u00e1 ya en la historia y comienza a emerger con sus propios valores.<\/p>\n<p>Retomamos la narraci\u00f3n de los hechos. Acla-rados los aspectos conceptuales, el Consejo General aprueba por unanimidad la idea de adquirir el inmueble. Falta salvarlo definitivamente de la picota y conseguir precio y condiciones de pago acordes con las posibilidades reales del gremio. El Vicepresidente de la CORMU, don Enrique Juneman escucha nuestros planteamientos, los comprende y considera que la responsabilidad de la Instituci\u00f3n que dirige es promover el \u00abMejoramiento Urbano\u00bb y que la decisi\u00f3n t\u00e9cnica del Colegio al apreciar la calidad de una obra arquitect\u00f3nica para justificar su conservaci\u00f3n debe ser respetada, cumpliendo adem\u00e1s con facilitar el desenvolvimiento de un gremio que siempre ha estado al servicio constructivo del pa\u00eds. Al margen de consideraciones comerciales o de aprovechar plusval\u00edas, el precio que se le asigna a la casa es el de su valor de adquisici\u00f3n debidamente reajustado. Las condiciones de pago, las mismas que para las expropiaciones obligadas: 20% al contado y saldo a 5 a\u00f1os, reajustables. La f\u00f3rmula es ya factible y puede iniciarse los trabajos con los recursos propios del Colegio.<\/p>\n<p>El Vicepresidente del Consejo, arquitecto Gonzalo Mardones Restat, quien fue un encarnizado defensor del proyecto, reclama para s\u00ed el derecho de dirigir profesionalmente la restauraci\u00f3n a t\u00edtulo gratuito, afrontando no s\u00f3lo la enorme responsabilidad y la entrega desinteresada de su tiempo, sino el juicio cr\u00edtico del gremio una vez inaugurada la obra que est\u00e1 programada para fines del mes de noviembre pr\u00f3ximo.<\/p>\n<p>Por \u00faltimo, el Consejo General cita a una Junta Extraordinaria para dar a conocer la iniciativa y para que se pronuncie sobre el proyecto, el que es aprobado por la UNANIMIDAD de los asistentes.<\/p>\n<p>El proyecto definitivo de la sede contempla en primer piso dos grandes locales comerciales que ser\u00e1n entregados en arriendo para actividades en alguna forma relacionadas con la profesi\u00f3n y cuyo canon contribuir\u00e1 a financiar las m\u00faltiples actividades de la Orden. Un local permanente de exposiciones que ser\u00e1 destinado a exponer proyectos u obras arquitect\u00f3nicas, exposiciones de pintura, escultura, artesan\u00eda o manifestaciones art\u00edsticas o t\u00e9cnicas de alto nivel e inter\u00e9s. Oficinas y talleres para el Servicio de Asistencia T\u00e9cnica del Colegio. Vivienda de mayordomo. En el segundo piso, en las dos alas de la sede que correspond\u00eda primitivamente a las dos casas, el ala oriente destinada al Hall y Sala de Consejo, Presidencia, es decir, el sector representativo y directivo de la Instituci\u00f3n, el cual tambi\u00e9n ser\u00e1 destinado a exposiciones y actos solemnes. El ala poniente destinada a toda la labor administrativa, y atenci\u00f3n de p\u00fablico. Entre ambas alas, la sala de reuniones para 100 personas, que adem\u00e1s de las asambleas ser\u00e1 destinada a Conferencias, Conciertos y actos de toda \u00edndole relacionadas con nuestra actividad. En el tercer piso, ala oriente, un casino con sus respectivos servicios, que deber\u00e1 atraer y servir al gremio, en especial para facilitar el almuerzo o colaciones de funcionarios y favorecer el funcionamiento de comisiones de trabajo a mediod\u00eda que han demostrado su eficiencia. En el ala poniente, tres amplias salas de comisiones y una biblioteca.<\/p>\n<h6 style=\"text-align: right;\"><strong>** Este texto fue publicado en la Revista CA, en sus N\u00b0 12-13 de agosto-septiembre de 1974. Al momento de publicarse, Gonzalo Mardones Restat era vicepresidente del entonces Consejo General del Colegio de Arquitectos de Chile y director del proyecto de restauraci\u00f3n.\u00a0<\/strong><\/h6>\n<p>&nbsp;<\/p>\n<p>&nbsp;<\/p>\n\n\t\t<style type=\"text\/css\">\n\t\t\t#gallery-1 {\n\t\t\t\tmargin: auto;\n\t\t\t}\n\t\t\t#gallery-1 .gallery-item {\n\t\t\t\tfloat: left;\n\t\t\t\tmargin-top: 10px;\n\t\t\t\ttext-align: center;\n\t\t\t\twidth: 25%;\n\t\t\t}\n\t\t\t#gallery-1 img {\n\t\t\t\tborder: 2px solid #cfcfcf;\n\t\t\t}\n\t\t\t#gallery-1 .gallery-caption {\n\t\t\t\tmargin-left: 0;\n\t\t\t}\n\t\t\t\/* see gallery_shortcode() in wp-includes\/media.php *\/\n\t\t<\/style>\n\t\t<div id='gallery-1' class='gallery galleryid-4680 gallery-columns-4 gallery-size-thumbnail'><dl class='gallery-item'>\n\t\t\t<dt class='gallery-icon landscape'>\n\t\t\t\t<a href='https:\/\/colegioarquitectos.com\/noticias\/?attachment_id=4685'><img loading=\"lazy\" decoding=\"async\" width=\"180\" height=\"180\" src=\"https:\/\/colegioarquitectos.com\/noticias\/wp-content\/uploads\/2013\/10\/IMG_2836_1-180x180.jpg\" class=\"attachment-thumbnail size-thumbnail\" alt=\"\" \/><\/a>\n\t\t\t<\/dt><\/dl><dl class='gallery-item'>\n\t\t\t<dt class='gallery-icon landscape'>\n\t\t\t\t<a href='https:\/\/colegioarquitectos.com\/noticias\/?attachment_id=4684'><img loading=\"lazy\" decoding=\"async\" width=\"180\" height=\"180\" src=\"https:\/\/colegioarquitectos.com\/noticias\/wp-content\/uploads\/2013\/10\/IMG_2798_1-180x180.jpg\" class=\"attachment-thumbnail size-thumbnail\" alt=\"\" \/><\/a>\n\t\t\t<\/dt><\/dl><dl class='gallery-item'>\n\t\t\t<dt class='gallery-icon landscape'>\n\t\t\t\t<a href='https:\/\/colegioarquitectos.com\/noticias\/?attachment_id=4686'><img loading=\"lazy\" decoding=\"async\" width=\"180\" height=\"180\" src=\"https:\/\/colegioarquitectos.com\/noticias\/wp-content\/uploads\/2013\/10\/IMG_2921_1-180x180.jpg\" class=\"attachment-thumbnail size-thumbnail\" alt=\"\" \/><\/a>\n\t\t\t<\/dt><\/dl><dl class='gallery-item'>\n\t\t\t<dt class='gallery-icon landscape'>\n\t\t\t\t<a href='https:\/\/colegioarquitectos.com\/noticias\/?attachment_id=4687'><img loading=\"lazy\" decoding=\"async\" width=\"180\" height=\"180\" src=\"https:\/\/colegioarquitectos.com\/noticias\/wp-content\/uploads\/2013\/10\/IMG_2923_1-180x180.jpg\" class=\"attachment-thumbnail size-thumbnail\" alt=\"\" srcset=\"https:\/\/colegioarquitectos.com\/noticias\/wp-content\/uploads\/2013\/10\/IMG_2923_1-180x180.jpg 180w, https:\/\/colegioarquitectos.com\/noticias\/wp-content\/uploads\/2013\/10\/IMG_2923_1-300x298.jpg 300w, https:\/\/colegioarquitectos.com\/noticias\/wp-content\/uploads\/2013\/10\/IMG_2923_1.jpg 604w\" sizes=\"auto, (max-width: 180px) 100vw, 180px\" \/><\/a>\n\t\t\t<\/dt><\/dl><br style=\"clear: both\" \/><dl class='gallery-item'>\n\t\t\t<dt class='gallery-icon portrait'>\n\t\t\t\t<a href='https:\/\/colegioarquitectos.com\/noticias\/?attachment_id=4688'><img loading=\"lazy\" decoding=\"async\" width=\"180\" height=\"180\" src=\"https:\/\/colegioarquitectos.com\/noticias\/wp-content\/uploads\/2013\/10\/IMG_2928-180x180.jpg\" class=\"attachment-thumbnail size-thumbnail\" alt=\"\" \/><\/a>\n\t\t\t<\/dt><\/dl><dl class='gallery-item'>\n\t\t\t<dt class='gallery-icon landscape'>\n\t\t\t\t<a href='https:\/\/colegioarquitectos.com\/noticias\/?attachment_id=4689'><img loading=\"lazy\" decoding=\"async\" width=\"180\" height=\"180\" src=\"https:\/\/colegioarquitectos.com\/noticias\/wp-content\/uploads\/2013\/10\/IMG_2958_1-Edit-180x180.jpg\" class=\"attachment-thumbnail size-thumbnail\" alt=\"\" \/><\/a>\n\t\t\t<\/dt><\/dl><dl class='gallery-item'>\n\t\t\t<dt class='gallery-icon landscape'>\n\t\t\t\t<a href='https:\/\/colegioarquitectos.com\/noticias\/?attachment_id=4690'><img loading=\"lazy\" decoding=\"async\" width=\"180\" height=\"180\" src=\"https:\/\/colegioarquitectos.com\/noticias\/wp-content\/uploads\/2013\/10\/IMG_2988_1-180x180.jpg\" class=\"attachment-thumbnail size-thumbnail\" alt=\"\" \/><\/a>\n\t\t\t<\/dt><\/dl><dl class='gallery-item'>\n\t\t\t<dt class='gallery-icon landscape'>\n\t\t\t\t<a href='https:\/\/colegioarquitectos.com\/noticias\/?attachment_id=4691'><img loading=\"lazy\" decoding=\"async\" width=\"180\" height=\"180\" src=\"https:\/\/colegioarquitectos.com\/noticias\/wp-content\/uploads\/2013\/10\/IMG_2999_1-180x180.jpg\" class=\"attachment-thumbnail size-thumbnail\" alt=\"\" \/><\/a>\n\t\t\t<\/dt><\/dl><br style=\"clear: both\" \/><dl class='gallery-item'>\n\t\t\t<dt class='gallery-icon landscape'>\n\t\t\t\t<a href='https:\/\/colegioarquitectos.com\/noticias\/?attachment_id=4682'><img loading=\"lazy\" decoding=\"async\" width=\"180\" height=\"180\" src=\"https:\/\/colegioarquitectos.com\/noticias\/wp-content\/uploads\/2013\/10\/IMG_2767_1-180x180.jpg\" class=\"attachment-thumbnail size-thumbnail\" alt=\"\" \/><\/a>\n\t\t\t<\/dt><\/dl><dl class='gallery-item'>\n\t\t\t<dt class='gallery-icon landscape'>\n\t\t\t\t<a href='https:\/\/colegioarquitectos.com\/noticias\/?attachment_id=4683'><img loading=\"lazy\" decoding=\"async\" width=\"180\" height=\"180\" src=\"https:\/\/colegioarquitectos.com\/noticias\/wp-content\/uploads\/2013\/10\/IMG_2778-180x180.jpg\" class=\"attachment-thumbnail size-thumbnail\" alt=\"\" \/><\/a>\n\t\t\t<\/dt><\/dl><dl class='gallery-item'>\n\t\t\t<dt class='gallery-icon landscape'>\n\t\t\t\t<a href='https:\/\/colegioarquitectos.com\/noticias\/?attachment_id=4692'><img loading=\"lazy\" decoding=\"async\" width=\"180\" height=\"180\" src=\"https:\/\/colegioarquitectos.com\/noticias\/wp-content\/uploads\/2013\/10\/IMG_3021_1-180x180.jpg\" class=\"attachment-thumbnail size-thumbnail\" alt=\"\" \/><\/a>\n\t\t\t<\/dt><\/dl><dl class='gallery-item'>\n\t\t\t<dt class='gallery-icon landscape'>\n\t\t\t\t<a href='https:\/\/colegioarquitectos.com\/noticias\/?attachment_id=4693'><img loading=\"lazy\" decoding=\"async\" width=\"180\" height=\"180\" src=\"https:\/\/colegioarquitectos.com\/noticias\/wp-content\/uploads\/2013\/10\/IMG_3039-180x180.jpg\" class=\"attachment-thumbnail size-thumbnail\" alt=\"\" \/><\/a>\n\t\t\t<\/dt><\/dl><br style=\"clear: both\" \/><dl class='gallery-item'>\n\t\t\t<dt class='gallery-icon landscape'>\n\t\t\t\t<a href='https:\/\/colegioarquitectos.com\/noticias\/?attachment_id=4694'><img loading=\"lazy\" decoding=\"async\" width=\"180\" height=\"180\" src=\"https:\/\/colegioarquitectos.com\/noticias\/wp-content\/uploads\/2013\/10\/IMG_3047_1-180x180.jpg\" class=\"attachment-thumbnail size-thumbnail\" alt=\"\" \/><\/a>\n\t\t\t<\/dt><\/dl><dl class='gallery-item'>\n\t\t\t<dt class='gallery-icon landscape'>\n\t\t\t\t<a href='https:\/\/colegioarquitectos.com\/noticias\/?attachment_id=4695'><img loading=\"lazy\" decoding=\"async\" width=\"180\" height=\"180\" src=\"https:\/\/colegioarquitectos.com\/noticias\/wp-content\/uploads\/2013\/10\/IMG_3064_1-180x180.jpg\" class=\"attachment-thumbnail size-thumbnail\" alt=\"\" \/><\/a>\n\t\t\t<\/dt><\/dl><dl class='gallery-item'>\n\t\t\t<dt class='gallery-icon landscape'>\n\t\t\t\t<a href='https:\/\/colegioarquitectos.com\/noticias\/?attachment_id=4696'><img loading=\"lazy\" decoding=\"async\" width=\"180\" height=\"180\" src=\"https:\/\/colegioarquitectos.com\/noticias\/wp-content\/uploads\/2013\/10\/IMG_3068_1-180x180.jpg\" class=\"attachment-thumbnail size-thumbnail\" alt=\"\" \/><\/a>\n\t\t\t<\/dt><\/dl><dl class='gallery-item'>\n\t\t\t<dt class='gallery-icon landscape'>\n\t\t\t\t<a href='https:\/\/colegioarquitectos.com\/noticias\/?attachment_id=4697'><img loading=\"lazy\" decoding=\"async\" width=\"180\" height=\"180\" src=\"https:\/\/colegioarquitectos.com\/noticias\/wp-content\/uploads\/2013\/10\/IMG_3077_1-180x180.jpg\" class=\"attachment-thumbnail size-thumbnail\" alt=\"\" \/><\/a>\n\t\t\t<\/dt><\/dl><br style=\"clear: both\" \/><dl class='gallery-item'>\n\t\t\t<dt class='gallery-icon landscape'>\n\t\t\t\t<a href='https:\/\/colegioarquitectos.com\/noticias\/?attachment_id=4698'><img loading=\"lazy\" decoding=\"async\" width=\"180\" height=\"180\" src=\"https:\/\/colegioarquitectos.com\/noticias\/wp-content\/uploads\/2013\/10\/IMG_3081-180x180.jpg\" class=\"attachment-thumbnail size-thumbnail\" alt=\"\" \/><\/a>\n\t\t\t<\/dt><\/dl><dl class='gallery-item'>\n\t\t\t<dt class='gallery-icon landscape'>\n\t\t\t\t<a href='https:\/\/colegioarquitectos.com\/noticias\/?attachment_id=4699'><img loading=\"lazy\" decoding=\"async\" width=\"180\" height=\"180\" src=\"https:\/\/colegioarquitectos.com\/noticias\/wp-content\/uploads\/2013\/10\/IMG_3084-180x180.jpg\" class=\"attachment-thumbnail size-thumbnail\" alt=\"\" \/><\/a>\n\t\t\t<\/dt><\/dl><dl class='gallery-item'>\n\t\t\t<dt class='gallery-icon portrait'>\n\t\t\t\t<a href='https:\/\/colegioarquitectos.com\/noticias\/?attachment_id=4700'><img loading=\"lazy\" decoding=\"async\" width=\"180\" height=\"180\" src=\"https:\/\/colegioarquitectos.com\/noticias\/wp-content\/uploads\/2013\/10\/IMG_3087-180x180.jpg\" class=\"attachment-thumbnail size-thumbnail\" alt=\"\" \/><\/a>\n\t\t\t<\/dt><\/dl><dl class='gallery-item'>\n\t\t\t<dt class='gallery-icon landscape'>\n\t\t\t\t<a href='https:\/\/colegioarquitectos.com\/noticias\/?attachment_id=4701'><img loading=\"lazy\" decoding=\"async\" width=\"180\" height=\"180\" src=\"https:\/\/colegioarquitectos.com\/noticias\/wp-content\/uploads\/2013\/10\/IMG_3124_1-180x180.jpg\" class=\"attachment-thumbnail size-thumbnail\" alt=\"\" \/><\/a>\n\t\t\t<\/dt><\/dl><br style=\"clear: both\" \/><dl class='gallery-item'>\n\t\t\t<dt class='gallery-icon landscape'>\n\t\t\t\t<a href='https:\/\/colegioarquitectos.com\/noticias\/?attachment_id=4702'><img loading=\"lazy\" decoding=\"async\" width=\"180\" height=\"180\" src=\"https:\/\/colegioarquitectos.com\/noticias\/wp-content\/uploads\/2013\/10\/IMG_3127_1-180x180.jpg\" class=\"attachment-thumbnail size-thumbnail\" alt=\"\" \/><\/a>\n\t\t\t<\/dt><\/dl><dl class='gallery-item'>\n\t\t\t<dt class='gallery-icon landscape'>\n\t\t\t\t<a href='https:\/\/colegioarquitectos.com\/noticias\/?attachment_id=4703'><img loading=\"lazy\" decoding=\"async\" width=\"180\" height=\"180\" src=\"https:\/\/colegioarquitectos.com\/noticias\/wp-content\/uploads\/2013\/10\/IMG_3129-180x180.jpg\" class=\"attachment-thumbnail size-thumbnail\" alt=\"\" \/><\/a>\n\t\t\t<\/dt><\/dl><dl class='gallery-item'>\n\t\t\t<dt class='gallery-icon landscape'>\n\t\t\t\t<a href='https:\/\/colegioarquitectos.com\/noticias\/?attachment_id=4704'><img loading=\"lazy\" decoding=\"async\" width=\"180\" height=\"180\" src=\"https:\/\/colegioarquitectos.com\/noticias\/wp-content\/uploads\/2013\/10\/IMG_3143_1-180x180.jpg\" class=\"attachment-thumbnail size-thumbnail\" alt=\"\" \/><\/a>\n\t\t\t<\/dt><\/dl><dl class='gallery-item'>\n\t\t\t<dt class='gallery-icon landscape'>\n\t\t\t\t<a href='https:\/\/colegioarquitectos.com\/noticias\/?attachment_id=4705'><img loading=\"lazy\" decoding=\"async\" width=\"180\" height=\"180\" src=\"https:\/\/colegioarquitectos.com\/noticias\/wp-content\/uploads\/2013\/10\/IMG_3164_1-180x180.jpg\" class=\"attachment-thumbnail size-thumbnail\" alt=\"\" \/><\/a>\n\t\t\t<\/dt><\/dl><br style=\"clear: both\" \/><dl class='gallery-item'>\n\t\t\t<dt class='gallery-icon portrait'>\n\t\t\t\t<a href='https:\/\/colegioarquitectos.com\/noticias\/?attachment_id=4706'><img loading=\"lazy\" decoding=\"async\" width=\"180\" height=\"180\" src=\"https:\/\/colegioarquitectos.com\/noticias\/wp-content\/uploads\/2013\/10\/IMG_3173_1-180x180.jpg\" class=\"attachment-thumbnail size-thumbnail\" alt=\"\" \/><\/a>\n\t\t\t<\/dt><\/dl><dl class='gallery-item'>\n\t\t\t<dt class='gallery-icon landscape'>\n\t\t\t\t<a href='https:\/\/colegioarquitectos.com\/noticias\/?attachment_id=4707'><img loading=\"lazy\" decoding=\"async\" width=\"180\" height=\"180\" src=\"https:\/\/colegioarquitectos.com\/noticias\/wp-content\/uploads\/2013\/10\/IMG_3185_1-180x180.jpg\" class=\"attachment-thumbnail size-thumbnail\" alt=\"\" \/><\/a>\n\t\t\t<\/dt><\/dl><dl class='gallery-item'>\n\t\t\t<dt class='gallery-icon landscape'>\n\t\t\t\t<a href='https:\/\/colegioarquitectos.com\/noticias\/?attachment_id=4708'><img loading=\"lazy\" decoding=\"async\" width=\"180\" height=\"180\" src=\"https:\/\/colegioarquitectos.com\/noticias\/wp-content\/uploads\/2013\/10\/IMG_3189_1-180x180.jpg\" class=\"attachment-thumbnail size-thumbnail\" alt=\"\" \/><\/a>\n\t\t\t<\/dt><\/dl><dl class='gallery-item'>\n\t\t\t<dt class='gallery-icon portrait'>\n\t\t\t\t<a href='https:\/\/colegioarquitectos.com\/noticias\/?attachment_id=4709'><img loading=\"lazy\" decoding=\"async\" width=\"180\" height=\"180\" src=\"https:\/\/colegioarquitectos.com\/noticias\/wp-content\/uploads\/2013\/10\/IMG_3194_1-180x180.jpg\" class=\"attachment-thumbnail size-thumbnail\" alt=\"\" \/><\/a>\n\t\t\t<\/dt><\/dl><br style=\"clear: both\" \/><dl class='gallery-item'>\n\t\t\t<dt class='gallery-icon landscape'>\n\t\t\t\t<a href='https:\/\/colegioarquitectos.com\/noticias\/?attachment_id=4710'><img loading=\"lazy\" decoding=\"async\" width=\"180\" height=\"180\" src=\"https:\/\/colegioarquitectos.com\/noticias\/wp-content\/uploads\/2013\/10\/IMG_3198-180x180.jpg\" class=\"attachment-thumbnail size-thumbnail\" alt=\"\" \/><\/a>\n\t\t\t<\/dt><\/dl><dl class='gallery-item'>\n\t\t\t<dt class='gallery-icon portrait'>\n\t\t\t\t<a href='https:\/\/colegioarquitectos.com\/noticias\/?attachment_id=4711'><img loading=\"lazy\" decoding=\"async\" width=\"180\" height=\"180\" src=\"https:\/\/colegioarquitectos.com\/noticias\/wp-content\/uploads\/2013\/10\/IMG_3206-180x180.jpg\" class=\"attachment-thumbnail size-thumbnail\" alt=\"\" \/><\/a>\n\t\t\t<\/dt><\/dl><dl class='gallery-item'>\n\t\t\t<dt class='gallery-icon landscape'>\n\t\t\t\t<a href='https:\/\/colegioarquitectos.com\/noticias\/?attachment_id=4712'><img loading=\"lazy\" decoding=\"async\" width=\"180\" height=\"180\" src=\"https:\/\/colegioarquitectos.com\/noticias\/wp-content\/uploads\/2013\/10\/IMG_3209-Edit-180x180.jpg\" class=\"attachment-thumbnail size-thumbnail\" alt=\"\" \/><\/a>\n\t\t\t<\/dt><\/dl><dl class='gallery-item'>\n\t\t\t<dt class='gallery-icon landscape'>\n\t\t\t\t<a href='https:\/\/colegioarquitectos.com\/noticias\/?attachment_id=4713'><img loading=\"lazy\" decoding=\"async\" width=\"180\" height=\"180\" src=\"https:\/\/colegioarquitectos.com\/noticias\/wp-content\/uploads\/2013\/10\/IMG_3213-180x180.jpg\" class=\"attachment-thumbnail size-thumbnail\" alt=\"\" \/><\/a>\n\t\t\t<\/dt><\/dl><br style=\"clear: both\" \/><dl class='gallery-item'>\n\t\t\t<dt class='gallery-icon landscape'>\n\t\t\t\t<a href='https:\/\/colegioarquitectos.com\/noticias\/?attachment_id=4714'><img loading=\"lazy\" decoding=\"async\" width=\"180\" height=\"180\" src=\"https:\/\/colegioarquitectos.com\/noticias\/wp-content\/uploads\/2013\/10\/IMG_3220-180x180.jpg\" class=\"attachment-thumbnail size-thumbnail\" alt=\"\" \/><\/a>\n\t\t\t<\/dt><\/dl><dl class='gallery-item'>\n\t\t\t<dt class='gallery-icon landscape'>\n\t\t\t\t<a href='https:\/\/colegioarquitectos.com\/noticias\/?attachment_id=4715'><img loading=\"lazy\" decoding=\"async\" width=\"180\" height=\"180\" src=\"https:\/\/colegioarquitectos.com\/noticias\/wp-content\/uploads\/2013\/10\/IMG_3222-180x180.jpg\" class=\"attachment-thumbnail size-thumbnail\" alt=\"\" \/><\/a>\n\t\t\t<\/dt><\/dl><dl class='gallery-item'>\n\t\t\t<dt class='gallery-icon landscape'>\n\t\t\t\t<a href='https:\/\/colegioarquitectos.com\/noticias\/?attachment_id=4716'><img loading=\"lazy\" decoding=\"async\" width=\"180\" height=\"180\" src=\"https:\/\/colegioarquitectos.com\/noticias\/wp-content\/uploads\/2013\/10\/IMG_3225-180x180.jpg\" class=\"attachment-thumbnail size-thumbnail\" alt=\"\" srcset=\"https:\/\/colegioarquitectos.com\/noticias\/wp-content\/uploads\/2013\/10\/IMG_3225-180x180.jpg 180w, https:\/\/colegioarquitectos.com\/noticias\/wp-content\/uploads\/2013\/10\/IMG_3225-300x300.jpg 300w, https:\/\/colegioarquitectos.com\/noticias\/wp-content\/uploads\/2013\/10\/IMG_3225.jpg 600w\" sizes=\"auto, (max-width: 180px) 100vw, 180px\" \/><\/a>\n\t\t\t<\/dt><\/dl><dl class='gallery-item'>\n\t\t\t<dt class='gallery-icon landscape'>\n\t\t\t\t<a href='https:\/\/colegioarquitectos.com\/noticias\/?attachment_id=4717'><img loading=\"lazy\" decoding=\"async\" width=\"180\" height=\"180\" src=\"https:\/\/colegioarquitectos.com\/noticias\/wp-content\/uploads\/2013\/10\/IMG_3228-180x180.jpg\" class=\"attachment-thumbnail size-thumbnail\" alt=\"\" \/><\/a>\n\t\t\t<\/dt><\/dl><br style=\"clear: both\" \/><dl class='gallery-item'>\n\t\t\t<dt class='gallery-icon landscape'>\n\t\t\t\t<a href='https:\/\/colegioarquitectos.com\/noticias\/?attachment_id=4718'><img loading=\"lazy\" decoding=\"async\" width=\"180\" height=\"180\" src=\"https:\/\/colegioarquitectos.com\/noticias\/wp-content\/uploads\/2013\/10\/IMG_3240-180x180.jpg\" class=\"attachment-thumbnail size-thumbnail\" alt=\"\" \/><\/a>\n\t\t\t<\/dt><\/dl><dl class='gallery-item'>\n\t\t\t<dt class='gallery-icon landscape'>\n\t\t\t\t<a href='https:\/\/colegioarquitectos.com\/noticias\/?attachment_id=4719'><img loading=\"lazy\" decoding=\"async\" width=\"180\" height=\"180\" src=\"https:\/\/colegioarquitectos.com\/noticias\/wp-content\/uploads\/2013\/10\/IMG_3241-Edit-180x180.jpg\" class=\"attachment-thumbnail size-thumbnail\" alt=\"\" \/><\/a>\n\t\t\t<\/dt><\/dl><dl class='gallery-item'>\n\t\t\t<dt class='gallery-icon landscape'>\n\t\t\t\t<a href='https:\/\/colegioarquitectos.com\/noticias\/?attachment_id=4720'><img loading=\"lazy\" decoding=\"async\" width=\"180\" height=\"180\" src=\"https:\/\/colegioarquitectos.com\/noticias\/wp-content\/uploads\/2013\/10\/IMG_3245-180x180.jpg\" class=\"attachment-thumbnail size-thumbnail\" alt=\"\" \/><\/a>\n\t\t\t<\/dt><\/dl><dl class='gallery-item'>\n\t\t\t<dt class='gallery-icon landscape'>\n\t\t\t\t<a href='https:\/\/colegioarquitectos.com\/noticias\/?attachment_id=4721'><img loading=\"lazy\" decoding=\"async\" width=\"180\" height=\"180\" src=\"https:\/\/colegioarquitectos.com\/noticias\/wp-content\/uploads\/2013\/10\/IMG_3263-180x180.jpg\" class=\"attachment-thumbnail size-thumbnail\" alt=\"\" \/><\/a>\n\t\t\t<\/dt><\/dl><br style=\"clear: both\" \/><dl class='gallery-item'>\n\t\t\t<dt class='gallery-icon landscape'>\n\t\t\t\t<a href='https:\/\/colegioarquitectos.com\/noticias\/?attachment_id=4722'><img loading=\"lazy\" decoding=\"async\" width=\"180\" height=\"180\" src=\"https:\/\/colegioarquitectos.com\/noticias\/wp-content\/uploads\/2013\/10\/IMG_3266_1-180x180.jpg\" class=\"attachment-thumbnail size-thumbnail\" alt=\"\" \/><\/a>\n\t\t\t<\/dt><\/dl><dl class='gallery-item'>\n\t\t\t<dt class='gallery-icon landscape'>\n\t\t\t\t<a href='https:\/\/colegioarquitectos.com\/noticias\/?attachment_id=4723'><img loading=\"lazy\" decoding=\"async\" width=\"180\" height=\"180\" src=\"https:\/\/colegioarquitectos.com\/noticias\/wp-content\/uploads\/2013\/10\/IMG_3297-Edit1-180x180.jpg\" class=\"attachment-thumbnail size-thumbnail\" alt=\"\" \/><\/a>\n\t\t\t<\/dt><\/dl><dl class='gallery-item'>\n\t\t\t<dt class='gallery-icon landscape'>\n\t\t\t\t<a href='https:\/\/colegioarquitectos.com\/noticias\/?attachment_id=4724'><img loading=\"lazy\" decoding=\"async\" width=\"180\" height=\"180\" src=\"https:\/\/colegioarquitectos.com\/noticias\/wp-content\/uploads\/2013\/10\/IMG_3305_1-180x180.jpg\" class=\"attachment-thumbnail size-thumbnail\" alt=\"\" \/><\/a>\n\t\t\t<\/dt><\/dl><dl class='gallery-item'>\n\t\t\t<dt class='gallery-icon portrait'>\n\t\t\t\t<a href='https:\/\/colegioarquitectos.com\/noticias\/?attachment_id=4725'><img loading=\"lazy\" decoding=\"async\" width=\"180\" height=\"180\" src=\"https:\/\/colegioarquitectos.com\/noticias\/wp-content\/uploads\/2013\/10\/IMG_3311_1-180x180.jpg\" class=\"attachment-thumbnail size-thumbnail\" alt=\"\" \/><\/a>\n\t\t\t<\/dt><\/dl><br style=\"clear: both\" \/><dl class='gallery-item'>\n\t\t\t<dt class='gallery-icon landscape'>\n\t\t\t\t<a href='https:\/\/colegioarquitectos.com\/noticias\/?attachment_id=4726'><img loading=\"lazy\" decoding=\"async\" width=\"180\" height=\"180\" src=\"https:\/\/colegioarquitectos.com\/noticias\/wp-content\/uploads\/2013\/10\/IMG_3024_1-180x180.jpg\" class=\"attachment-thumbnail size-thumbnail\" alt=\"\" \/><\/a>\n\t\t\t<\/dt><\/dl>\n\t\t\t<br style='clear: both' \/>\n\t\t<\/div>\n\n<p>&nbsp;<\/p>\n<p>Galer\u00eda de Fotograf\u00edas Sede Nacional Colegio de Arquitectos de Chile<\/p>\n<p>Fotograf\u00edas: <strong>James Florio Photografphy<\/strong> \/ web: <a title=\"Photography\" href=\"http:\/\/jamesflorio.com\/\" target=\"_blank\" rel=\"noopener\">http:\/\/jamesflorio.com<\/a><\/p>\n<p>&nbsp;<\/p>\n<p><\/p>","protected":false},"excerpt":{"rendered":"<p>&nbsp; La obra, ubicada en Avenida Libertador Bernardo O&#8217;Higgins 115, Santiago, fue construida por encargo de Mart\u00edn Figueroa al arquitecto\u00a0Luciano Kulczewski en 1920. Su estructura de hormig\u00f3n armado (que permiti\u00f3 realizar y dar formas a sus tallos de lirios y &hellip; <a class=\"more-link\" href=\"https:\/\/colegioarquitectos.com\/noticias\/?page_id=4680\">ver m\u00e1s<\/a><\/p>","protected":false},"author":1,"featured_media":0,"parent":0,"menu_order":0,"comment_status":"closed","ping_status":"open","template":"pages\/fullwidth.php","meta":{"footnotes":""},"class_list":["post-4680","page","type-page","status-publish","hentry"],"yoast_head":"<!-- This site is optimized with the Yoast SEO plugin v24.2 - https:\/\/yoast.com\/wordpress\/plugins\/seo\/ -->\n<title>Historia de la Sede Nacional \u00abGonzalo Mardones Restat\u00bb - COLEGIO DE ARQUITECTOS DE CHILE<\/title>\n<meta name=\"robots\" content=\"index, follow, max-snippet:-1, max-image-preview:large, max-video-preview:-1\" \/>\n<link rel=\"canonical\" href=\"https:\/\/colegioarquitectos.com\/noticias\/?page_id=4680\" \/>\n<meta property=\"og:locale\" content=\"es_ES\" \/>\n<meta property=\"og:type\" content=\"article\" \/>\n<meta property=\"og:title\" content=\"Historia de la Sede Nacional \u00abGonzalo Mardones Restat\u00bb - COLEGIO DE ARQUITECTOS DE CHILE\" \/>\n<meta property=\"og:description\" content=\"&nbsp; La obra, ubicada en Avenida Libertador Bernardo O&#8217;Higgins 115, Santiago, fue construida por encargo de Mart\u00edn Figueroa al arquitecto\u00a0Luciano Kulczewski en 1920. Su estructura de hormig\u00f3n armado (que permiti\u00f3 realizar y dar formas a sus tallos de lirios y &hellip; ver m\u00e1s\" \/>\n<meta property=\"og:url\" content=\"https:\/\/colegioarquitectos.com\/noticias\/?page_id=4680\" \/>\n<meta property=\"og:site_name\" content=\"COLEGIO DE ARQUITECTOS DE CHILE\" \/>\n<meta property=\"article:publisher\" content=\"https:\/\/facebook.com\/Colegioarq\/\" \/>\n<meta property=\"article:modified_time\" content=\"2024-07-09T15:46:02+00:00\" \/>\n<meta property=\"og:image\" content=\"https:\/\/colegioarquitectos.com\/noticias\/wp-content\/uploads\/2013\/10\/IMG_2836_1-180x180.jpg\" \/>\n<meta name=\"twitter:card\" content=\"summary_large_image\" \/>\n<meta name=\"twitter:site\" content=\"@colegioarq\" \/>\n<meta name=\"twitter:label1\" content=\"Tiempo de lectura\" \/>\n\t<meta name=\"twitter:data1\" content=\"11 minutos\" \/>\n<script type=\"application\/ld+json\" class=\"yoast-schema-graph\">{\"@context\":\"https:\/\/schema.org\",\"@graph\":[{\"@type\":\"WebPage\",\"@id\":\"https:\/\/colegioarquitectos.com\/noticias\/?page_id=4680\",\"url\":\"https:\/\/colegioarquitectos.com\/noticias\/?page_id=4680\",\"name\":\"Historia de la Sede Nacional \u00abGonzalo Mardones Restat\u00bb - COLEGIO DE ARQUITECTOS DE CHILE\",\"isPartOf\":{\"@id\":\"https:\/\/colegioarquitectos.com\/noticias\/#website\"},\"primaryImageOfPage\":{\"@id\":\"https:\/\/colegioarquitectos.com\/noticias\/?page_id=4680#primaryimage\"},\"image\":{\"@id\":\"https:\/\/colegioarquitectos.com\/noticias\/?page_id=4680#primaryimage\"},\"thumbnailUrl\":\"https:\/\/colegioarquitectos.com\/noticias\/wp-content\/uploads\/2013\/10\/ca002.png\",\"datePublished\":\"2013-10-15T13:26:51+00:00\",\"dateModified\":\"2024-07-09T15:46:02+00:00\",\"breadcrumb\":{\"@id\":\"https:\/\/colegioarquitectos.com\/noticias\/?page_id=4680#breadcrumb\"},\"inLanguage\":\"es\",\"potentialAction\":[{\"@type\":\"ReadAction\",\"target\":[\"https:\/\/colegioarquitectos.com\/noticias\/?page_id=4680\"]}]},{\"@type\":\"ImageObject\",\"inLanguage\":\"es\",\"@id\":\"https:\/\/colegioarquitectos.com\/noticias\/?page_id=4680#primaryimage\",\"url\":\"https:\/\/colegioarquitectos.com\/noticias\/wp-content\/uploads\/2013\/10\/ca002.png\",\"contentUrl\":\"https:\/\/colegioarquitectos.com\/noticias\/wp-content\/uploads\/2013\/10\/ca002.png\",\"width\":1209,\"height\":800},{\"@type\":\"BreadcrumbList\",\"@id\":\"https:\/\/colegioarquitectos.com\/noticias\/?page_id=4680#breadcrumb\",\"itemListElement\":[{\"@type\":\"ListItem\",\"position\":1,\"name\":\"Portada\",\"item\":\"https:\/\/colegioarquitectos.com\/noticias\"},{\"@type\":\"ListItem\",\"position\":2,\"name\":\"Historia de la Sede Nacional \u00abGonzalo Mardones Restat\u00bb\"}]},{\"@type\":\"WebSite\",\"@id\":\"https:\/\/colegioarquitectos.com\/noticias\/#website\",\"url\":\"https:\/\/colegioarquitectos.com\/noticias\/\",\"name\":\"COLEGIO DE ARQUITECTOS DE CHILE\",\"description\":\"\",\"publisher\":{\"@id\":\"https:\/\/colegioarquitectos.com\/noticias\/#organization\"},\"potentialAction\":[{\"@type\":\"SearchAction\",\"target\":{\"@type\":\"EntryPoint\",\"urlTemplate\":\"https:\/\/colegioarquitectos.com\/noticias\/?s={search_term_string}\"},\"query-input\":{\"@type\":\"PropertyValueSpecification\",\"valueRequired\":true,\"valueName\":\"search_term_string\"}}],\"inLanguage\":\"es\"},{\"@type\":\"Organization\",\"@id\":\"https:\/\/colegioarquitectos.com\/noticias\/#organization\",\"name\":\"COLEGIO DE ARQUITECTOS DE CHILE\",\"url\":\"https:\/\/colegioarquitectos.com\/noticias\/\",\"logo\":{\"@type\":\"ImageObject\",\"inLanguage\":\"es\",\"@id\":\"https:\/\/colegioarquitectos.com\/noticias\/#\/schema\/logo\/image\/\",\"url\":\"https:\/\/colegioarquitectos.com\/noticias\/wp-content\/uploads\/2021\/05\/ENCABEZADO-LOGO-CA.jpg\",\"contentUrl\":\"https:\/\/colegioarquitectos.com\/noticias\/wp-content\/uploads\/2021\/05\/ENCABEZADO-LOGO-CA.jpg\",\"width\":690,\"height\":350,\"caption\":\"COLEGIO DE ARQUITECTOS DE CHILE\"},\"image\":{\"@id\":\"https:\/\/colegioarquitectos.com\/noticias\/#\/schema\/logo\/image\/\"},\"sameAs\":[\"https:\/\/facebook.com\/Colegioarq\/\",\"https:\/\/x.com\/colegioarq\",\"https:\/\/instagram.com\/colegioarq\",\"https:\/\/youtube.com\/@ColegiodeArquitectosdeChile\"]}]}<\/script>\n<!-- \/ Yoast SEO plugin. -->","yoast_head_json":{"title":"Historia de la Sede Nacional \u00abGonzalo Mardones Restat\u00bb - COLEGIO DE ARQUITECTOS DE CHILE","robots":{"index":"index","follow":"follow","max-snippet":"max-snippet:-1","max-image-preview":"max-image-preview:large","max-video-preview":"max-video-preview:-1"},"canonical":"https:\/\/colegioarquitectos.com\/noticias\/?page_id=4680","og_locale":"es_ES","og_type":"article","og_title":"Historia de la Sede Nacional \u00abGonzalo Mardones Restat\u00bb - COLEGIO DE ARQUITECTOS DE CHILE","og_description":"&nbsp; La obra, ubicada en Avenida Libertador Bernardo O&#8217;Higgins 115, Santiago, fue construida por encargo de Mart\u00edn Figueroa al arquitecto\u00a0Luciano Kulczewski en 1920. Su estructura de hormig\u00f3n armado (que permiti\u00f3 realizar y dar formas a sus tallos de lirios y &hellip; ver m\u00e1s","og_url":"https:\/\/colegioarquitectos.com\/noticias\/?page_id=4680","og_site_name":"COLEGIO DE ARQUITECTOS DE CHILE","article_publisher":"https:\/\/facebook.com\/Colegioarq\/","article_modified_time":"2024-07-09T15:46:02+00:00","og_image":[{"url":"https:\/\/colegioarquitectos.com\/noticias\/wp-content\/uploads\/2013\/10\/IMG_2836_1-180x180.jpg","type":"","width":"","height":""}],"twitter_card":"summary_large_image","twitter_site":"@colegioarq","twitter_misc":{"Tiempo de lectura":"11 minutos"},"schema":{"@context":"https:\/\/schema.org","@graph":[{"@type":"WebPage","@id":"https:\/\/colegioarquitectos.com\/noticias\/?page_id=4680","url":"https:\/\/colegioarquitectos.com\/noticias\/?page_id=4680","name":"Historia de la Sede Nacional \u00abGonzalo Mardones Restat\u00bb - COLEGIO DE ARQUITECTOS DE CHILE","isPartOf":{"@id":"https:\/\/colegioarquitectos.com\/noticias\/#website"},"primaryImageOfPage":{"@id":"https:\/\/colegioarquitectos.com\/noticias\/?page_id=4680#primaryimage"},"image":{"@id":"https:\/\/colegioarquitectos.com\/noticias\/?page_id=4680#primaryimage"},"thumbnailUrl":"https:\/\/colegioarquitectos.com\/noticias\/wp-content\/uploads\/2013\/10\/ca002.png","datePublished":"2013-10-15T13:26:51+00:00","dateModified":"2024-07-09T15:46:02+00:00","breadcrumb":{"@id":"https:\/\/colegioarquitectos.com\/noticias\/?page_id=4680#breadcrumb"},"inLanguage":"es","potentialAction":[{"@type":"ReadAction","target":["https:\/\/colegioarquitectos.com\/noticias\/?page_id=4680"]}]},{"@type":"ImageObject","inLanguage":"es","@id":"https:\/\/colegioarquitectos.com\/noticias\/?page_id=4680#primaryimage","url":"https:\/\/colegioarquitectos.com\/noticias\/wp-content\/uploads\/2013\/10\/ca002.png","contentUrl":"https:\/\/colegioarquitectos.com\/noticias\/wp-content\/uploads\/2013\/10\/ca002.png","width":1209,"height":800},{"@type":"BreadcrumbList","@id":"https:\/\/colegioarquitectos.com\/noticias\/?page_id=4680#breadcrumb","itemListElement":[{"@type":"ListItem","position":1,"name":"Portada","item":"https:\/\/colegioarquitectos.com\/noticias"},{"@type":"ListItem","position":2,"name":"Historia de la Sede Nacional \u00abGonzalo Mardones Restat\u00bb"}]},{"@type":"WebSite","@id":"https:\/\/colegioarquitectos.com\/noticias\/#website","url":"https:\/\/colegioarquitectos.com\/noticias\/","name":"COLEGIO DE ARQUITECTOS DE CHILE","description":"","publisher":{"@id":"https:\/\/colegioarquitectos.com\/noticias\/#organization"},"potentialAction":[{"@type":"SearchAction","target":{"@type":"EntryPoint","urlTemplate":"https:\/\/colegioarquitectos.com\/noticias\/?s={search_term_string}"},"query-input":{"@type":"PropertyValueSpecification","valueRequired":true,"valueName":"search_term_string"}}],"inLanguage":"es"},{"@type":"Organization","@id":"https:\/\/colegioarquitectos.com\/noticias\/#organization","name":"COLEGIO DE ARQUITECTOS DE CHILE","url":"https:\/\/colegioarquitectos.com\/noticias\/","logo":{"@type":"ImageObject","inLanguage":"es","@id":"https:\/\/colegioarquitectos.com\/noticias\/#\/schema\/logo\/image\/","url":"https:\/\/colegioarquitectos.com\/noticias\/wp-content\/uploads\/2021\/05\/ENCABEZADO-LOGO-CA.jpg","contentUrl":"https:\/\/colegioarquitectos.com\/noticias\/wp-content\/uploads\/2021\/05\/ENCABEZADO-LOGO-CA.jpg","width":690,"height":350,"caption":"COLEGIO DE ARQUITECTOS DE CHILE"},"image":{"@id":"https:\/\/colegioarquitectos.com\/noticias\/#\/schema\/logo\/image\/"},"sameAs":["https:\/\/facebook.com\/Colegioarq\/","https:\/\/x.com\/colegioarq","https:\/\/instagram.com\/colegioarq","https:\/\/youtube.com\/@ColegiodeArquitectosdeChile"]}]}},"_links":{"self":[{"href":"https:\/\/colegioarquitectos.com\/noticias\/index.php?rest_route=\/wp\/v2\/pages\/4680","targetHints":{"allow":["GET"]}}],"collection":[{"href":"https:\/\/colegioarquitectos.com\/noticias\/index.php?rest_route=\/wp\/v2\/pages"}],"about":[{"href":"https:\/\/colegioarquitectos.com\/noticias\/index.php?rest_route=\/wp\/v2\/types\/page"}],"author":[{"embeddable":true,"href":"https:\/\/colegioarquitectos.com\/noticias\/index.php?rest_route=\/wp\/v2\/users\/1"}],"replies":[{"embeddable":true,"href":"https:\/\/colegioarquitectos.com\/noticias\/index.php?rest_route=%2Fwp%2Fv2%2Fcomments&post=4680"}],"version-history":[{"count":0,"href":"https:\/\/colegioarquitectos.com\/noticias\/index.php?rest_route=\/wp\/v2\/pages\/4680\/revisions"}],"wp:attachment":[{"href":"https:\/\/colegioarquitectos.com\/noticias\/index.php?rest_route=%2Fwp%2Fv2%2Fmedia&parent=4680"}],"curies":[{"name":"wp","href":"https:\/\/api.w.org\/{rel}","templated":true}]}}