
{"id":7403,"date":"2015-05-18T19:40:12","date_gmt":"2015-05-18T19:40:12","guid":{"rendered":"http:\/\/colegioarquitectos.com\/?page_id=7403"},"modified":"2023-01-31T11:47:26","modified_gmt":"2023-01-31T15:47:26","slug":"bases-institucionales-ca","status":"publish","type":"page","link":"https:\/\/colegioarquitectos.com\/noticias\/?page_id=7403","title":{"rendered":"Bases Institucionales del Colegio de Arquitectos de Chile"},"content":{"rendered":"<p>La acci\u00f3n t\u00e9cnica del Colegio de Arquitectos de Chile se desarrolla con el apoyo y la participaci\u00f3n de sus Comit\u00e9s de Trabajo: Bienestar y Acci\u00f3n Social; Arquitectura Institucional; H\u00e1bitat y Vivienda; Tecnolog\u00eda; Derechos Humanos y Ciudadanos; Desarrollo Urbano; Sustentabilidad y Energ\u00eda; Gesti\u00f3n Inmobiliaria; Leyes, Ordenanzas y Aranceles; Arquitectura del Paisaje; Patrimonio Arquitect\u00f3nico; Arquitectos J\u00f3venes; Docencia Universitaria; Arquitectura Deportiva; Comit\u00e9 de Revisores y Asociaci\u00f3n de Arquitectos Tasadores de Chile.<\/p>\n<p>El Tribunal de \u00c9tica Nacional del Colegio, cuyos seis integrantes se eligen cada dos a\u00f1os, vela por el cumplimiento por parte de los colegiados de los deberes y responsabilidades que fija la Carta de \u00c9tica Profesional de los Arquitectos.<\/p>\n<p>A trav\u00e9s de su Unidad de Extensi\u00f3n, el Colegio capacita a los arquitectos en diversas materias de actualidad de los \u00e1mbitos tecnol\u00f3gico, urbano y relacionados directamente con el quehacer profesional; genera espacios de extensi\u00f3n y perfeccionamiento que benefician a los colegiados y a otros profesionales del \u00e1rea de la construcci\u00f3n para potenciar el dise\u00f1o al proyectar; desarrolla eventos que permiten intercambiar experiencias en temas t\u00e9cnicos para complementar los conocimientos profesionales, y colabora en la organizaci\u00f3n y producci\u00f3n de los eventos de las diversas instancias del Colegio de Arquitectos a nivel nacional.\u00a0<strong><br \/>\n<\/strong><br \/>\nEl Servicio de Asistencia T\u00e9cnica, SAT,\u00a0creado en 1957 por el mismo Colegio, proporciona asistencia profesional a bajo costo a los grupos familiares de menores ingresos. Ofrece servicios de regularizaci\u00f3n de viviendas y otras construcciones, realizaci\u00f3n de proyectos de obras y patrocinio para recepciones finales de obras.<\/p>\n<p><strong><em>Minuta Explicativa de la Instituci\u00f3n<\/em><\/strong><br \/>\n<strong><br \/>\nVersi\u00f3n inicial al 01.06.2001<\/strong><\/p>\n<p>El Colegio de Arquitectos de Chile es en la actualidad una Asociaci\u00f3n Gremial creada seg\u00fan lo dispuesto por el decreto Ley N\u00ba 3621 de 1981, como sucesora legal del Colegio de Arquitectos que se constituy\u00f3 en el a\u00f1o 1942 por la Ley N\u00ba 7.211 promulgada el 4 de agosto de dicho a\u00f1o. Las diferencias fundamentales entre el Colegio creado en 1942 y el actual regido por las disposiciones del DL N\u00b0 2.757 de 1979, son el car\u00e1cter de instituci\u00f3n de derecho privado en la actualidad y no de derecho p\u00fablico, como lo fue desde su creaci\u00f3n hasta 1981; la no exigencia de la colegiatura obligatoria para ejercer la profesi\u00f3n en el pa\u00eds y la tuici\u00f3n de la \u00e9tica, esto antes de 1981 facultaba en casos de faltas graves la perdida de la colegiatura y la consiguiente inhabilidad para ejercer la profesi\u00f3n. En la actualidad no es posible la colegiatura obligatoria por disposici\u00f3n de la Constituci\u00f3n Pol\u00edtica de la Rep\u00fablica que consagra la libertad de asociaci\u00f3n.<br \/>\nLos fines que persigue el colegio tienen por objeto promover el desarrollo, protecci\u00f3n, progreso y prestigio de la profesi\u00f3n de Arquitecto, velando por el correcto ejercicio de \u00e9sta y la capacitaci\u00f3n, bienestar y prerrogativas de sus asociados.<br \/>\nDe la Ley originaria del Colegio se mantiene vigente (de acuerdo a dict\u00e1menes de la Contralor\u00eda) el Art. N\u00b0 12 que define los \u00e1mbitos de competencia de la profesi\u00f3n de Arquitecto. Textualmente dicho art\u00edculo 12 se\u00f1ala como actos y servicios propios de la profesi\u00f3n : \u201cproyectar y fiscalizar la construcci\u00f3n de edificios y efectuar los c\u00e1lculos de su estabilidad, lo mismo que de sus obras correlativas y de sus instalaciones complementarias, proyectar, dirigir y fiscalizar la construcci\u00f3n de la obras de car\u00e1cter esencialmente art\u00edsticas o monumental, los trabajos de urbanizaci\u00f3n que se relaciones con la est\u00e9tica de las poblaciones; los planos de ciudades y jardines y sus ampliaciones y reformas ; servir de \u00e1rbitro o perito en asuntos propios de la arquitectura y del urbanismo, y de consultor o Director T\u00e9cnico en las empresas o reparticiones que requieren servicios de los arquitectos\u201d.<\/p>\n<p>Los estatutos vigentes del Colegio fueron aprobados por asamblea general extraordinaria de 29 de abril de 1998 y autorizados legalmente por el Ministerio de Econom\u00eda ese mismo a\u00f1o. Estos estatutos modifican los que reg\u00edan desde 1984, los cuales ya estaban adecuados al D.L. 2.757 de 1979 sobre asociaciones gremiales.<\/p>\n<p>Junto a estos nuevos Estatutos, que persiguen estructurar el Colegio en forma m\u00e1s org\u00e1nica y moderna en su direcci\u00f3n y administraci\u00f3n, y lograr una interrelaci\u00f3n m\u00e1s eficiente con las Delegaciones Zonales y con los Comit\u00e9s de Trabajo, se han ido formulando reglamentos m\u00e1s espec\u00edficos como el de Comit\u00e9s y Comisiones de Trabajo, de Concursos, de Premios y Distinciones, de Elecciones, y de Servicios Profesionales y Aranceles Referenciales de los Arquitectos. Complementa estos reglamentos la Carta de \u00c9tica, cuya aplicaci\u00f3n est\u00e1 regulada en detalle por el Titulo VII de los Estatutos.<\/p>\n<p><strong>Colegiados<br \/>\n<\/strong><br \/>\nAl Colegio pueden pertenecer los Arquitectos titulados en Universidades Chilenas, cuyas escuelas de arquitectura se encuentren acreditadas por el Directorio Nacional, los Arquitectos titulados de escuelas no acreditadas, que pueden postular individualmente, y los Arquitectos titulados en el extranjero que han obtenido el reconocimiento o revalidaci\u00f3n de su t\u00edtulo de acuerdo a las disposiciones legales vigentes y las disposiciones sobre las colegiaturas que ha acordado el Directorio Nacional.<\/p>\n<p>Para obtener la calidad de colegiado, los arquitectos deben solicitarlo por escrito en formulario ad hoc y su solicitud ser aprobada por el Directorio Nacional.<br \/>\nLos Colegiados pueden ser socios activos con plenos derechos y obligaciones, o bien, socios pasivos, los que se encuentran temporalmente privados de sus derechos sociales, generalmente por incumplimiento en el pago de cuotas y, excepcionalmente, por medida disciplinaria. Se pierde la calidad de colegiado por renuncia escrita, por expulsi\u00f3n mediante sentencia del Tribunal de \u00c9tica ratificada por el Directorio Nacional, o por fallecimiento.<\/p>\n<p><strong>Organizaci\u00f3n<\/strong><\/p>\n<p>El Colegio de Arquitectos es una organizaci\u00f3n de car\u00e1cter nacional, cuyo nivel superior de decisi\u00f3n y direcci\u00f3n es la Asamblea General seguida del Directorio Nacional, la Mesa Directiva Nacional, la Asamblea de Delegaciones, los Directorios de Delegaciones, y el Consejo Nacional de Presidentes de Delegaciones.<\/p>\n<p>El Directorio Nacional est\u00e1 compuesto de 11 Directores, 10 elegidos m\u00e1s el presidente del per\u00edodo anterior (Past Presidente). Sus miembros duran 2 a\u00f1os en el cargo pudiendo ser reelectos hasta por 2 periodos consecutivos.<\/p>\n<p>La Mesa Directiva Nacional la integran el Presidente, los 2 Vicepresidentes, el Secretario General, el Tesorero y el Past Presidente. Las Delegaciones Zonales actuales del Colegio son 21 y llevan el nombre de la ciudad asiento de cada una de ellas. Cada Delegaci\u00f3n zonal tiene su Directorio cuyo n\u00famero de miembros establece el Consejo de Presidentes de Delegaciones.<\/p>\n<p>&nbsp;<\/p>\n<p><strong>Tribunales de \u00c9tica<\/strong><\/p>\n<p>A los Tribunales de \u00c9tica le corresponde cautelar las actuaciones de los colegiados en el ejercicio de la profesi\u00f3n y se rigen por la Carta de \u00c9tica y las normas establecidas en el t\u00edtulo VII de los Estatutos. Adem\u00e1s de los Tribunales de \u00c9tica de las Delegaciones compuestos por 4 miembros elegidos por la propia Delegaci\u00f3n existe el Tribunal de \u00c9tica Nacional, el cual consta de 6 miembros y le corresponde ejercer las funciones disciplinarias en la Regi\u00f3n Metropolitana y en las delegaciones en que no exista el respectivo Tribunal. Tambi\u00e9n act\u00faa como consultor de los dem\u00e1s Tribunales de \u00c9tica.<\/p>\n<p><strong>\u00d3rganos T\u00e9cnicos Asesores<\/strong><\/p>\n<p>Tanto el Directorio Nacional como los Directorios de Delegaciones aprueban el funcionamiento de Comit\u00e9s, Comisiones y agrupaciones profesionales, que tienen por objetivo prestar asesor\u00eda a sus respectivos directorios en materias espec\u00edficas de la profesi\u00f3n, adem\u00e1s de funciones de estudio o investigaci\u00f3n. En materia de difusi\u00f3n son coordinadas y aprobadas por dichas Directivas. Estos \u00f3rganos t\u00e9cnicos se regulan por el reglamento respectivo.<\/p>\n<p>Existe un Consejo de Presidentes de Comit\u00e9s, cuyo presidente asiste al Directorio Nacional sin derecho a voto.<\/p>\n<p>En la actualidad en Santiago funcionan 15 Comit\u00e9s T\u00e9cnicos y 3 Agrupaciones Profesionales, la Asociaci\u00f3n de Oficinas de Arquitectos (AOA), la Asociaci\u00f3n Nacional de Revisores Independientes, y la Asociaci\u00f3n de Arquitectos Tasadores de Chile (ASATCH), las dos \u00faltimas con algunas representaciones regionales.<\/p>\n<p>El Directorio Nacional permanentemente designa Comisiones para estudios espec\u00edficos y cuya duraci\u00f3n es en funci\u00f3n de las tareas encomendadas, como por ejemplo la Comisi\u00f3n para el estudio de la nueva Ordenanza General de Urbanismo y Construcciones o la Comisi\u00f3n de reforma de los Estatutos.<\/p>\n<p>Adicionalmente a los \u00f3rganos t\u00e9cnicos asesores, el Directorio Nacional cuenta con un asesor legal, Abogado Rub\u00e9n Bustillos Borja (en todas aquellas materias de \u00edndole contractual, estatutaria y de \u00e9tica, adem\u00e1s de la representaci\u00f3n ocasional del Colegio ante los Tribunales de Justicia), atiende consultas sobre interpretaciones legales, aranceles y contratos, y tareas de apoyo al Directorio Nacional. El Asesor Legal presta servicios a honorarios.<\/p>\n<p>Est\u00e1 en estudio la creaci\u00f3n de una unidad jur\u00eddica especializada en legislaci\u00f3n sobre urbanismo y construcciones que permita al Colegio disponer de antecedentes y estudios actualizados sobre la compleja legislaci\u00f3n que nos rige, haciendo posible emitir opiniones y proposiciones fundadas y oportunas ante las autoridades y el pa\u00eds.<\/p>\n<p><strong><br \/>\n\u00d3rganos Funcionales<\/strong><\/p>\n<p>El Directorio Nacional ha creado diferentes \u00f3rganos funcionales para prestar servicios o desarrollar funciones espec\u00edficas. As\u00ed existe el SAT (Servicio de Asistencia T\u00e9cnica) con su reglamento espec\u00edfico, adem\u00e1s de los Comit\u00e9s Bienal, que se forman para cada una de ellas, el Consejo Editor de la Revista CA, el Comit\u00e9 Econ\u00f3mico de Bienales, el Comit\u00e9 de B\u00fasqueda del Premio Nacional, el Registro de Jurados de Concursos y la Comisi\u00f3n Calificadora de Elecciones.<br \/>\n<strong><br \/>\nAdministraci\u00f3n<\/strong><\/p>\n<p>La estructura administrativa y financiera del colegio se articula a partir de una Gerencia General, complementada por una Unidad Administrativa Interna, Unidad de Secretar\u00eda, Unidad de Contabilidad.<\/p>\n<p>La Gerencia General tiene la responsabilidad de concretar las decisiones del Directorio Nacional y la Mesa Directiva en las materias administrativas, financieras y de supervisi\u00f3n del funcionamiento y apoyo a los \u00f3rganos directivos, t\u00e9cnicos asesores y funcionales del colegio. Asimismo, el Gerente General es el encargado de coordinar las acciones administrativas y econ\u00f3micas con las Directivas Zonales.<\/p>\n<p>Para el manejo econ\u00f3mico, el Gerente en conjunto con el Tesorero, uno de los Directores Nacionales, fija los lineamientos generales que son aprobados por el Directorio y la Mesa Directiva. El Colegio de Arquitectos de Chile propiamente tal, como Asociaci\u00f3n Gremial sin fines de lucro cuyo financiamiento es a trav\u00e9s de las cuotas sociales que pagan los colegiados, para estar exento de tributos anuales no puede comercializar en forma permanente servicios como arriendo de salas, organizaci\u00f3n de eventos, servicios de comida o casino, venta de publicaciones, o similares.<\/p>\n<p>Para los efectos de realizar transacciones comerciales, especialmente de servicios, el Colegio cre\u00f3 una Sociedad Comercial de car\u00e1cter meramente instrumental, cuyo nombre es \u201cSociedad Arquitectos Chile Limitada.\u201d, a trav\u00e9s de la cual se efect\u00faan todas aquellas actividades que generan ingresos por venta de servicios, arriendo de salas y equipos, organizaci\u00f3n de cursos, eventos y otros, permitiendo un manejo m\u00e1s eficiente de los recursos, especialmente en el \u00e1mbito tributario. El alcance de esta sociedad es nacional, pudiendo establecer sucursales, pero su facturaci\u00f3n debe ser declarada en su domicilio legal de Santiago.<\/p>\n<p>Complementario a la gesti\u00f3n econ\u00f3mica del Colegio se ha creado la Fundaci\u00f3n Espacio y Desarrollo, cuyo objeto es la canalizaci\u00f3n de recursos, especialmente de la empresa privada, para realizar proyectos, eventos, cursos y otras actividades relacionadas con los fines del Colegio. La principal ventaja de esta figura jur\u00eddica es que puede recibir donaciones y aportes con fines culturales, por ejemplo para las Bienales, acogidos a la \u201cLey Vald\u00e9s\u201d que permite a las empresas realizar descuentos tributarios por sus donaciones y aportes.<\/p>\n<p><strong>Situaci\u00f3n Patrimonial<\/strong><\/p>\n<p>El patrimonio del Colegio lo constituyen fundamentalmente la sede nacional con su respectivo equipamiento, m\u00e1s algunos inmuebles en Delegaciones como Arica, Valpara\u00edso, Concepci\u00f3n, La Serena y Rancagua. El patrimonio inmueble del colegio esta avaluado, valor libro, en aproximadamente 400 millones de pesos. Un patrimonio intangible del colegio lo constituye su nombre como instituci\u00f3n, asociado al prestigio y capacidades organizativas que desarrolla (Bienales, Revista CA, SAT, Seminarios, Congresos). Este es un capital que requiere ser fortalecido y constituye una base efectiva para captaci\u00f3n de recursos. El Colegio puede adquirir, enajenar y conservar bienes de toda \u00edndole, a cualquier t\u00edtulo y destinarlos sin limitaci\u00f3n para el cumplimiento de sus fines estatutarios.<br \/>\n<strong><br \/>\n\u00d3rganos de Control<\/strong><\/p>\n<p>El Colegio dispone de dos entidades de control, la Comisi\u00f3n Revisora de Cuentas para las actividades de orden financiero y administrativo y la Comisi\u00f3n Calificadora de Elecciones encargada de supervigilar a nivel nacional todo acto eleccionario.<br \/>\nLa primera comisi\u00f3n nombrada la integran tres titulares y tres suplentes; la segunda la integran seis miembros titulares y cinco suplentes.<br \/>\nLos integrantes de ambas comisiones contraloras son elegidos por sorteo de acuerdo a los estatutos.<\/p>\n<p><strong>Extensi\u00f3n y Perfeccionamiento<br \/>\n<\/strong><br \/>\nLas actividades de extensi\u00f3n del colegio se canalizan b\u00e1sicamente a trav\u00e9s de dos entidades, el Servicio de Asistencia T\u00e9cnica SAT y el Centro de Extensi\u00f3n. Ambas entidades se encuentran reglamentadas y supervisadas por directorios nombrados en cada uno de ellos. El SAT presente en Santiago y en algunas delegaciones, presta un servicio a la comunidad de escasos recursos que requiere potenciar su organizaci\u00f3n y cobertura de atenci\u00f3n, lo que permitir\u00eda mejorar los ingresos del colegio. En este sentido se ha presentado al Ministro de Vivienda un proyecto de Asistencia T\u00e9cnica para el mejoramiento habitacional que se desarrollar\u00eda a trav\u00e9s de dos programas, uno de Regularizaciones y otro de asistencia t\u00e9cnica al mejoramiento de viviendas. Ambos programas, seg\u00fan lo solicitado al MINVU, tendr\u00e1n un subsidio al SAT por atenci\u00f3n realizada, bajando el aporte del beneficiado y en el caso del segundo programa, un subsidio adicional para el financiamiento de las mejoras en las viviendas acogidas a dicho plan.<\/p>\n<p><strong>Difusi\u00f3n<br \/>\n<\/strong><br \/>\nExiste una Unidad de Difusi\u00f3n a cargo de un periodista encargado del \u00e1rea de comunicaciones. Desde hace m\u00e1s de veinte a\u00f1os el Colegio mantiene la publicaci\u00f3n de 2 medios informativos, la Revista CA y el Bolet\u00edn CA.<br \/>\nLa Revista CA publicaci\u00f3n trimestral y \u00f3rgano oficial del Colegio aborda las materias de la disciplina arquitect\u00f3nica.<\/p>\n<p>La l\u00ednea editorial es definida por un Comit\u00e9 Editor integrado por:<\/p>\n<table>\n<tbody>\n<tr>\n<td width=\"193\">PABLO GIL DIB<\/td>\n<\/tr>\n<tr>\n<td>JUAN LUND PLANTAT<\/td>\n<\/tr>\n<tr>\n<td>MARIO PEREZ DE ARCE A.<\/td>\n<\/tr>\n<tr>\n<td>LUIS GOMEZ LEROU<\/td>\n<\/tr>\n<tr>\n<td>ALFREDO RODRIGUEZ ARRANZ<\/td>\n<\/tr>\n<tr>\n<td>MARJOLAINE NEELY DELGUEIL<\/td>\n<\/tr>\n<tr>\n<td>RODRIGO CHAURIYE CHAURIYE<\/td>\n<\/tr>\n<tr>\n<td>VLADIMIR PEREDA F.<\/td>\n<\/tr>\n<tr>\n<td>SALIM RABI BLINDELL<\/td>\n<\/tr>\n<tr>\n<td>MIGUEL LAWNER STEIMAN<\/td>\n<\/tr>\n<tr>\n<td>PATRICIO GROSS FUENTES<\/td>\n<\/tr>\n<tr>\n<td>ALBERTO MONTEALEGRE KLENNER<\/td>\n<\/tr>\n<tr>\n<td><\/td>\n<\/tr>\n<tr>\n<td>EDITOR: HUGO MONDRAG\u00d3N<\/td>\n<\/tr>\n<\/tbody>\n<\/table>\n<p>El Bolet\u00edn Digital informativo del Colegio de publicaci\u00f3n Bi-mensual y con contenidos fundamentalmente informativo y de car\u00e1cter gremial, es en la actualidad de responsabilidad de la Mesa Directiva con la participaci\u00f3n de un periodista y de la Gerencia del Colegio en lo administrativo.<\/p>\n<p>Complementario a estos dos medios informativos, est\u00e1 la p\u00e1gina Web del Colegio que permite informar nuestras actividades a segmentos m\u00e1s amplios de poblaci\u00f3n. Al mismo tiempo significa un medio informativo para los propios arquitectos, oportuno, actualizado e interactivo.<\/p>\n<p><\/p>","protected":false},"excerpt":{"rendered":"<p>La acci\u00f3n t\u00e9cnica del Colegio de Arquitectos de Chile se desarrolla con el apoyo y la participaci\u00f3n de sus Comit\u00e9s de Trabajo: Bienestar y Acci\u00f3n Social; Arquitectura Institucional; H\u00e1bitat y Vivienda; Tecnolog\u00eda; Derechos Humanos y Ciudadanos; Desarrollo Urbano; Sustentabilidad y &hellip; <a class=\"more-link\" href=\"https:\/\/colegioarquitectos.com\/noticias\/?page_id=7403\">ver m\u00e1s<\/a><\/p>","protected":false},"author":4,"featured_media":7294,"parent":0,"menu_order":0,"comment_status":"open","ping_status":"open","template":"","meta":{"footnotes":""},"class_list":["post-7403","page","type-page","status-publish","has-post-thumbnail","hentry"],"yoast_head":"<!-- This site is optimized with the Yoast SEO plugin v24.2 - https:\/\/yoast.com\/wordpress\/plugins\/seo\/ -->\n<title>Bases Institucionales del Colegio de Arquitectos de Chile - COLEGIO DE ARQUITECTOS DE CHILE<\/title>\n<meta name=\"robots\" content=\"index, follow, max-snippet:-1, max-image-preview:large, max-video-preview:-1\" \/>\n<link rel=\"canonical\" href=\"https:\/\/colegioarquitectos.com\/noticias\/?page_id=7403\" \/>\n<meta property=\"og:locale\" content=\"es_ES\" \/>\n<meta property=\"og:type\" content=\"article\" \/>\n<meta property=\"og:title\" content=\"Bases Institucionales del Colegio de Arquitectos de Chile - COLEGIO DE ARQUITECTOS DE CHILE\" \/>\n<meta property=\"og:description\" content=\"La acci\u00f3n t\u00e9cnica del Colegio de Arquitectos de Chile se desarrolla con el apoyo y la participaci\u00f3n de sus Comit\u00e9s de Trabajo: Bienestar y Acci\u00f3n Social; Arquitectura Institucional; H\u00e1bitat y Vivienda; Tecnolog\u00eda; Derechos Humanos y Ciudadanos; Desarrollo Urbano; Sustentabilidad y &hellip; ver m\u00e1s\" \/>\n<meta property=\"og:url\" content=\"https:\/\/colegioarquitectos.com\/noticias\/?page_id=7403\" \/>\n<meta property=\"og:site_name\" content=\"COLEGIO DE ARQUITECTOS DE CHILE\" \/>\n<meta property=\"article:publisher\" content=\"https:\/\/facebook.com\/Colegioarq\/\" \/>\n<meta property=\"article:modified_time\" content=\"2023-01-31T15:47:26+00:00\" \/>\n<meta property=\"og:image\" content=\"https:\/\/colegioarquitectos.com\/noticias\/wp-content\/uploads\/2015\/05\/Logo-CA-web.jpg\" \/>\n\t<meta property=\"og:image:width\" content=\"690\" \/>\n\t<meta property=\"og:image:height\" content=\"320\" \/>\n\t<meta property=\"og:image:type\" content=\"image\/jpeg\" \/>\n<meta name=\"twitter:card\" content=\"summary_large_image\" \/>\n<meta name=\"twitter:site\" content=\"@colegioarq\" \/>\n<meta name=\"twitter:label1\" content=\"Tiempo de lectura\" \/>\n\t<meta name=\"twitter:data1\" content=\"13 minutos\" \/>\n<script type=\"application\/ld+json\" class=\"yoast-schema-graph\">{\"@context\":\"https:\/\/schema.org\",\"@graph\":[{\"@type\":\"WebPage\",\"@id\":\"https:\/\/colegioarquitectos.com\/noticias\/?page_id=7403\",\"url\":\"https:\/\/colegioarquitectos.com\/noticias\/?page_id=7403\",\"name\":\"Bases Institucionales del Colegio de Arquitectos de Chile - COLEGIO DE ARQUITECTOS DE CHILE\",\"isPartOf\":{\"@id\":\"https:\/\/colegioarquitectos.com\/noticias\/#website\"},\"primaryImageOfPage\":{\"@id\":\"https:\/\/colegioarquitectos.com\/noticias\/?page_id=7403#primaryimage\"},\"image\":{\"@id\":\"https:\/\/colegioarquitectos.com\/noticias\/?page_id=7403#primaryimage\"},\"thumbnailUrl\":\"https:\/\/colegioarquitectos.com\/noticias\/wp-content\/uploads\/2015\/05\/Logo-CA-web.jpg\",\"datePublished\":\"2015-05-18T19:40:12+00:00\",\"dateModified\":\"2023-01-31T15:47:26+00:00\",\"breadcrumb\":{\"@id\":\"https:\/\/colegioarquitectos.com\/noticias\/?page_id=7403#breadcrumb\"},\"inLanguage\":\"es\",\"potentialAction\":[{\"@type\":\"ReadAction\",\"target\":[\"https:\/\/colegioarquitectos.com\/noticias\/?page_id=7403\"]}]},{\"@type\":\"ImageObject\",\"inLanguage\":\"es\",\"@id\":\"https:\/\/colegioarquitectos.com\/noticias\/?page_id=7403#primaryimage\",\"url\":\"https:\/\/colegioarquitectos.com\/noticias\/wp-content\/uploads\/2015\/05\/Logo-CA-web.jpg\",\"contentUrl\":\"https:\/\/colegioarquitectos.com\/noticias\/wp-content\/uploads\/2015\/05\/Logo-CA-web.jpg\",\"width\":690,\"height\":320},{\"@type\":\"BreadcrumbList\",\"@id\":\"https:\/\/colegioarquitectos.com\/noticias\/?page_id=7403#breadcrumb\",\"itemListElement\":[{\"@type\":\"ListItem\",\"position\":1,\"name\":\"Portada\",\"item\":\"https:\/\/colegioarquitectos.com\/noticias\"},{\"@type\":\"ListItem\",\"position\":2,\"name\":\"Bases Institucionales del Colegio de Arquitectos de Chile\"}]},{\"@type\":\"WebSite\",\"@id\":\"https:\/\/colegioarquitectos.com\/noticias\/#website\",\"url\":\"https:\/\/colegioarquitectos.com\/noticias\/\",\"name\":\"COLEGIO DE ARQUITECTOS DE CHILE\",\"description\":\"\",\"publisher\":{\"@id\":\"https:\/\/colegioarquitectos.com\/noticias\/#organization\"},\"potentialAction\":[{\"@type\":\"SearchAction\",\"target\":{\"@type\":\"EntryPoint\",\"urlTemplate\":\"https:\/\/colegioarquitectos.com\/noticias\/?s={search_term_string}\"},\"query-input\":{\"@type\":\"PropertyValueSpecification\",\"valueRequired\":true,\"valueName\":\"search_term_string\"}}],\"inLanguage\":\"es\"},{\"@type\":\"Organization\",\"@id\":\"https:\/\/colegioarquitectos.com\/noticias\/#organization\",\"name\":\"COLEGIO DE ARQUITECTOS DE CHILE\",\"url\":\"https:\/\/colegioarquitectos.com\/noticias\/\",\"logo\":{\"@type\":\"ImageObject\",\"inLanguage\":\"es\",\"@id\":\"https:\/\/colegioarquitectos.com\/noticias\/#\/schema\/logo\/image\/\",\"url\":\"https:\/\/colegioarquitectos.com\/noticias\/wp-content\/uploads\/2021\/05\/ENCABEZADO-LOGO-CA.jpg\",\"contentUrl\":\"https:\/\/colegioarquitectos.com\/noticias\/wp-content\/uploads\/2021\/05\/ENCABEZADO-LOGO-CA.jpg\",\"width\":690,\"height\":350,\"caption\":\"COLEGIO DE ARQUITECTOS DE CHILE\"},\"image\":{\"@id\":\"https:\/\/colegioarquitectos.com\/noticias\/#\/schema\/logo\/image\/\"},\"sameAs\":[\"https:\/\/facebook.com\/Colegioarq\/\",\"https:\/\/x.com\/colegioarq\",\"https:\/\/instagram.com\/colegioarq\",\"https:\/\/youtube.com\/@ColegiodeArquitectosdeChile\"]}]}<\/script>\n<!-- \/ Yoast SEO plugin. -->","yoast_head_json":{"title":"Bases Institucionales del Colegio de Arquitectos de Chile - COLEGIO DE ARQUITECTOS DE CHILE","robots":{"index":"index","follow":"follow","max-snippet":"max-snippet:-1","max-image-preview":"max-image-preview:large","max-video-preview":"max-video-preview:-1"},"canonical":"https:\/\/colegioarquitectos.com\/noticias\/?page_id=7403","og_locale":"es_ES","og_type":"article","og_title":"Bases Institucionales del Colegio de Arquitectos de Chile - COLEGIO DE ARQUITECTOS DE CHILE","og_description":"La acci\u00f3n t\u00e9cnica del Colegio de Arquitectos de Chile se desarrolla con el apoyo y la participaci\u00f3n de sus Comit\u00e9s de Trabajo: Bienestar y Acci\u00f3n Social; Arquitectura Institucional; H\u00e1bitat y Vivienda; Tecnolog\u00eda; Derechos Humanos y Ciudadanos; Desarrollo Urbano; Sustentabilidad y &hellip; ver m\u00e1s","og_url":"https:\/\/colegioarquitectos.com\/noticias\/?page_id=7403","og_site_name":"COLEGIO DE ARQUITECTOS DE CHILE","article_publisher":"https:\/\/facebook.com\/Colegioarq\/","article_modified_time":"2023-01-31T15:47:26+00:00","og_image":[{"width":690,"height":320,"url":"https:\/\/colegioarquitectos.com\/noticias\/wp-content\/uploads\/2015\/05\/Logo-CA-web.jpg","type":"image\/jpeg"}],"twitter_card":"summary_large_image","twitter_site":"@colegioarq","twitter_misc":{"Tiempo de lectura":"13 minutos"},"schema":{"@context":"https:\/\/schema.org","@graph":[{"@type":"WebPage","@id":"https:\/\/colegioarquitectos.com\/noticias\/?page_id=7403","url":"https:\/\/colegioarquitectos.com\/noticias\/?page_id=7403","name":"Bases Institucionales del Colegio de Arquitectos de Chile - COLEGIO DE ARQUITECTOS DE CHILE","isPartOf":{"@id":"https:\/\/colegioarquitectos.com\/noticias\/#website"},"primaryImageOfPage":{"@id":"https:\/\/colegioarquitectos.com\/noticias\/?page_id=7403#primaryimage"},"image":{"@id":"https:\/\/colegioarquitectos.com\/noticias\/?page_id=7403#primaryimage"},"thumbnailUrl":"https:\/\/colegioarquitectos.com\/noticias\/wp-content\/uploads\/2015\/05\/Logo-CA-web.jpg","datePublished":"2015-05-18T19:40:12+00:00","dateModified":"2023-01-31T15:47:26+00:00","breadcrumb":{"@id":"https:\/\/colegioarquitectos.com\/noticias\/?page_id=7403#breadcrumb"},"inLanguage":"es","potentialAction":[{"@type":"ReadAction","target":["https:\/\/colegioarquitectos.com\/noticias\/?page_id=7403"]}]},{"@type":"ImageObject","inLanguage":"es","@id":"https:\/\/colegioarquitectos.com\/noticias\/?page_id=7403#primaryimage","url":"https:\/\/colegioarquitectos.com\/noticias\/wp-content\/uploads\/2015\/05\/Logo-CA-web.jpg","contentUrl":"https:\/\/colegioarquitectos.com\/noticias\/wp-content\/uploads\/2015\/05\/Logo-CA-web.jpg","width":690,"height":320},{"@type":"BreadcrumbList","@id":"https:\/\/colegioarquitectos.com\/noticias\/?page_id=7403#breadcrumb","itemListElement":[{"@type":"ListItem","position":1,"name":"Portada","item":"https:\/\/colegioarquitectos.com\/noticias"},{"@type":"ListItem","position":2,"name":"Bases Institucionales del Colegio de Arquitectos de Chile"}]},{"@type":"WebSite","@id":"https:\/\/colegioarquitectos.com\/noticias\/#website","url":"https:\/\/colegioarquitectos.com\/noticias\/","name":"COLEGIO DE ARQUITECTOS DE CHILE","description":"","publisher":{"@id":"https:\/\/colegioarquitectos.com\/noticias\/#organization"},"potentialAction":[{"@type":"SearchAction","target":{"@type":"EntryPoint","urlTemplate":"https:\/\/colegioarquitectos.com\/noticias\/?s={search_term_string}"},"query-input":{"@type":"PropertyValueSpecification","valueRequired":true,"valueName":"search_term_string"}}],"inLanguage":"es"},{"@type":"Organization","@id":"https:\/\/colegioarquitectos.com\/noticias\/#organization","name":"COLEGIO DE ARQUITECTOS DE CHILE","url":"https:\/\/colegioarquitectos.com\/noticias\/","logo":{"@type":"ImageObject","inLanguage":"es","@id":"https:\/\/colegioarquitectos.com\/noticias\/#\/schema\/logo\/image\/","url":"https:\/\/colegioarquitectos.com\/noticias\/wp-content\/uploads\/2021\/05\/ENCABEZADO-LOGO-CA.jpg","contentUrl":"https:\/\/colegioarquitectos.com\/noticias\/wp-content\/uploads\/2021\/05\/ENCABEZADO-LOGO-CA.jpg","width":690,"height":350,"caption":"COLEGIO DE ARQUITECTOS DE CHILE"},"image":{"@id":"https:\/\/colegioarquitectos.com\/noticias\/#\/schema\/logo\/image\/"},"sameAs":["https:\/\/facebook.com\/Colegioarq\/","https:\/\/x.com\/colegioarq","https:\/\/instagram.com\/colegioarq","https:\/\/youtube.com\/@ColegiodeArquitectosdeChile"]}]}},"_links":{"self":[{"href":"https:\/\/colegioarquitectos.com\/noticias\/index.php?rest_route=\/wp\/v2\/pages\/7403","targetHints":{"allow":["GET"]}}],"collection":[{"href":"https:\/\/colegioarquitectos.com\/noticias\/index.php?rest_route=\/wp\/v2\/pages"}],"about":[{"href":"https:\/\/colegioarquitectos.com\/noticias\/index.php?rest_route=\/wp\/v2\/types\/page"}],"author":[{"embeddable":true,"href":"https:\/\/colegioarquitectos.com\/noticias\/index.php?rest_route=\/wp\/v2\/users\/4"}],"replies":[{"embeddable":true,"href":"https:\/\/colegioarquitectos.com\/noticias\/index.php?rest_route=%2Fwp%2Fv2%2Fcomments&post=7403"}],"version-history":[{"count":0,"href":"https:\/\/colegioarquitectos.com\/noticias\/index.php?rest_route=\/wp\/v2\/pages\/7403\/revisions"}],"wp:featuredmedia":[{"embeddable":true,"href":"https:\/\/colegioarquitectos.com\/noticias\/index.php?rest_route=\/wp\/v2\/media\/7294"}],"wp:attachment":[{"href":"https:\/\/colegioarquitectos.com\/noticias\/index.php?rest_route=%2Fwp%2Fv2%2Fmedia&parent=7403"}],"curies":[{"name":"wp","href":"https:\/\/api.w.org\/{rel}","templated":true}]}}